{"id":3612,"date":"2024-07-12T13:14:44","date_gmt":"2024-07-12T11:14:44","guid":{"rendered":"http:\/\/web5.s149.goserver.host\/kontakt-copy\/"},"modified":"2025-04-15T12:40:54","modified_gmt":"2025-04-15T10:40:54","slug":"impressum","status":"publish","type":"page","link":"https:\/\/www.maschseefest.de\/cs\/impressum\/","title":{"rendered":"Otisk"},"content":{"rendered":"<div data-elementor-type=\"wp-page\" data-elementor-id=\"3612\" class=\"elementor elementor-3612\" data-elementor-post-type=\"page\">\n\t\t\t\t<div class=\"elementor-element elementor-element-094773a e-flex e-con-boxed e-con e-parent\" data-id=\"094773a\" data-element_type=\"container\" data-e-type=\"container\" data-settings=\"{&quot;background_background&quot;:&quot;classic&quot;}\">\n\t\t\t\t\t<div class=\"e-con-inner\">\n\t\t\t\t<div class=\"elementor-element elementor-element-66b8889 elementor-widget elementor-widget-text-editor\" data-id=\"66b8889\" data-element_type=\"widget\" data-e-type=\"widget\" data-widget_type=\"text-editor.default\">\n\t\t\t\t<div class=\"elementor-widget-container\">\n\t\t\t\t\t\t\t\t\t<div class=\"fl-col-group fl-node-5c5add02ac5c5\" data-node=\"5c5add02ac5c5\"><div class=\"fl-col fl-node-5c5add02ac5c6\" data-node=\"5c5add02ac5c6\"><div class=\"fl-col-content fl-node-content\"><div class=\"fl-module fl-module-rich-text fl-node-5c5add02ac5bc\" data-node=\"5c5add02ac5bc\"><div class=\"fl-module-content fl-node-content\"><div class=\"fl-rich-text\"><h3>Informace podle \u00a7 5 DDG<\/h3><\/div><\/div><\/div><\/div><\/div><\/div><p>Hannover Veranstaltungs GmbH<br \/>Gener\u00e1ln\u00ed \u0159editel: Andr\u00e9 Lawiszus<br \/>Ulice Vahrenwalder 7<br \/>30165 Hanover<br \/>e-mail: <a href=\"mailto:maschseefest@hvg-events.de\">maschseefest@hvg-events.de<\/a><\/p><p class=\"emark\"><strong>Kontakt:<\/strong><br \/>Projektov\u00e9 \u0159\u00edzen\u00ed Maschseefest: Naomi Peter<\/p><p>e-mail: <a href=\"mailto:maschseefest@hvg-events.de\">maschseefest@hvg-events.de<\/a><\/p><p>Obchodn\u00ed rejst\u0159\u00edk: odd\u00edl B \u010d. 206826<br \/>Rejst\u0159\u00edkov\u00fd soud: Hanover<\/p><p><strong>ID pro da\u0148 z prodeje<\/strong><br \/>Identifika\u010dn\u00ed \u010d\u00edslo pro da\u0148 z obratu podle \u00a7 27a z\u00e1kona o dani z obratu:<br \/>DE276134356<\/p><p><strong>\u0158e\u0161en\u00ed spor\u016f v EU<br \/><\/strong>Evropsk\u00e1 komise poskytuje platformu pro online \u0159e\u0161en\u00ed spor\u016f (OS):\u00a0<a href=\"https:\/\/ec.europa.eu\/consumers\/odr\" target=\"_blank\" rel=\"noopener noreferrer\">https:\/\/ec.europa.eu\/consumers\/odr<\/a>.<br \/>Na\u0161i e-mailovou adresu najdete v pr\u00e1vn\u00edm upozorn\u011bn\u00ed v\u00fd\u0161e.<\/p><p><strong>Odpov\u011bdnost za obsah<br \/><\/strong>Jako poskytovatel slu\u017eeb jsme v souladu s \u00a7 7 odst. 1 DDG a obecn\u00fdmi pr\u00e1vn\u00edmi p\u0159edpisy odpov\u011bdn\u00ed za vlastn\u00ed obsah t\u011bchto str\u00e1nek. Podle \u00a7\u00a7 8 a\u017e 10 DDG v\u0161ak jako poskytovatel slu\u017eeb nejsme povinni sledovat p\u0159en\u00e1\u0161en\u00e9 nebo ukl\u00e1dan\u00e9 informace t\u0159et\u00edch stran ani vy\u0161et\u0159ovat okolnosti, kter\u00e9 nazna\u010duj\u00ed nez\u00e1konnou \u010dinnost.<\/p><p>Povinnosti odstranit nebo zablokovat pou\u017e\u00edv\u00e1n\u00ed informac\u00ed v souladu s obecn\u00fdmi pr\u00e1vn\u00edmi p\u0159edpisy t\u00edm nejsou dot\u010deny. Odpov\u011bdnost v tomto ohledu je v\u0161ak mo\u017en\u00e1 a\u017e od okam\u017eiku, kdy se dozv\u00edme o konkr\u00e9tn\u00edm poru\u0161en\u00ed. Jakmile se o takov\u00e9m poru\u0161en\u00ed dozv\u00edme, okam\u017eit\u011b tento obsah odstran\u00edme.<\/p><p><strong>Odpov\u011bdnost za odkazy<br \/><\/strong>Na\u0161e webov\u00e9 str\u00e1nky obsahuj\u00ed odkazy na extern\u00ed webov\u00e9 str\u00e1nky t\u0159et\u00edch stran, na jejich\u017e obsah nem\u00e1me \u017e\u00e1dn\u00fd vliv. Proto nem\u016f\u017eeme p\u0159evz\u00edt \u017e\u00e1dnou odpov\u011bdnost za tento obsah t\u0159et\u00edch stran. Za obsah odkazovan\u00fdch str\u00e1nek je v\u017edy odpov\u011bdn\u00fd p\u0159\u00edslu\u0161n\u00fd poskytovatel nebo provozovatel str\u00e1nek. Odkazovan\u00e9 str\u00e1nky byly v dob\u011b odkazov\u00e1n\u00ed zkontrolov\u00e1ny z hlediska mo\u017en\u00e9ho poru\u0161en\u00ed pr\u00e1vn\u00edch p\u0159edpis\u016f. Nez\u00e1konn\u00fd obsah nebyl v dob\u011b odkazov\u00e1n\u00ed rozpozn\u00e1n.<\/p><p>Trval\u00e9 sledov\u00e1n\u00ed obsahu odkazovan\u00fdch str\u00e1nek v\u0161ak nen\u00ed bez konkr\u00e9tn\u00edch d\u016fkaz\u016f o protipr\u00e1vn\u00edm jedn\u00e1n\u00ed rozumn\u00e9. Pokud se dozv\u00edme o jak\u00e9mkoli poru\u0161en\u00ed pr\u00e1vn\u00edch p\u0159edpis\u016f, okam\u017eit\u011b takov\u00e9 odkazy odstran\u00edme.<\/p><p><strong>Autorsk\u00e1 pr\u00e1va<br \/><\/strong>Obsah a d\u00edla vytvo\u0159en\u00e1 provozovateli str\u00e1nek na t\u011bchto str\u00e1nk\u00e1ch podl\u00e9haj\u00ed n\u011bmeck\u00e9mu autorsk\u00e9mu pr\u00e1vu. Kop\u00edrov\u00e1n\u00ed, zpracov\u00e1n\u00ed, \u0161\u00ed\u0159en\u00ed a jak\u00fdkoli zp\u016fsob vyu\u017eit\u00ed nad r\u00e1mec autorsk\u00e9ho pr\u00e1va vy\u017eaduje p\u00edsemn\u00fd souhlas p\u0159\u00edslu\u0161n\u00e9ho autora nebo tv\u016frce. Stahov\u00e1n\u00ed a kop\u00edrov\u00e1n\u00ed t\u011bchto str\u00e1nek je povoleno pouze pro soukrom\u00e9, nekomer\u010dn\u00ed pou\u017eit\u00ed.<\/p><p>Pokud obsah t\u011bchto str\u00e1nek nebyl vytvo\u0159en provozovatelem, jsou respektov\u00e1na autorsk\u00e1 pr\u00e1va t\u0159et\u00edch stran. Zejm\u00e9na obsah t\u0159et\u00edch stran je takto ozna\u010den. Pokud se p\u0159esto dozv\u00edte o poru\u0161en\u00ed autorsk\u00fdch pr\u00e1v, informujte n\u00e1s o tom. Pokud se o poru\u0161en\u00ed dozv\u00edme, takov\u00fd obsah neprodlen\u011b odstran\u00edme.<\/p><p>Informace poskytovan\u00e9 spole\u010dnost\u00ed Hannover Veranstaltungs GmbH na jej\u00edch webov\u00fdch str\u00e1nk\u00e1ch jsou neust\u00e1le sledov\u00e1ny a pr\u016fb\u011b\u017en\u011b aktualizov\u00e1ny. Je v\u0161ak mo\u017en\u00e9, \u017ee se \u00fadaje i p\u0159es pe\u010dlivou kontrolu mezit\u00edm zm\u011bnily. Z tohoto d\u016fvodu spole\u010dnost Hannover Veranstaltungs GmbH nep\u0159eb\u00edr\u00e1 \u017e\u00e1dnou odpov\u011bdnost ani z\u00e1ruku, pokud jde o p\u0159esnost, \u00faplnost a aktu\u00e1lnost informac\u00ed uveden\u00fdch na t\u011bchto str\u00e1nk\u00e1ch. To plat\u00ed i pro v\u0161echny webov\u00e9 str\u00e1nky, na kter\u00e9 jsou na t\u011bchto str\u00e1nk\u00e1ch uvedeny hypertextov\u00e9 odkazy. Spole\u010dnost Hannover Veranstaltungs GmbH neodpov\u00edd\u00e1 za obsah t\u011bchto str\u00e1nek.<\/p>\t\t\t\t\t\t\t\t<\/div>\n\t\t\t\t<\/div>\n\t\t\t\t\t<\/div>\n\t\t\t\t<\/div>\n\t\t\t\t<\/div>","protected":false},"excerpt":{"rendered":"<p>Angaben gem\u00e4\u00df \u00a7 5 DDG Hannover Veranstaltungs GmbHGesch\u00e4ftsf\u00fchrer: Andr\u00e9 LawiszusVahrenwalder Stra\u00dfe 730165 HannoverE-Mail: maschseefest@hvg-events.de Kontakt:Projektleitung Maschseefest: Naomi Peter E-Mail: maschseefest@hvg-events.de Handelsregister: Abt. B Nr. 206826Registergericht: Hannover Umsatzsteuer-IDUmsatzsteuer-Identifikationsnummer gem\u00e4\u00df \u00a7 27 a Umsatzsteuergesetz:DE276134356 EU-StreitschlichtungDie Europ\u00e4ische Kommission stellt eine Plattform zur Online-Streitbeilegung (OS) bereit:\u00a0https:\/\/ec.europa.eu\/consumers\/odr.Unsere E-Mail-Adresse finden Sie oben im Impressum. Haftung f\u00fcr InhalteAls Diensteanbieter sind wir gem\u00e4\u00df [&hellip;]<\/p>\n","protected":false},"author":4,"featured_media":2804,"parent":0,"menu_order":0,"comment_status":"closed","ping_status":"closed","template":"","meta":{"footnotes":""},"class_list":["post-3612","page","type-page","status-publish","has-post-thumbnail","hentry"],"_links":{"self":[{"href":"https:\/\/www.maschseefest.de\/cs\/wp-json\/wp\/v2\/pages\/3612","targetHints":{"allow":["GET"]}}],"collection":[{"href":"https:\/\/www.maschseefest.de\/cs\/wp-json\/wp\/v2\/pages"}],"about":[{"href":"https:\/\/www.maschseefest.de\/cs\/wp-json\/wp\/v2\/types\/page"}],"author":[{"embeddable":true,"href":"https:\/\/www.maschseefest.de\/cs\/wp-json\/wp\/v2\/users\/4"}],"replies":[{"embeddable":true,"href":"https:\/\/www.maschseefest.de\/cs\/wp-json\/wp\/v2\/comments?post=3612"}],"version-history":[{"count":23,"href":"https:\/\/www.maschseefest.de\/cs\/wp-json\/wp\/v2\/pages\/3612\/revisions"}],"predecessor-version":[{"id":7495,"href":"https:\/\/www.maschseefest.de\/cs\/wp-json\/wp\/v2\/pages\/3612\/revisions\/7495"}],"wp:featuredmedia":[{"embeddable":true,"href":"https:\/\/www.maschseefest.de\/cs\/wp-json\/wp\/v2\/media\/2804"}],"wp:attachment":[{"href":"https:\/\/www.maschseefest.de\/cs\/wp-json\/wp\/v2\/media?parent=3612"}],"curies":[{"name":"wp","href":"https:\/\/api.w.org\/{rel}","templated":true}]}}