{"id":1126,"date":"2024-07-02T16:18:29","date_gmt":"2024-07-02T14:18:29","guid":{"rendered":"http:\/\/web5.s149.goserver.host\/?page_id=1126"},"modified":"2025-08-07T10:40:47","modified_gmt":"2025-08-07T08:40:47","slug":"an-und-abreise","status":"publish","type":"page","link":"https:\/\/www.maschseefest.de\/es\/an-und-abreise\/","title":{"rendered":"Llegada y salida"},"content":{"rendered":"<div data-elementor-type=\"wp-page\" data-elementor-id=\"1126\" class=\"elementor elementor-1126\" data-elementor-post-type=\"page\">\n\t\t\t\t<div class=\"elementor-element elementor-element-99b933e e-flex e-con-boxed e-con e-parent\" data-id=\"99b933e\" data-element_type=\"container\" data-e-type=\"container\">\n\t\t\t\t\t<div class=\"e-con-inner\">\n\t\t<div class=\"elementor-element elementor-element-dbfebf5 e-con-full e-flex e-con e-child\" data-id=\"dbfebf5\" data-element_type=\"container\" data-e-type=\"container\" data-settings=\"{&quot;background_background&quot;:&quot;classic&quot;}\">\n\t\t\t\t<div class=\"elementor-element elementor-element-12d9a3c elementor-widget elementor-widget-heading\" data-id=\"12d9a3c\" data-element_type=\"widget\" data-e-type=\"widget\" data-widget_type=\"heading.default\">\n\t\t\t\t<div class=\"elementor-widget-container\">\n\t\t\t\t\t<h3 class=\"elementor-heading-title elementor-size-default\">Todos los caminos llevan al Maschsee<\/h3>\t\t\t\t<\/div>\n\t\t\t\t<\/div>\n\t\t\t\t<div class=\"elementor-element elementor-element-531957e elementor-widget__width-initial elementor-widget elementor-widget-text-editor\" data-id=\"531957e\" data-element_type=\"widget\" data-e-type=\"widget\" data-widget_type=\"text-editor.default\">\n\t\t\t\t<div class=\"elementor-widget-container\">\n\t\t\t\t\t\t\t\t\t<p>Es f\u00e1cil llegar al lago desde la ciudad y tambi\u00e9n desde fuera. Tanto si viaja al Maschseefest en tren, en coche o en bicicleta: \u00a1tenemos toda la informaci\u00f3n que necesita!<\/p><p>El mayor festival veraniego de Hannover es perfectamente accesible y garantiza que su llegada y salida se produzcan sin estr\u00e9s. Utilice el transporte p\u00fablico respetuoso con el medio ambiente, las numerosas opciones de aparcamiento o vaya al evento en bicicleta de forma relajada.<\/p><p>Comience el d\u00eda en el Maschsee de buen humor.<\/p>\t\t\t\t\t\t\t\t<\/div>\n\t\t\t\t<\/div>\n\t\t\t\t<div class=\"elementor-element elementor-element-2a1d585 elementor-widget elementor-widget-spacer\" data-id=\"2a1d585\" data-element_type=\"widget\" data-e-type=\"widget\" data-widget_type=\"spacer.default\">\n\t\t\t\t<div class=\"elementor-widget-container\">\n\t\t\t\t\t\t\t<div class=\"elementor-spacer\">\n\t\t\t<div class=\"elementor-spacer-inner\"><\/div>\n\t\t<\/div>\n\t\t\t\t\t\t<\/div>\n\t\t\t\t<\/div>\n\t\t\t\t<\/div>\n\t\t<div class=\"elementor-element elementor-element-880c72f e-con-full e-flex e-con e-child\" data-id=\"880c72f\" data-element_type=\"container\" data-e-type=\"container\">\n\t\t\t\t<div class=\"elementor-element elementor-element-ceb137b elementor-widget elementor-widget-image\" data-id=\"ceb137b\" data-element_type=\"widget\" data-e-type=\"widget\" data-widget_type=\"image.default\">\n\t\t\t\t<div class=\"elementor-widget-container\">\n\t\t\t\t\t\t\t\t\t\t\t\t\t\t\t<img fetchpriority=\"high\" decoding=\"async\" width=\"1200\" height=\"900\" src=\"https:\/\/www.maschseefest.de\/wp-content\/uploads\/2024\/07\/a848c43b39d60bd375b40b17c6a7234a.jpg\" class=\"attachment-2048x2048 size-2048x2048 wp-image-1127\" alt=\"Mit Bus zum Maschseefest\" srcset=\"https:\/\/www.maschseefest.de\/wp-content\/uploads\/2024\/07\/a848c43b39d60bd375b40b17c6a7234a.jpg 1200w, https:\/\/www.maschseefest.de\/wp-content\/uploads\/2024\/07\/a848c43b39d60bd375b40b17c6a7234a-300x225.jpg 300w, https:\/\/www.maschseefest.de\/wp-content\/uploads\/2024\/07\/a848c43b39d60bd375b40b17c6a7234a-1024x768.jpg 1024w, https:\/\/www.maschseefest.de\/wp-content\/uploads\/2024\/07\/a848c43b39d60bd375b40b17c6a7234a-768x576.jpg 768w\" sizes=\"(max-width: 1200px) 100vw, 1200px\" \/>\t\t\t\t\t\t\t\t\t\t\t\t\t\t\t<\/div>\n\t\t\t\t<\/div>\n\t\t<div class=\"elementor-element elementor-element-ba5d39b e-con-full e-flex e-con e-child\" data-id=\"ba5d39b\" data-element_type=\"container\" data-e-type=\"container\">\n\t\t<div class=\"elementor-element elementor-element-869d460 e-con-full e-flex e-con e-child\" data-id=\"869d460\" data-element_type=\"container\" data-e-type=\"container\">\n\t\t\t\t<div class=\"elementor-element elementor-element-0bda16b elementor-widget elementor-widget-heading\" data-id=\"0bda16b\" data-element_type=\"widget\" data-e-type=\"widget\" data-widget_type=\"heading.default\">\n\t\t\t\t<div class=\"elementor-widget-container\">\n\t\t\t\t\t<p class=\"elementor-heading-title elementor-size-default\">Viajar en autob\u00fas y tren<\/p>\t\t\t\t<\/div>\n\t\t\t\t<\/div>\n\t\t\t\t<\/div>\n\t\t\t\t<div class=\"elementor-element elementor-element-5f11990 elementor-widget elementor-widget-text-editor\" data-id=\"5f11990\" data-element_type=\"widget\" data-e-type=\"widget\" data-widget_type=\"text-editor.default\">\n\t\t\t\t<div class=\"elementor-widget-container\">\n\t\t\t\t\t\t\t\t\t<p>R\u00e1pido, f\u00e1cil y seguro: \u00a1en transporte p\u00fablico al Maschsee! Deje el coche en casa y viaje c\u00f3modamente al lago en tranv\u00eda o utilice la l\u00ednea de autob\u00fas 267, habilitada para el Maschseefest. <\/p>\t\t\t\t\t\t\t\t<\/div>\n\t\t\t\t<\/div>\n\t\t\t\t<div class=\"elementor-element elementor-element-c931ff3 elementor-widget elementor-widget-jet-listing-dynamic-link\" data-id=\"c931ff3\" data-element_type=\"widget\" data-e-type=\"widget\" data-widget_type=\"jet-listing-dynamic-link.default\">\n\t\t\t\t<div class=\"elementor-widget-container\">\n\t\t\t\t\t<a href=\"\/es\/an-und-abreise\/anreise-mit-bus-bahn\/\" class=\"jet-listing-dynamic-link__link\"><div class=\"jet-listing-dynamic-link__icon is-svg-icon\"><svg class=\"e-font-icon-svg e-fas-chevron-right\" aria-hidden=\"true\" viewbox=\"0 0 320 512\" xmlns=\"http:\/\/www.w3.org\/2000\/svg\"><path d=\"M285.476 272.971L91.132 467.314c-9.373 9.373-24.569 9.373-33.941 0l-22.667-22.667c-9.357-9.357-9.375-24.522-.04-33.901L188.505 256 34.484 101.255c-9.335-9.379-9.317-24.544.04-33.901l22.667-22.667c9.373-9.373 24.569-9.373 33.941 0L285.475 239.03c9.373 9.372 9.373 24.568.001 33.941z\"><\/path><\/svg><\/div><span class=\"jet-listing-dynamic-link__label\">M\u00e1s informaci\u00f3n sobre horarios y duraci\u00f3n de los trayectos<\/span><\/a>\t\t\t\t<\/div>\n\t\t\t\t<\/div>\n\t\t\t\t<\/div>\n\t\t\t\t<\/div>\n\t\t<div class=\"elementor-element elementor-element-55678d8 e-con-full e-flex e-con e-child\" data-id=\"55678d8\" data-element_type=\"container\" data-e-type=\"container\">\n\t\t\t\t<div class=\"elementor-element elementor-element-55de579 elementor-widget elementor-widget-image\" data-id=\"55de579\" data-element_type=\"widget\" data-e-type=\"widget\" data-widget_type=\"image.default\">\n\t\t\t\t<div class=\"elementor-widget-container\">\n\t\t\t\t\t\t\t\t\t\t\t\t\t\t\t<img decoding=\"async\" width=\"800\" height=\"515\" src=\"https:\/\/www.maschseefest.de\/wp-content\/uploads\/2024\/07\/Radfahren-in-Hannover_Lars-Gerhardts-89-1024x659.jpg\" class=\"attachment-large size-large wp-image-1691\" alt=\"Fahrradfahrerin von hinten f\u00e4hrt auf dem Radweg am Ostufer des Maschsees\" srcset=\"https:\/\/www.maschseefest.de\/wp-content\/uploads\/2024\/07\/Radfahren-in-Hannover_Lars-Gerhardts-89-1024x659.jpg 1024w, https:\/\/www.maschseefest.de\/wp-content\/uploads\/2024\/07\/Radfahren-in-Hannover_Lars-Gerhardts-89-300x193.jpg 300w, https:\/\/www.maschseefest.de\/wp-content\/uploads\/2024\/07\/Radfahren-in-Hannover_Lars-Gerhardts-89-768x494.jpg 768w, https:\/\/www.maschseefest.de\/wp-content\/uploads\/2024\/07\/Radfahren-in-Hannover_Lars-Gerhardts-89-1536x988.jpg 1536w, https:\/\/www.maschseefest.de\/wp-content\/uploads\/2024\/07\/Radfahren-in-Hannover_Lars-Gerhardts-89-2048x1318.jpg 2048w\" sizes=\"(max-width: 800px) 100vw, 800px\" \/>\t\t\t\t\t\t\t\t\t\t\t\t\t\t\t<\/div>\n\t\t\t\t<\/div>\n\t\t<div class=\"elementor-element elementor-element-15b04c2 e-con-full e-flex e-con e-child\" data-id=\"15b04c2\" data-element_type=\"container\" data-e-type=\"container\">\n\t\t<div class=\"elementor-element elementor-element-9a2eedb e-con-full e-flex e-con e-child\" data-id=\"9a2eedb\" data-element_type=\"container\" data-e-type=\"container\">\n\t\t\t\t<div class=\"elementor-element elementor-element-84e2cb7 elementor-widget elementor-widget-heading\" data-id=\"84e2cb7\" data-element_type=\"widget\" data-e-type=\"widget\" data-widget_type=\"heading.default\">\n\t\t\t\t<div class=\"elementor-widget-container\">\n\t\t\t\t\t<p class=\"elementor-heading-title elementor-size-default\">Viajar en bicicleta<\/p>\t\t\t\t<\/div>\n\t\t\t\t<\/div>\n\t\t\t\t<\/div>\n\t\t\t\t<div class=\"elementor-element elementor-element-a6a63d0 elementor-widget elementor-widget-text-editor\" data-id=\"a6a63d0\" data-element_type=\"widget\" data-e-type=\"widget\" data-widget_type=\"text-editor.default\">\n\t\t\t\t<div class=\"elementor-widget-container\">\n\t\t\t\t\t\t\t\t\t<p>La forma m\u00e1s ecol\u00f3gica de llegar al festival es sobre dos ruedas. As\u00ed evitar\u00e1s problemas de aparcamiento y contribuir\u00e1s a crear un ambiente de festival sostenible. Aqu\u00ed encontrar\u00e1s toda la informaci\u00f3n sobre los carriles bici y los aparcabicis del Maschseefest.<\/p>\t\t\t\t\t\t\t\t<\/div>\n\t\t\t\t<\/div>\n\t\t\t\t<div class=\"elementor-element elementor-element-fb5ba3b elementor-widget elementor-widget-jet-listing-dynamic-link\" data-id=\"fb5ba3b\" data-element_type=\"widget\" data-e-type=\"widget\" data-widget_type=\"jet-listing-dynamic-link.default\">\n\t\t\t\t<div class=\"elementor-widget-container\">\n\t\t\t\t\t<a href=\"\/es\/an-und-abreise\/fahrrad\/\" class=\"jet-listing-dynamic-link__link\"><div class=\"jet-listing-dynamic-link__icon is-svg-icon\"><svg class=\"e-font-icon-svg e-fas-chevron-right\" aria-hidden=\"true\" viewbox=\"0 0 320 512\" xmlns=\"http:\/\/www.w3.org\/2000\/svg\"><path d=\"M285.476 272.971L91.132 467.314c-9.373 9.373-24.569 9.373-33.941 0l-22.667-22.667c-9.357-9.357-9.375-24.522-.04-33.901L188.505 256 34.484 101.255c-9.335-9.379-9.317-24.544.04-33.901l22.667-22.667c9.373-9.373 24.569-9.373 33.941 0L285.475 239.03c9.373 9.372 9.373 24.568.001 33.941z\"><\/path><\/svg><\/div><span class=\"jet-listing-dynamic-link__label\">Seguir leyendo<\/span><\/a>\t\t\t\t<\/div>\n\t\t\t\t<\/div>\n\t\t\t\t<\/div>\n\t\t\t\t<\/div>\n\t\t<div class=\"elementor-element elementor-element-d1f69f1 e-con-full e-flex e-con e-child\" data-id=\"d1f69f1\" data-element_type=\"container\" data-e-type=\"container\">\n\t\t\t\t<div class=\"elementor-element elementor-element-f68263b elementor-widget elementor-widget-image\" data-id=\"f68263b\" data-element_type=\"widget\" data-e-type=\"widget\" data-widget_type=\"image.default\">\n\t\t\t\t<div class=\"elementor-widget-container\">\n\t\t\t\t\t\t\t\t\t\t\t\t\t\t\t<img decoding=\"async\" width=\"2048\" height=\"1273\" src=\"https:\/\/www.maschseefest.de\/wp-content\/uploads\/2024\/07\/Auto-c-Jens-Mahnke-2048x1273.jpg\" class=\"attachment-2048x2048 size-2048x2048 wp-image-3080\" alt=\"Auto\" srcset=\"https:\/\/www.maschseefest.de\/wp-content\/uploads\/2024\/07\/Auto-c-Jens-Mahnke-2048x1273.jpg 2048w, https:\/\/www.maschseefest.de\/wp-content\/uploads\/2024\/07\/Auto-c-Jens-Mahnke-300x186.jpg 300w, https:\/\/www.maschseefest.de\/wp-content\/uploads\/2024\/07\/Auto-c-Jens-Mahnke-1024x637.jpg 1024w, https:\/\/www.maschseefest.de\/wp-content\/uploads\/2024\/07\/Auto-c-Jens-Mahnke-768x477.jpg 768w, https:\/\/www.maschseefest.de\/wp-content\/uploads\/2024\/07\/Auto-c-Jens-Mahnke-1536x955.jpg 1536w\" sizes=\"(max-width: 2048px) 100vw, 2048px\" \/>\t\t\t\t\t\t\t\t\t\t\t\t\t\t\t<\/div>\n\t\t\t\t<\/div>\n\t\t<div class=\"elementor-element elementor-element-f50f8fa e-con-full e-flex e-con e-child\" data-id=\"f50f8fa\" data-element_type=\"container\" data-e-type=\"container\">\n\t\t<div class=\"elementor-element elementor-element-901f8f2 e-con-full e-flex e-con e-child\" data-id=\"901f8f2\" data-element_type=\"container\" data-e-type=\"container\">\n\t\t\t\t<div class=\"elementor-element elementor-element-388a35e elementor-widget elementor-widget-heading\" data-id=\"388a35e\" data-element_type=\"widget\" data-e-type=\"widget\" data-widget_type=\"heading.default\">\n\t\t\t\t<div class=\"elementor-widget-container\">\n\t\t\t\t\t<p class=\"elementor-heading-title elementor-size-default\">Viajar en coche<\/p>\t\t\t\t<\/div>\n\t\t\t\t<\/div>\n\t\t\t\t<\/div>\n\t\t\t\t<div class=\"elementor-element elementor-element-8f4447d elementor-widget elementor-widget-text-editor\" data-id=\"8f4447d\" data-element_type=\"widget\" data-e-type=\"widget\" data-widget_type=\"text-editor.default\">\n\t\t\t\t<div class=\"elementor-widget-container\">\n\t\t\t\t\t\t\t\t\t<p>Si no puedes prescindir del coche privado para viajar al festival, puedes utilizar la aplicaci\u00f3n NUNAV para encontrar la mejor ruta hasta el festival. Adem\u00e1s de las instalaciones Park + Ride, el aparcamiento Sch\u00fctzenplatz Hannover tambi\u00e9n est\u00e1 disponible cerca del Maschseefest.<\/p>\t\t\t\t\t\t\t\t<\/div>\n\t\t\t\t<\/div>\n\t\t\t\t<div class=\"elementor-element elementor-element-2cd0833 elementor-widget elementor-widget-jet-listing-dynamic-link\" data-id=\"2cd0833\" data-element_type=\"widget\" data-e-type=\"widget\" data-widget_type=\"jet-listing-dynamic-link.default\">\n\t\t\t\t<div class=\"elementor-widget-container\">\n\t\t\t\t\t<a href=\"\/es\/an-und-abreise\/auto\/\" class=\"jet-listing-dynamic-link__link\"><div class=\"jet-listing-dynamic-link__icon is-svg-icon\"><svg class=\"e-font-icon-svg e-fas-chevron-right\" aria-hidden=\"true\" viewbox=\"0 0 320 512\" xmlns=\"http:\/\/www.w3.org\/2000\/svg\"><path d=\"M285.476 272.971L91.132 467.314c-9.373 9.373-24.569 9.373-33.941 0l-22.667-22.667c-9.357-9.357-9.375-24.522-.04-33.901L188.505 256 34.484 101.255c-9.335-9.379-9.317-24.544.04-33.901l22.667-22.667c9.373-9.373 24.569-9.373 33.941 0L285.475 239.03c9.373 9.372 9.373 24.568.001 33.941z\"><\/path><\/svg><\/div><span class=\"jet-listing-dynamic-link__label\">Seguir leyendo<\/span><\/a>\t\t\t\t<\/div>\n\t\t\t\t<\/div>\n\t\t\t\t<\/div>\n\t\t\t\t<\/div>\n\t\t<div class=\"elementor-element elementor-element-7e882db e-con-full e-flex e-con e-child\" data-id=\"7e882db\" data-element_type=\"container\" data-e-type=\"container\">\n\t\t\t\t<div class=\"elementor-element elementor-element-85517fa elementor-widget elementor-widget-image\" data-id=\"85517fa\" data-element_type=\"widget\" data-e-type=\"widget\" data-widget_type=\"image.default\">\n\t\t\t\t<div class=\"elementor-widget-container\">\n\t\t\t\t\t\t\t\t\t\t\t\t\t\t\t<img loading=\"lazy\" decoding=\"async\" width=\"800\" height=\"600\" src=\"https:\/\/www.maschseefest.de\/wp-content\/uploads\/2024\/07\/Taxi-4x3-1-1024x768.jpg\" class=\"attachment-large size-large wp-image-3366\" alt=\"Taxi\" srcset=\"https:\/\/www.maschseefest.de\/wp-content\/uploads\/2024\/07\/Taxi-4x3-1-1024x768.jpg 1024w, https:\/\/www.maschseefest.de\/wp-content\/uploads\/2024\/07\/Taxi-4x3-1-300x225.jpg 300w, https:\/\/www.maschseefest.de\/wp-content\/uploads\/2024\/07\/Taxi-4x3-1-768x576.jpg 768w, https:\/\/www.maschseefest.de\/wp-content\/uploads\/2024\/07\/Taxi-4x3-1-1536x1152.jpg 1536w, https:\/\/www.maschseefest.de\/wp-content\/uploads\/2024\/07\/Taxi-4x3-1.jpg 2048w\" sizes=\"(max-width: 800px) 100vw, 800px\" \/>\t\t\t\t\t\t\t\t\t\t\t\t\t\t\t<\/div>\n\t\t\t\t<\/div>\n\t\t<div class=\"elementor-element elementor-element-91d0b6d e-con-full e-flex e-con e-child\" data-id=\"91d0b6d\" data-element_type=\"container\" data-e-type=\"container\">\n\t\t<div class=\"elementor-element elementor-element-aa20737 e-con-full e-flex e-con e-child\" data-id=\"aa20737\" data-element_type=\"container\" data-e-type=\"container\">\n\t\t\t\t<div class=\"elementor-element elementor-element-df2f9f0 elementor-widget elementor-widget-heading\" data-id=\"df2f9f0\" data-element_type=\"widget\" data-e-type=\"widget\" data-widget_type=\"heading.default\">\n\t\t\t\t<div class=\"elementor-widget-container\">\n\t\t\t\t\t<p class=\"elementor-heading-title elementor-size-default\">Viajar en taxi<\/p>\t\t\t\t<\/div>\n\t\t\t\t<\/div>\n\t\t\t\t<\/div>\n\t\t\t\t<div class=\"elementor-element elementor-element-053f005 elementor-widget elementor-widget-text-editor\" data-id=\"053f005\" data-element_type=\"widget\" data-e-type=\"widget\" data-widget_type=\"text-editor.default\">\n\t\t\t\t<div class=\"elementor-widget-container\">\n\t\t\t\t\t\t\t\t\t<p>Aqu\u00ed encontrar\u00e1 los n\u00fameros para pedir un taxi en Hannover. Las compa\u00f1\u00edas de taxi de Hannover son conocidas por su buen servicio.<\/p>\t\t\t\t\t\t\t\t<\/div>\n\t\t\t\t<\/div>\n\t\t\t\t<div class=\"elementor-element elementor-element-c71e0e3 elementor-widget elementor-widget-jet-listing-dynamic-link\" data-id=\"c71e0e3\" data-element_type=\"widget\" data-e-type=\"widget\" data-widget_type=\"jet-listing-dynamic-link.default\">\n\t\t\t\t<div class=\"elementor-widget-container\">\n\t\t\t\t\t<a href=\"https:\/\/www.maschseefest.de\/es\/an-und-abreise\/taxi\/\" class=\"jet-listing-dynamic-link__link\"><div class=\"jet-listing-dynamic-link__icon is-svg-icon\"><svg class=\"e-font-icon-svg e-fas-chevron-right\" aria-hidden=\"true\" viewbox=\"0 0 320 512\" xmlns=\"http:\/\/www.w3.org\/2000\/svg\"><path d=\"M285.476 272.971L91.132 467.314c-9.373 9.373-24.569 9.373-33.941 0l-22.667-22.667c-9.357-9.357-9.375-24.522-.04-33.901L188.505 256 34.484 101.255c-9.335-9.379-9.317-24.544.04-33.901l22.667-22.667c9.373-9.373 24.569-9.373 33.941 0L285.475 239.03c9.373 9.372 9.373 24.568.001 33.941z\"><\/path><\/svg><\/div><span class=\"jet-listing-dynamic-link__label\">Seguir leyendo<\/span><\/a>\t\t\t\t<\/div>\n\t\t\t\t<\/div>\n\t\t\t\t<\/div>\n\t\t\t\t<\/div>\n\t\t\t\t\t<\/div>\n\t\t\t\t<\/div>\n\t\t<div class=\"elementor-element elementor-element-4558ccc e-flex e-con-boxed e-con e-parent\" data-id=\"4558ccc\" data-element_type=\"container\" data-e-type=\"container\" data-settings=\"{&quot;background_background&quot;:&quot;classic&quot;}\">\n\t\t\t\t\t<div class=\"e-con-inner\">\n\t\t\t\t<div class=\"elementor-element elementor-element-facb6bf elementor-position-inline-start elementor-view-default elementor-mobile-position-block-start elementor-widget elementor-widget-icon-box\" data-id=\"facb6bf\" data-element_type=\"widget\" data-e-type=\"widget\" data-widget_type=\"icon-box.default\">\n\t\t\t\t<div class=\"elementor-widget-container\">\n\t\t\t\t\t\t\t<div class=\"elementor-icon-box-wrapper\">\n\n\t\t\t\t\t\t<div class=\"elementor-icon-box-icon\">\n\t\t\t\t<span  class=\"elementor-icon\">\n\t\t\t\t<svg aria-hidden=\"true\" class=\"e-font-icon-svg e-fas-exclamation-circle\" viewbox=\"0 0 512 512\" xmlns=\"http:\/\/www.w3.org\/2000\/svg\"><path d=\"M504 256c0 136.997-111.043 248-248 248S8 392.997 8 256C8 119.083 119.043 8 256 8s248 111.083 248 248zm-248 50c-25.405 0-46 20.595-46 46s20.595 46 46 46 46-20.595 46-46-20.595-46-46-46zm-43.673-165.346l7.418 136c.347 6.364 5.609 11.346 11.982 11.346h48.546c6.373 0 11.635-4.982 11.982-11.346l7.418-136c.375-6.874-5.098-12.654-11.982-12.654h-63.383c-6.884 0-12.356 5.78-11.981 12.654z\"><\/path><\/svg>\t\t\t\t<\/span>\n\t\t\t<\/div>\n\t\t\t\n\t\t\t\t\t\t<div class=\"elementor-icon-box-content\">\n\n\t\t\t\t\n\t\t\t\t\t\t\t\t\t<p class=\"elementor-icon-box-description\">\n\t\t\t\t\t\tDebido a la situaci\u00f3n del aparcamiento, recomendamos encarecidamente viajar en transporte p\u00fablico.\t\t\t\t\t<\/p>\n\t\t\t\t\n\t\t\t<\/div>\n\t\t\t\n\t\t<\/div>\n\t\t\t\t\t\t<\/div>\n\t\t\t\t<\/div>\n\t\t\t\t\t<\/div>\n\t\t\t\t<\/div>\n\t\t<div class=\"elementor-element elementor-element-3dcb9bd e-grid e-con-boxed e-con e-parent\" data-id=\"3dcb9bd\" data-element_type=\"container\" data-e-type=\"container\">\n\t\t\t\t\t<div class=\"e-con-inner\">\n\t\t\t\t<div class=\"elementor-element elementor-element-739ab68 elementor-cta--skin-classic elementor-animated-content elementor-bg-transform elementor-bg-transform-zoom-in elementor-widget elementor-widget-call-to-action\" data-id=\"739ab68\" data-element_type=\"widget\" data-e-type=\"widget\" data-isc-images=\"7457\" data-widget_type=\"call-to-action.default\">\n\t\t\t\t<div class=\"elementor-widget-container\">\n\t\t\t\t\t\t\t<div class=\"elementor-cta\">\n\t\t\t\t\t<div class=\"elementor-cta__bg-wrapper\">\n\t\t\t\t<div class=\"elementor-cta__bg elementor-bg\" style=\"background-image: url(https:\/\/www.maschseefest.de\/wp-content\/uploads\/2025\/08\/Hero-2000-x-1000-px5-1024x512.png);\" role=\"img\" aria-label=\"H\u00e9roe (2000 x 1000 px)(5)\"><\/div>\n\t\t\t\t<div class=\"elementor-cta__bg-overlay\"><\/div>\n\t\t\t<\/div>\n\t\t\t\t\t\t\t<div class=\"elementor-cta__content\">\n\t\t\t\t\n\t\t\t\t\t\t\t\t\t<h2 class=\"elementor-cta__title elementor-cta__content-item elementor-content-item\">\n\t\t\t\t\t\tHoteles y pisos - su alojamiento en Hannover\t\t\t\t\t<\/h2>\n\t\t\t\t\n\t\t\t\t\t\t\t\t\t<div class=\"elementor-cta__description elementor-cta__content-item elementor-content-item\">\n\t\t\t\t\t\tCerca del Maschsee encontrar\u00e1 hoteles c\u00e9ntricos, pisos acogedores o alojamientos de vacaciones, ideales para el variado programa internacional de verano en torno al Festival del Maschsee.\t\t\t\t\t<\/div>\n\t\t\t\t\n\t\t\t\t\t\t\t\t\t<div class=\"elementor-cta__button-wrapper elementor-cta__content-item elementor-content-item\">\n\t\t\t\t\t<a class=\"elementor-cta__button elementor-button elementor-size-\" href=\"https:\/\/www.hannover-tourismus.de\/unterkunft-in-hannover\/\" target=\"_blank\" rel=\"noopener\">\n\t\t\t\t\t\tPulse aqu\u00ed\t\t\t\t\t<\/a>\n\t\t\t\t\t<\/div>\n\t\t\t\t\t\t\t<\/div>\n\t\t\t\t\t\t<\/div>\n\t\t\t\t\t\t<\/div>\n\t\t\t\t<\/div>\n\t\t\t\t<div class=\"elementor-element elementor-element-23eeca6 elementor-cta--skin-classic elementor-animated-content elementor-bg-transform elementor-bg-transform-zoom-in elementor-widget elementor-widget-call-to-action\" data-id=\"23eeca6\" data-element_type=\"widget\" data-e-type=\"widget\" data-isc-images=\"7414\" data-widget_type=\"call-to-action.default\">\n\t\t\t\t<div class=\"elementor-widget-container\">\n\t\t\t\t\t\t\t<div class=\"elementor-cta\">\n\t\t\t\t\t<div class=\"elementor-cta__bg-wrapper\">\n\t\t\t\t<div class=\"elementor-cta__bg elementor-bg\" style=\"background-image: url(https:\/\/www.maschseefest.de\/wp-content\/uploads\/2025\/04\/20250802_MSF_2915-P-scaled.jpg);\" role=\"img\" aria-label=\"Playa Ohana\"><\/div>\n\t\t\t\t<div class=\"elementor-cta__bg-overlay\"><\/div>\n\t\t\t<\/div>\n\t\t\t\t\t\t\t<div class=\"elementor-cta__content\">\n\t\t\t\t\n\t\t\t\t\t\t\t\t\t<h2 class=\"elementor-cta__title elementor-cta__content-item elementor-content-item\">\n\t\t\t\t\t\tPaquete de experiencias del Festival de Maschsee \t\t\t\t\t<\/h2>\n\t\t\t\t\n\t\t\t\t\t\t\t\t\t<div class=\"elementor-cta__description elementor-cta__content-item elementor-content-item\">\n\t\t\t\t\t\tLe espera una estancia de una noche en un hotel de 3-4 estrellas con desayuno, c\u00f3ctel, excursi\u00f3n en barco por el Maschsee, entrada a la torre de observaci\u00f3n y paquete informativo: una experiencia perfecta para un viaje corto.\t\t\t\t\t<\/div>\n\t\t\t\t\n\t\t\t\t\t\t\t\t\t<div class=\"elementor-cta__button-wrapper elementor-cta__content-item elementor-content-item\">\n\t\t\t\t\t<a class=\"elementor-cta__button elementor-button elementor-size-\" href=\"https:\/\/www.hannover-tourismus.de\/erlebnispaket-zum-maschseefest\/\" target=\"_blank\" rel=\"noopener\">\n\t\t\t\t\t\tPulse aqu\u00ed\t\t\t\t\t<\/a>\n\t\t\t\t\t<\/div>\n\t\t\t\t\t\t\t<\/div>\n\t\t\t\t\t\t<\/div>\n\t\t\t\t\t\t<\/div>\n\t\t\t\t<\/div>\n\t\t\t\t\t<\/div>\n\t\t\t\t<\/div>\n\t\t<div class=\"elementor-element elementor-element-eb1c0ae e-flex e-con-boxed e-con e-parent\" data-id=\"eb1c0ae\" data-element_type=\"container\" data-e-type=\"container\">\n\t\t\t\t\t<div class=\"e-con-inner\">\n\t\t\t\t<div class=\"elementor-element elementor-element-16eed3d elementor-widget elementor-widget-heading\" data-id=\"16eed3d\" data-element_type=\"widget\" data-e-type=\"widget\" data-widget_type=\"heading.default\">\n\t\t\t\t<div class=\"elementor-widget-container\">\n\t\t\t\t\t<h3 class=\"elementor-heading-title elementor-size-default\">Tambi\u00e9n interesante<\/h3>\t\t\t\t<\/div>\n\t\t\t\t<\/div>\n\t\t<div class=\"elementor-element elementor-element-ec4ab70 e-con-full e-flex e-con e-child\" data-id=\"ec4ab70\" data-element_type=\"container\" data-e-type=\"container\">\n\t\t<div class=\"elementor-element elementor-element-948c9f8 e-con-full e-flex e-con e-child\" data-id=\"948c9f8\" data-element_type=\"container\" data-e-type=\"container\" data-settings=\"{&quot;background_background&quot;:&quot;classic&quot;}\" data-isc-images=\"5414\">\n\t\t\t\t<\/div>\n\t\t<div class=\"elementor-element elementor-element-2e08649 e-con-full e-flex e-con e-child\" data-id=\"2e08649\" data-element_type=\"container\" data-e-type=\"container\">\n\t\t\t\t<div class=\"elementor-element elementor-element-63c9588 elementor-widget elementor-widget-heading\" data-id=\"63c9588\" data-element_type=\"widget\" data-e-type=\"widget\" data-widget_type=\"heading.default\">\n\t\t\t\t<div class=\"elementor-widget-container\">\n\t\t\t\t\t<h3 class=\"elementor-heading-title elementor-size-default\">Flota de Maschsee en el Festival de Maschsee<\/h3>\t\t\t\t<\/div>\n\t\t\t\t<\/div>\n\t\t\t\t<div class=\"elementor-element elementor-element-69aa106 elementor-widget elementor-widget-text-editor\" data-id=\"69aa106\" data-element_type=\"widget\" data-e-type=\"widget\" data-widget_type=\"text-editor.default\">\n\t\t\t\t<div class=\"elementor-widget-container\">\n\t\t\t\t\t\t\t\t\t<div class=\"content-detail__summary ezrichtext-field\"><p class=\"emark\">Durante el festival, podr\u00e1 ir c\u00f3modamente en los barcos \u00dcSTRA de un escenario a otro y contemplar el colorido bullicio del lago. Dependiendo del tiempo, hasta cuatro barcos navegan diariamente entre los seis embarcaderos.<\/p><\/div>\t\t\t\t\t\t\t\t<\/div>\n\t\t\t\t<\/div>\n\t\t\t\t<div class=\"elementor-element elementor-element-c32460f elementor-widget elementor-widget-jet-listing-dynamic-link\" data-id=\"c32460f\" data-element_type=\"widget\" data-e-type=\"widget\" data-widget_type=\"jet-listing-dynamic-link.default\">\n\t\t\t\t<div class=\"elementor-widget-container\">\n\t\t\t\t\t<a href=\"\/es\/an-und-abreise\/maschseeflotte\/\" class=\"jet-listing-dynamic-link__link\"><div class=\"jet-listing-dynamic-link__icon is-svg-icon\"><svg class=\"e-font-icon-svg e-fas-chevron-right\" aria-hidden=\"true\" viewbox=\"0 0 320 512\" xmlns=\"http:\/\/www.w3.org\/2000\/svg\"><path d=\"M285.476 272.971L91.132 467.314c-9.373 9.373-24.569 9.373-33.941 0l-22.667-22.667c-9.357-9.357-9.375-24.522-.04-33.901L188.505 256 34.484 101.255c-9.335-9.379-9.317-24.544.04-33.901l22.667-22.667c9.373-9.373 24.569-9.373 33.941 0L285.475 239.03c9.373 9.372 9.373 24.568.001 33.941z\"><\/path><\/svg><\/div><span class=\"jet-listing-dynamic-link__label\">Seguir leyendo<\/span><\/a>\t\t\t\t<\/div>\n\t\t\t\t<\/div>\n\t\t\t\t<\/div>\n\t\t\t\t<\/div>\n\t\t<div class=\"elementor-element elementor-element-2c2fc44 e-con-full e-flex e-con e-child\" data-id=\"2c2fc44\" data-element_type=\"container\" data-e-type=\"container\">\n\t\t<div class=\"elementor-element elementor-element-b8913f3 e-con-full e-flex e-con e-child\" data-id=\"b8913f3\" data-element_type=\"container\" data-e-type=\"container\" data-settings=\"{&quot;background_background&quot;:&quot;classic&quot;}\" data-isc-images=\"3367\">\n\t\t\t\t<\/div>\n\t\t<div class=\"elementor-element elementor-element-3f293b5 e-con-full e-flex e-con e-child\" data-id=\"3f293b5\" data-element_type=\"container\" data-e-type=\"container\">\n\t\t\t\t<div class=\"elementor-element elementor-element-ff782af elementor-widget elementor-widget-heading\" data-id=\"ff782af\" data-element_type=\"widget\" data-e-type=\"widget\" data-widget_type=\"heading.default\">\n\t\t\t\t<div class=\"elementor-widget-container\">\n\t\t\t\t\t<h3 class=\"elementor-heading-title elementor-size-default\">Taxi nocturno para mujeres<\/h3>\t\t\t\t<\/div>\n\t\t\t\t<\/div>\n\t\t\t\t<div class=\"elementor-element elementor-element-069dff8 elementor-widget elementor-widget-text-editor\" data-id=\"069dff8\" data-element_type=\"widget\" data-e-type=\"widget\" data-widget_type=\"text-editor.default\">\n\t\t\t\t<div class=\"elementor-widget-container\">\n\t\t\t\t\t\t\t\t\t<p>Dos tercios de los pasajeros del transporte p\u00fablico son mujeres. El taxi nocturno para mujeres est\u00e1 ah\u00ed por su seguridad y su sensaci\u00f3n subjetiva de seguridad.<\/p>\t\t\t\t\t\t\t\t<\/div>\n\t\t\t\t<\/div>\n\t\t\t\t<div class=\"elementor-element elementor-element-0a11db2 elementor-widget elementor-widget-jet-listing-dynamic-link\" data-id=\"0a11db2\" data-element_type=\"widget\" data-e-type=\"widget\" data-widget_type=\"jet-listing-dynamic-link.default\">\n\t\t\t\t<div class=\"elementor-widget-container\">\n\t\t\t\t\t<a href=\"\/es\/an-und-abreise\/frauennachttaxi\/\" class=\"jet-listing-dynamic-link__link\"><div class=\"jet-listing-dynamic-link__icon is-svg-icon\"><svg class=\"e-font-icon-svg e-fas-chevron-right\" aria-hidden=\"true\" viewbox=\"0 0 320 512\" xmlns=\"http:\/\/www.w3.org\/2000\/svg\"><path d=\"M285.476 272.971L91.132 467.314c-9.373 9.373-24.569 9.373-33.941 0l-22.667-22.667c-9.357-9.357-9.375-24.522-.04-33.901L188.505 256 34.484 101.255c-9.335-9.379-9.317-24.544.04-33.901l22.667-22.667c9.373-9.373 24.569-9.373 33.941 0L285.475 239.03c9.373 9.372 9.373 24.568.001 33.941z\"><\/path><\/svg><\/div><span class=\"jet-listing-dynamic-link__label\">Seguir leyendo<\/span><\/a>\t\t\t\t<\/div>\n\t\t\t\t<\/div>\n\t\t\t\t<\/div>\n\t\t\t\t<\/div>\n\t\t<div class=\"elementor-element elementor-element-6086015 e-con-full e-flex e-con e-child\" data-id=\"6086015\" data-element_type=\"container\" data-e-type=\"container\">\n\t\t<div class=\"elementor-element elementor-element-8c31230 e-con-full e-flex e-con e-child\" data-id=\"8c31230\" data-element_type=\"container\" data-e-type=\"container\" data-settings=\"{&quot;background_background&quot;:&quot;classic&quot;}\" data-isc-images=\"1738\">\n\t\t\t\t<\/div>\n\t\t<div class=\"elementor-element elementor-element-d8f0eb2 e-con-full e-flex e-con e-child\" data-id=\"d8f0eb2\" data-element_type=\"container\" data-e-type=\"container\">\n\t\t\t\t<div class=\"elementor-element elementor-element-b1cc429 elementor-widget elementor-widget-heading\" data-id=\"b1cc429\" data-element_type=\"widget\" data-e-type=\"widget\" data-widget_type=\"heading.default\">\n\t\t\t\t<div class=\"elementor-widget-container\">\n\t\t\t\t\t<h3 class=\"elementor-heading-title elementor-size-default\">NUNAV - Aplicaci\u00f3n gratuita de navegaci\u00f3n por sat\u00e9lite<\/h3>\t\t\t\t<\/div>\n\t\t\t\t<\/div>\n\t\t\t\t<div class=\"elementor-element elementor-element-3307187 elementor-widget elementor-widget-text-editor\" data-id=\"3307187\" data-element_type=\"widget\" data-e-type=\"widget\" data-widget_type=\"text-editor.default\">\n\t\t\t\t<div class=\"elementor-widget-container\">\n\t\t\t\t\t\t\t\t\t<p>Sin estr\u00e9s hasta una plaza de aparcamiento libre: esta aplicaci\u00f3n gratuita le gu\u00eda directamente hasta una plaza de aparcamiento libre en el Maschseefest, evitando los atascos.<\/p>\t\t\t\t\t\t\t\t<\/div>\n\t\t\t\t<\/div>\n\t\t\t\t<div class=\"elementor-element elementor-element-acd95ee elementor-widget elementor-widget-jet-listing-dynamic-link\" data-id=\"acd95ee\" data-element_type=\"widget\" data-e-type=\"widget\" data-widget_type=\"jet-listing-dynamic-link.default\">\n\t\t\t\t<div class=\"elementor-widget-container\">\n\t\t\t\t\t<a href=\"\/es\/an-und-abreise\/nunav\/\" class=\"jet-listing-dynamic-link__link\"><div class=\"jet-listing-dynamic-link__icon is-svg-icon\"><svg class=\"e-font-icon-svg e-fas-chevron-right\" aria-hidden=\"true\" viewbox=\"0 0 320 512\" xmlns=\"http:\/\/www.w3.org\/2000\/svg\"><path d=\"M285.476 272.971L91.132 467.314c-9.373 9.373-24.569 9.373-33.941 0l-22.667-22.667c-9.357-9.357-9.375-24.522-.04-33.901L188.505 256 34.484 101.255c-9.335-9.379-9.317-24.544.04-33.901l22.667-22.667c9.373-9.373 24.569-9.373 33.941 0L285.475 239.03c9.373 9.372 9.373 24.568.001 33.941z\"><\/path><\/svg><\/div><span class=\"jet-listing-dynamic-link__label\">Seguir leyendo<\/span><\/a>\t\t\t\t<\/div>\n\t\t\t\t<\/div>\n\t\t\t\t<\/div>\n\t\t\t\t<\/div>\n\t\t\t\t\t<\/div>\n\t\t\t\t<\/div>\n\t\t<div class=\"elementor-element elementor-element-00b59ca elementor-hidden-desktop elementor-hidden-tablet elementor-hidden-mobile e-flex e-con-boxed e-con e-parent\" data-id=\"00b59ca\" data-element_type=\"container\" data-e-type=\"container\" data-settings=\"{&quot;background_background&quot;:&quot;classic&quot;}\">\n\t\t\t\t\t<div class=\"e-con-inner\">\n\t\t<div class=\"elementor-element elementor-element-a9bd080 e-con-full e-flex e-con e-child\" data-id=\"a9bd080\" data-element_type=\"container\" data-e-type=\"container\" data-settings=\"{&quot;background_background&quot;:&quot;classic&quot;}\">\n\t\t\t\t<div class=\"elementor-element elementor-element-02c3bfd elementor-widget elementor-widget-heading\" data-id=\"02c3bfd\" data-element_type=\"widget\" data-e-type=\"widget\" data-widget_type=\"heading.default\">\n\t\t\t\t<div class=\"elementor-widget-container\">\n\t\t\t\t\t<h2 class=\"elementor-heading-title elementor-size-default\">Mapa general 2024<\/h2>\t\t\t\t<\/div>\n\t\t\t\t<\/div>\n\t\t\t\t<div class=\"elementor-element elementor-element-53a3466 elementor-widget elementor-widget-text-editor\" data-id=\"53a3466\" data-element_type=\"widget\" data-e-type=\"widget\" data-widget_type=\"text-editor.default\">\n\t\t\t\t<div class=\"elementor-widget-container\">\n\t\t\t\t\t\t\t\t\t<div class=\"elementor-element elementor-element-69aa106 elementor-widget elementor-widget-text-editor\" data-id=\"69aa106\" data-element_type=\"widget\" data-widget_type=\"text-editor.default\"><div class=\"elementor-widget-container\"><p>Una mirada retrospectiva: Aqu\u00ed puedes obtener una visi\u00f3n general de los bancos y todas las ubicaciones de los escenarios, stands y m\u00e1s del Maschseefest 2024.<\/p><\/div><\/div>\t\t\t\t\t\t\t\t<\/div>\n\t\t\t\t<\/div>\n\t\t\t\t<div class=\"elementor-element elementor-element-9406bed elementor-widget elementor-widget-global elementor-global-5114 elementor-widget-button\" data-id=\"9406bed\" data-element_type=\"widget\" data-e-type=\"widget\" data-widget_type=\"button.default\">\n\t\t\t\t<div class=\"elementor-widget-container\">\n\t\t\t\t\t\t\t\t\t<div class=\"elementor-button-wrapper\">\n\t\t\t\t\t<a class=\"elementor-button elementor-button-link elementor-size-sm\" href=\"\/wp-content\/uploads\/2024\/07\/Maschseefest-Plan-2024-Update.pdf\">\n\t\t\t\t\t\t<span class=\"elementor-button-content-wrapper\">\n\t\t\t\t\t\t<span class=\"elementor-button-icon\">\n\t\t\t\t<svg xmlns=\"http:\/\/www.w3.org\/2000\/svg\" width=\"20\" height=\"20\" viewbox=\"0 0 20 20\" fill=\"none\"><g id=\"Group 78\"><g id=\"Group 80\"><path id=\"Vector\" d=\"M19 13V17C19 17.5304 18.7893 18.0391 18.4142 18.4142C18.0391 18.7893 17.5304 19 17 19H3C2.46957 19 1.96086 18.7893 1.58579 18.4142C1.21071 18.0391 1 17.5304 1 17V13\" stroke=\"white\" stroke-width=\"2\" stroke-linecap=\"round\" stroke-linejoin=\"round\"><\/path><g id=\"Group 79\"><path id=\"Vector_2\" d=\"M5 8L10 13L15 8\" stroke=\"white\" stroke-width=\"2\" stroke-linecap=\"round\" stroke-linejoin=\"round\"><\/path><path id=\"Vector_3\" d=\"M10 13V1\" stroke=\"white\" stroke-width=\"2\" stroke-linecap=\"round\" stroke-linejoin=\"round\"><\/path><\/g><\/g><\/g><\/svg>\t\t\t<\/span>\n\t\t\t\t\t\t\t\t\t<span class=\"elementor-button-text\">Descargar ahora<\/span>\n\t\t\t\t\t<\/span>\n\t\t\t\t\t<\/a>\n\t\t\t\t<\/div>\n\t\t\t\t\t\t\t\t<\/div>\n\t\t\t\t<\/div>\n\t\t\t\t<\/div>\n\t\t<div class=\"elementor-element elementor-element-4221d6c e-con-full e-flex e-con e-child\" data-id=\"4221d6c\" data-element_type=\"container\" data-e-type=\"container\" data-settings=\"{&quot;background_background&quot;:&quot;classic&quot;}\">\n\t\t\t\t<div class=\"elementor-element elementor-element-270ef8e elementor-widget elementor-widget-image\" data-id=\"270ef8e\" data-element_type=\"widget\" data-e-type=\"widget\" data-widget_type=\"image.default\">\n\t\t\t\t<div class=\"elementor-widget-container\">\n\t\t\t\t\t\t\t\t\t\t\t\t\t\t\t<img loading=\"lazy\" decoding=\"async\" width=\"382\" height=\"495\" src=\"https:\/\/www.maschseefest.de\/wp-content\/uploads\/2024\/07\/Anhang-2-Karte-MSF-2023-1.png\" class=\"attachment-large size-large wp-image-571\" alt=\"\" srcset=\"https:\/\/www.maschseefest.de\/wp-content\/uploads\/2024\/07\/Anhang-2-Karte-MSF-2023-1.png 382w, https:\/\/www.maschseefest.de\/wp-content\/uploads\/2024\/07\/Anhang-2-Karte-MSF-2023-1-232x300.png 232w\" sizes=\"(max-width: 382px) 100vw, 382px\" \/>\t\t\t\t\t\t\t\t\t\t\t\t\t\t\t<\/div>\n\t\t\t\t<\/div>\n\t\t\t\t<\/div>\n\t\t\t\t\t<\/div>\n\t\t\t\t<\/div>\n\t\t<div class=\"elementor-element elementor-element-c479d3f elementor-hidden-desktop elementor-hidden-tablet elementor-hidden-mobile e-flex e-con-boxed e-con e-parent\" data-id=\"c479d3f\" data-element_type=\"container\" data-e-type=\"container\">\n\t\t\t\t\t<div class=\"e-con-inner\">\n\t\t\t\t<div class=\"elementor-element elementor-element-5c0fdf8 elementor-widget elementor-widget-heading\" data-id=\"5c0fdf8\" data-element_type=\"widget\" data-e-type=\"widget\" data-widget_type=\"heading.default\">\n\t\t\t\t<div class=\"elementor-widget-container\">\n\t\t\t\t\t<h3 class=\"elementor-heading-title elementor-size-default\">Con el \u00dcSTRA al Festival de Maschsee<\/h3>\t\t\t\t<\/div>\n\t\t\t\t<\/div>\n\t\t\t\t<div class=\"elementor-element elementor-element-db136ba elementor-widget elementor-widget-image\" data-id=\"db136ba\" data-element_type=\"widget\" data-e-type=\"widget\" data-widget_type=\"image.default\">\n\t\t\t\t<div class=\"elementor-widget-container\">\n\t\t\t\t\t\t\t\t\t\t\t\t\t\t\t<img loading=\"lazy\" decoding=\"async\" width=\"2048\" height=\"2048\" src=\"https:\/\/www.maschseefest.de\/wp-content\/uploads\/2024\/07\/Maschseefest_Anfahrtskizze_Social-Media_1400x1400px_2024-2048x2048.jpg\" class=\"attachment-2048x2048 size-2048x2048 wp-image-3514\" alt=\"Maschseefest Anfahrtsskizze\" srcset=\"https:\/\/www.maschseefest.de\/wp-content\/uploads\/2024\/07\/Maschseefest_Anfahrtskizze_Social-Media_1400x1400px_2024-2048x2048.jpg 2048w, https:\/\/www.maschseefest.de\/wp-content\/uploads\/2024\/07\/Maschseefest_Anfahrtskizze_Social-Media_1400x1400px_2024-300x300.jpg 300w, https:\/\/www.maschseefest.de\/wp-content\/uploads\/2024\/07\/Maschseefest_Anfahrtskizze_Social-Media_1400x1400px_2024-1024x1024.jpg 1024w, https:\/\/www.maschseefest.de\/wp-content\/uploads\/2024\/07\/Maschseefest_Anfahrtskizze_Social-Media_1400x1400px_2024-150x150.jpg 150w, https:\/\/www.maschseefest.de\/wp-content\/uploads\/2024\/07\/Maschseefest_Anfahrtskizze_Social-Media_1400x1400px_2024-768x768.jpg 768w, https:\/\/www.maschseefest.de\/wp-content\/uploads\/2024\/07\/Maschseefest_Anfahrtskizze_Social-Media_1400x1400px_2024-1536x1536.jpg 1536w\" sizes=\"(max-width: 2048px) 100vw, 2048px\" \/>\t\t\t\t\t\t\t\t\t\t\t\t\t\t\t<\/div>\n\t\t\t\t<\/div>\n\t\t\t\t\t<\/div>\n\t\t\t\t<\/div>\n\t\t<div class=\"elementor-element elementor-element-4ebc80c e-con-full elementor-hidden-desktop elementor-hidden-tablet elementor-hidden-mobile e-flex e-con e-parent\" data-id=\"4ebc80c\" data-element_type=\"container\" data-e-type=\"container\">\n\t\t<div class=\"elementor-element elementor-element-8487d0c e-con-full e-flex e-con e-child\" data-id=\"8487d0c\" data-element_type=\"container\" data-e-type=\"container\" data-settings=\"{&quot;background_background&quot;:&quot;classic&quot;}\">\n\t\t\t\t<div class=\"elementor-element elementor-element-d7e1719 elementor-widget elementor-widget-heading\" data-id=\"d7e1719\" data-element_type=\"widget\" data-e-type=\"widget\" data-widget_type=\"heading.default\">\n\t\t\t\t<div class=\"elementor-widget-container\">\n\t\t\t\t\t<h2 class=\"elementor-heading-title elementor-size-default\">Horarios de apertura<\/h2>\t\t\t\t<\/div>\n\t\t\t\t<\/div>\n\t\t\t\t<div class=\"elementor-element elementor-element-32fcc84 elementor-widget elementor-widget-text-editor\" data-id=\"32fcc84\" data-element_type=\"widget\" data-e-type=\"widget\" data-widget_type=\"text-editor.default\">\n\t\t\t\t<div class=\"elementor-widget-container\">\n\t\t\t\t\t\t\t\t\t<p>De lunes a jueves: <b>14:00 a 01:00<\/b><br \/>Viernes - S\u00e1bado: <b>14:00 a 02:00<\/b><br \/>El domingo: <b>11:00 a 01:00<\/b><\/p>\t\t\t\t\t\t\t\t<\/div>\n\t\t\t\t<\/div>\n\t\t\t\t<div class=\"elementor-element elementor-element-b91ad87 elementor-widget elementor-widget-text-editor\" data-id=\"b91ad87\" data-element_type=\"widget\" data-e-type=\"widget\" data-widget_type=\"text-editor.default\">\n\t\t\t\t<div class=\"elementor-widget-container\">\n\t\t\t\t\t\t\t\t\t<p>Para las gradas del <strong><a href=\"\/es\/gastronomie\/food-village-am-geibel\/\">Geibel<\/a> <\/strong>se aplican diferentes horas de finalizaci\u00f3n del funcionamiento.<\/p>\t\t\t\t\t\t\t\t<\/div>\n\t\t\t\t<\/div>\n\t\t\t\t<\/div>\n\t\t<div class=\"elementor-element elementor-element-9cee44a e-con-full e-flex e-con e-child\" data-id=\"9cee44a\" data-element_type=\"container\" data-e-type=\"container\" data-settings=\"{&quot;background_background&quot;:&quot;classic&quot;}\" data-isc-images=\"3089\">\n\t\t\t\t<\/div>\n\t\t\t\t<\/div>\n\t\t\t\t<\/div>","protected":false},"excerpt":{"rendered":"<p>Alle Wege f\u00fchren zum Maschsee Der See ist von der Stadt und auch von au\u00dferhalb gut zu erreichen. Egal, ob ihr mit dem Zug, dem Auto oder dem Fahrrad zum Maschseefest kommt \u2013 wir haben alle Infos, die ihr braucht! Das gr\u00f6\u00dfte Sommerfest in Hannover ist perfekt erreichbar und sorgt daf\u00fcr, dass eure An- und [&hellip;]<\/p>\n","protected":false},"author":1,"featured_media":3095,"parent":0,"menu_order":0,"comment_status":"closed","ping_status":"closed","template":"","meta":{"footnotes":""},"class_list":["post-1126","page","type-page","status-publish","has-post-thumbnail","hentry"],"_links":{"self":[{"href":"https:\/\/www.maschseefest.de\/es\/wp-json\/wp\/v2\/pages\/1126","targetHints":{"allow":["GET"]}}],"collection":[{"href":"https:\/\/www.maschseefest.de\/es\/wp-json\/wp\/v2\/pages"}],"about":[{"href":"https:\/\/www.maschseefest.de\/es\/wp-json\/wp\/v2\/types\/page"}],"author":[{"embeddable":true,"href":"https:\/\/www.maschseefest.de\/es\/wp-json\/wp\/v2\/users\/1"}],"replies":[{"embeddable":true,"href":"https:\/\/www.maschseefest.de\/es\/wp-json\/wp\/v2\/comments?post=1126"}],"version-history":[{"count":247,"href":"https:\/\/www.maschseefest.de\/es\/wp-json\/wp\/v2\/pages\/1126\/revisions"}],"predecessor-version":[{"id":7464,"href":"https:\/\/www.maschseefest.de\/es\/wp-json\/wp\/v2\/pages\/1126\/revisions\/7464"}],"wp:featuredmedia":[{"embeddable":true,"href":"https:\/\/www.maschseefest.de\/es\/wp-json\/wp\/v2\/media\/3095"}],"wp:attachment":[{"href":"https:\/\/www.maschseefest.de\/es\/wp-json\/wp\/v2\/media?parent=1126"}],"curies":[{"name":"wp","href":"https:\/\/api.w.org\/{rel}","templated":true}]}}