{"id":3565,"date":"2024-07-12T11:44:33","date_gmt":"2024-07-12T09:44:33","guid":{"rendered":"http:\/\/web5.s149.goserver.host\/an-und-abreise-copy\/"},"modified":"2025-08-26T12:16:25","modified_gmt":"2025-08-26T10:16:25","slug":"kinderprogramm","status":"publish","type":"page","link":"https:\/\/www.maschseefest.de\/es\/kinderprogramm\/","title":{"rendered":"Programa infantil"},"content":{"rendered":"<div data-elementor-type=\"wp-page\" data-elementor-id=\"3565\" class=\"elementor elementor-3565\" data-elementor-post-type=\"page\">\n\t\t\t\t<div class=\"elementor-element elementor-element-eb1c0ae e-flex e-con-boxed e-con e-parent\" data-id=\"eb1c0ae\" data-element_type=\"container\" data-e-type=\"container\">\n\t\t\t\t\t<div class=\"e-con-inner\">\n\t\t<div class=\"elementor-element elementor-element-dbfebf5 e-con-full e-flex e-con e-child\" data-id=\"dbfebf5\" data-element_type=\"container\" data-e-type=\"container\">\n\t\t\t\t<div class=\"elementor-element elementor-element-12d9a3c elementor-widget elementor-widget-heading\" data-id=\"12d9a3c\" data-element_type=\"widget\" data-e-type=\"widget\" data-widget_type=\"heading.default\">\n\t\t\t\t<div class=\"elementor-widget-container\">\n\t\t\t\t\t<h3 class=\"elementor-heading-title elementor-size-default\">Diversi\u00f3n y juegos para los m\u00e1s peque\u00f1os<\/h3>\t\t\t\t<\/div>\n\t\t\t\t<\/div>\n\t\t\t\t<div class=\"elementor-element elementor-element-b457fe9 elementor-widget elementor-widget-heading\" data-id=\"b457fe9\" data-element_type=\"widget\" data-e-type=\"widget\" data-widget_type=\"heading.default\">\n\t\t\t\t<div class=\"elementor-widget-container\">\n\t\t\t\t\t<h3 class=\"elementor-heading-title elementor-size-default\">El programa infantil del pr\u00f3ximo Maschseefest se anunciar\u00e1 en julio de 2026.<\/h3>\t\t\t\t<\/div>\n\t\t\t\t<\/div>\n\t\t\t\t<div class=\"elementor-element elementor-element-531957e elementor-widget__width-initial elementor-hidden-desktop elementor-hidden-tablet elementor-hidden-mobile elementor-widget elementor-widget-text-editor\" data-id=\"531957e\" data-element_type=\"widget\" data-e-type=\"widget\" data-widget_type=\"text-editor.default\">\n\t\t\t\t<div class=\"elementor-widget-container\">\n\t\t\t\t\t\t\t\t\t<p>Los Piratas del Maschsee tambi\u00e9n tomaban el lago los martes y jueves en el Maschseefest 2025; los mi\u00e9rcoles, jueves y fines de semana, diversas actividades y atracciones atra\u00edan a los visitantes a la pradera infantil de la orilla oeste y el parque infantil de la orilla sur del Maschsee pod\u00eda visitarse todos los d\u00edas.<\/p>\t\t\t\t\t\t\t\t<\/div>\n\t\t\t\t<\/div>\n\t\t\t\t<div class=\"elementor-element elementor-element-8b11fb7 elementor-widget__width-initial elementor-hidden-desktop elementor-hidden-tablet elementor-hidden-mobile elementor-widget elementor-widget-text-editor\" data-id=\"8b11fb7\" data-element_type=\"widget\" data-e-type=\"widget\" data-widget_type=\"text-editor.default\">\n\t\t\t\t<div class=\"elementor-widget-container\">\n\t\t\t\t\t\t\t\t\t<p>Los martes y jueves, los piratas del Maschsee se lanzan al agua; los mi\u00e9rcoles y fines de semana, diversas actividades y atracciones atraen a los ni\u00f1os a la pradera infantil de la orilla oeste.<\/p>\t\t\t\t\t\t\t\t<\/div>\n\t\t\t\t<\/div>\n\t\t\t\t<\/div>\n\t\t\t\t\t<\/div>\n\t\t\t\t<\/div>\n\t\t<div class=\"elementor-element elementor-element-b7c951e e-flex e-con-boxed e-con e-parent\" data-id=\"b7c951e\" data-element_type=\"container\" data-e-type=\"container\">\n\t\t\t\t\t<div class=\"e-con-inner\">\n\t\t<div class=\"elementor-element elementor-element-610e071 e-con-full e-flex e-con e-child\" data-id=\"610e071\" data-element_type=\"container\" data-e-type=\"container\">\n\t\t<div class=\"elementor-element elementor-element-af49d82 e-con-full e-flex e-con e-child\" data-id=\"af49d82\" data-element_type=\"container\" data-e-type=\"container\" data-settings=\"{&quot;background_background&quot;:&quot;classic&quot;}\" data-isc-images=\"5589\">\n\t\t\t\t<\/div>\n\t\t<div class=\"elementor-element elementor-element-e2eeb9d e-con-full e-flex e-con e-child\" data-id=\"e2eeb9d\" data-element_type=\"container\" data-e-type=\"container\">\n\t\t\t\t<div class=\"elementor-element elementor-element-1a2f87b elementor-widget elementor-widget-heading\" data-id=\"1a2f87b\" data-element_type=\"widget\" data-e-type=\"widget\" data-widget_type=\"heading.default\">\n\t\t\t\t<div class=\"elementor-widget-container\">\n\t\t\t\t\t<h3 class=\"elementor-heading-title elementor-size-default\">Pradera infantil<\/h3>\t\t\t\t<\/div>\n\t\t\t\t<\/div>\n\t\t\t\t<div class=\"elementor-element elementor-element-f52e16a elementor-widget elementor-widget-text-editor\" data-id=\"f52e16a\" data-element_type=\"widget\" data-e-type=\"widget\" data-widget_type=\"text-editor.default\">\n\t\t\t\t<div class=\"elementor-widget-container\">\n\t\t\t\t\t\t\t\t\t<div class=\"elementor-element elementor-element-586303a elementor-widget elementor-widget-text-editor\" data-id=\"586303a\" data-element_type=\"widget\" data-widget_type=\"text-editor.default\"><div class=\"elementor-widget-container\"><div class=\"content-detail__summary ezrichtext-field\"><div class=\"elementor-element elementor-element-d3080bd elementor-widget elementor-widget-text-editor\" data-id=\"d3080bd\" data-element_type=\"widget\" data-widget_type=\"text-editor.default\"><div class=\"elementor-widget-container\"><p>De viernes a domingo y los mi\u00e9rcoles hay un colorido programa para ni\u00f1os en la pradera del Heinz von Heiden Arena, de 14:00 a 19:00 horas:<\/p><\/div><\/div><\/div><\/div><\/div>\t\t\t\t\t\t\t\t<\/div>\n\t\t\t\t<\/div>\n\t\t\t\t<div class=\"elementor-element elementor-element-055dceb elementor-widget elementor-widget-text-editor\" data-id=\"055dceb\" data-element_type=\"widget\" data-e-type=\"widget\" data-widget_type=\"text-editor.default\">\n\t\t\t\t<div class=\"elementor-widget-container\">\n\t\t\t\t\t\t\t\t\t<div class=\"elementor-element elementor-element-586303a elementor-widget elementor-widget-text-editor\" data-id=\"586303a\" data-element_type=\"widget\" data-widget_type=\"text-editor.default\"><div class=\"elementor-widget-container\"><div class=\"content-detail__summary ezrichtext-field\"><div class=\"elementor-element elementor-element-d3080bd elementor-widget elementor-widget-text-editor\" data-id=\"d3080bd\" data-element_type=\"widget\" data-widget_type=\"text-editor.default\"><div class=\"elementor-widget-container\"><p>Si te gusta hacer manualidades, trepar, comer deliciosos helados, jugar, saltar y retozar, \u00a1el prado infantil es tu sitio! Adem\u00e1s del programa de manualidades, juegos y deportes, el prado infantil est\u00e1 repleto de actividades para grandes y peque\u00f1os.<\/p><\/div><\/div><\/div><\/div><\/div>\t\t\t\t\t\t\t\t<\/div>\n\t\t\t\t<\/div>\n\t\t\t\t<div class=\"elementor-element elementor-element-9d75089 elementor-widget elementor-widget-jet-listing-dynamic-link\" data-id=\"9d75089\" data-element_type=\"widget\" data-e-type=\"widget\" data-widget_type=\"jet-listing-dynamic-link.default\">\n\t\t\t\t<div class=\"elementor-widget-container\">\n\t\t\t\t\t<a href=\"\/es\/veranstaltungen\/filter\/type\/cpt_v_buehne:kinderwiese\/\" class=\"jet-listing-dynamic-link__link\"><div class=\"jet-listing-dynamic-link__icon is-svg-icon\"><svg class=\"e-font-icon-svg e-fas-chevron-right\" aria-hidden=\"true\" viewbox=\"0 0 320 512\" xmlns=\"http:\/\/www.w3.org\/2000\/svg\"><path d=\"M285.476 272.971L91.132 467.314c-9.373 9.373-24.569 9.373-33.941 0l-22.667-22.667c-9.357-9.357-9.375-24.522-.04-33.901L188.505 256 34.484 101.255c-9.335-9.379-9.317-24.544.04-33.901l22.667-22.667c9.373-9.373 24.569-9.373 33.941 0L285.475 239.03c9.373 9.372 9.373 24.568.001 33.941z\"><\/path><\/svg><\/div><span class=\"jet-listing-dynamic-link__label\">Eventos en el prado de los ni\u00f1os<\/span><\/a>\t\t\t\t<\/div>\n\t\t\t\t<\/div>\n\t\t\t\t<\/div>\n\t\t\t\t<\/div>\n\t\t\t\t\t<\/div>\n\t\t\t\t<\/div>\n\t\t<div class=\"elementor-element elementor-element-99b933e e-flex e-con-boxed e-con e-parent\" data-id=\"99b933e\" data-element_type=\"container\" data-e-type=\"container\">\n\t\t\t\t\t<div class=\"e-con-inner\">\n\t\t<div class=\"elementor-element elementor-element-880c72f e-con-full elementor-hidden-desktop elementor-hidden-tablet elementor-hidden-mobile e-flex e-con e-child\" data-id=\"880c72f\" data-element_type=\"container\" data-e-type=\"container\">\n\t\t\t\t<div class=\"elementor-element elementor-element-ceb137b elementor-widget elementor-widget-image\" data-id=\"ceb137b\" data-element_type=\"widget\" data-e-type=\"widget\" data-widget_type=\"image.default\">\n\t\t\t\t<div class=\"elementor-widget-container\">\n\t\t\t\t\t\t\t\t\t\t\t\t\t\t\t<img fetchpriority=\"high\" decoding=\"async\" width=\"2048\" height=\"1024\" src=\"https:\/\/www.maschseefest.de\/wp-content\/uploads\/2024\/07\/Joymondo-1-2048x1024.jpg\" class=\"attachment-2048x2048 size-2048x2048 wp-image-3726\" alt=\"\" srcset=\"https:\/\/www.maschseefest.de\/wp-content\/uploads\/2024\/07\/Joymondo-1-2048x1024.jpg 2048w, https:\/\/www.maschseefest.de\/wp-content\/uploads\/2024\/07\/Joymondo-1-300x150.jpg 300w, https:\/\/www.maschseefest.de\/wp-content\/uploads\/2024\/07\/Joymondo-1-1024x512.jpg 1024w, https:\/\/www.maschseefest.de\/wp-content\/uploads\/2024\/07\/Joymondo-1-768x384.jpg 768w, https:\/\/www.maschseefest.de\/wp-content\/uploads\/2024\/07\/Joymondo-1-1536x768.jpg 1536w\" sizes=\"(max-width: 2048px) 100vw, 2048px\" \/>\t\t\t\t\t\t\t\t\t\t\t\t\t\t\t<\/div>\n\t\t\t\t<\/div>\n\t\t<div class=\"elementor-element elementor-element-ba5d39b e-con-full e-flex e-con e-child\" data-id=\"ba5d39b\" data-element_type=\"container\" data-e-type=\"container\">\n\t\t\t\t<div class=\"elementor-element elementor-element-141150f elementor-widget elementor-widget-heading\" data-id=\"141150f\" data-element_type=\"widget\" data-e-type=\"widget\" data-widget_type=\"heading.default\">\n\t\t\t\t<div class=\"elementor-widget-container\">\n\t\t\t\t\t<h3 class=\"elementor-heading-title elementor-size-default\">Parque infantil Joymondo<\/h3>\t\t\t\t<\/div>\n\t\t\t\t<\/div>\n\t\t\t\t<div class=\"elementor-element elementor-element-8ad1986 elementor-widget elementor-widget-text-editor\" data-id=\"8ad1986\" data-element_type=\"widget\" data-e-type=\"widget\" data-widget_type=\"text-editor.default\">\n\t\t\t\t<div class=\"elementor-widget-container\">\n\t\t\t\t\t\t\t\t\t<div class=\"content-detail__summary ezrichtext-field\"><p class=\"emark\">Un colorido programa infantil con muchas atracciones, golosinas y mucho m\u00e1s espera a los ni\u00f1os en la popular zona de juegos de la orilla sur.<\/p><\/div>\t\t\t\t\t\t\t\t<\/div>\n\t\t\t\t<\/div>\n\t\t\t\t<div class=\"elementor-element elementor-element-e249c86 elementor-widget elementor-widget-jet-listing-dynamic-link\" data-id=\"e249c86\" data-element_type=\"widget\" data-e-type=\"widget\" data-widget_type=\"jet-listing-dynamic-link.default\">\n\t\t\t\t<div class=\"elementor-widget-container\">\n\t\t\t\t\t<a href=\"\/es\/kinderpgrogramm\/joymondo\/\" class=\"jet-listing-dynamic-link__link\"><div class=\"jet-listing-dynamic-link__icon is-svg-icon\"><svg class=\"e-font-icon-svg e-fas-chevron-right\" aria-hidden=\"true\" viewbox=\"0 0 320 512\" xmlns=\"http:\/\/www.w3.org\/2000\/svg\"><path d=\"M285.476 272.971L91.132 467.314c-9.373 9.373-24.569 9.373-33.941 0l-22.667-22.667c-9.357-9.357-9.375-24.522-.04-33.901L188.505 256 34.484 101.255c-9.335-9.379-9.317-24.544.04-33.901l22.667-22.667c9.373-9.373 24.569-9.373 33.941 0L285.475 239.03c9.373 9.372 9.373 24.568.001 33.941z\"><\/path><\/svg><\/div><span class=\"jet-listing-dynamic-link__label\">Seguir leyendo<\/span><\/a>\t\t\t\t<\/div>\n\t\t\t\t<\/div>\n\t\t\t\t<\/div>\n\t\t\t\t<\/div>\n\t\t<div class=\"elementor-element elementor-element-55678d8 e-con-full e-flex e-con e-child\" data-id=\"55678d8\" data-element_type=\"container\" data-e-type=\"container\">\n\t\t\t\t<div class=\"elementor-element elementor-element-55de579 elementor-widget elementor-widget-image\" data-id=\"55de579\" data-element_type=\"widget\" data-e-type=\"widget\" data-widget_type=\"image.default\">\n\t\t\t\t<div class=\"elementor-widget-container\">\n\t\t\t\t\t\t\t\t\t\t\t\t\t\t\t<img decoding=\"async\" width=\"800\" height=\"400\" src=\"https:\/\/www.maschseefest.de\/wp-content\/uploads\/2024\/07\/Maschseepiraten-Pano-1024x512.jpg\" class=\"attachment-large size-large wp-image-3070\" alt=\"\" srcset=\"https:\/\/www.maschseefest.de\/wp-content\/uploads\/2024\/07\/Maschseepiraten-Pano-1024x512.jpg 1024w, https:\/\/www.maschseefest.de\/wp-content\/uploads\/2024\/07\/Maschseepiraten-Pano-300x150.jpg 300w, https:\/\/www.maschseefest.de\/wp-content\/uploads\/2024\/07\/Maschseepiraten-Pano-768x384.jpg 768w, https:\/\/www.maschseefest.de\/wp-content\/uploads\/2024\/07\/Maschseepiraten-Pano-1536x768.jpg 1536w, https:\/\/www.maschseefest.de\/wp-content\/uploads\/2024\/07\/Maschseepiraten-Pano.jpg 2000w\" sizes=\"(max-width: 800px) 100vw, 800px\" \/>\t\t\t\t\t\t\t\t\t\t\t\t\t\t\t<\/div>\n\t\t\t\t<\/div>\n\t\t<div class=\"elementor-element elementor-element-15b04c2 e-con-full e-flex e-con e-child\" data-id=\"15b04c2\" data-element_type=\"container\" data-e-type=\"container\">\n\t\t<div class=\"elementor-element elementor-element-9a2eedb e-con-full e-flex e-con e-child\" data-id=\"9a2eedb\" data-element_type=\"container\" data-e-type=\"container\">\n\t\t\t\t<div class=\"elementor-element elementor-element-84e2cb7 elementor-widget elementor-widget-heading\" data-id=\"84e2cb7\" data-element_type=\"widget\" data-e-type=\"widget\" data-widget_type=\"heading.default\">\n\t\t\t\t<div class=\"elementor-widget-container\">\n\t\t\t\t\t<p class=\"elementor-heading-title elementor-size-default\">Piratas de Maschsee<\/p>\t\t\t\t<\/div>\n\t\t\t\t<\/div>\n\t\t\t\t<\/div>\n\t\t\t\t<div class=\"elementor-element elementor-element-a6a63d0 elementor-widget elementor-widget-text-editor\" data-id=\"a6a63d0\" data-element_type=\"widget\" data-e-type=\"widget\" data-widget_type=\"text-editor.default\">\n\t\t\t\t<div class=\"elementor-widget-container\">\n\t\t\t\t\t\t\t\t\t<div class=\"elementor-element elementor-element-9e404e5 elementor-widget elementor-widget-text-editor\" data-id=\"9e404e5\" data-element_type=\"widget\" data-widget_type=\"text-editor.default\"><div class=\"elementor-widget-container\"><div class=\"content-detail__summary ezrichtext-field\"><p class=\"emark\">\u00a1Barco a la vista con los Maschseepiraten! Los populares piratas vuelven al Maschsee los jueves y martes durante el Festival del Maschsee.<\/p><\/div><\/div><\/div>\t\t\t\t\t\t\t\t<\/div>\n\t\t\t\t<\/div>\n\t\t\t\t<div class=\"elementor-element elementor-element-fb5ba3b elementor-widget elementor-widget-jet-listing-dynamic-link\" data-id=\"fb5ba3b\" data-element_type=\"widget\" data-e-type=\"widget\" data-widget_type=\"jet-listing-dynamic-link.default\">\n\t\t\t\t<div class=\"elementor-widget-container\">\n\t\t\t\t\t<a href=\"\/es\/kinderpgrogramm\/maschseepiraten\/\" class=\"jet-listing-dynamic-link__link\"><div class=\"jet-listing-dynamic-link__icon is-svg-icon\"><svg class=\"e-font-icon-svg e-fas-chevron-right\" aria-hidden=\"true\" viewbox=\"0 0 320 512\" xmlns=\"http:\/\/www.w3.org\/2000\/svg\"><path d=\"M285.476 272.971L91.132 467.314c-9.373 9.373-24.569 9.373-33.941 0l-22.667-22.667c-9.357-9.357-9.375-24.522-.04-33.901L188.505 256 34.484 101.255c-9.335-9.379-9.317-24.544.04-33.901l22.667-22.667c9.373-9.373 24.569-9.373 33.941 0L285.475 239.03c9.373 9.372 9.373 24.568.001 33.941z\"><\/path><\/svg><\/div><span class=\"jet-listing-dynamic-link__label\">Seguir leyendo<\/span><\/a>\t\t\t\t<\/div>\n\t\t\t\t<\/div>\n\t\t\t\t<\/div>\n\t\t\t\t<\/div>\n\t\t\t\t\t<\/div>\n\t\t\t\t<\/div>\n\t\t<div class=\"elementor-element elementor-element-7a23d6b e-flex e-con-boxed e-con e-parent\" data-id=\"7a23d6b\" data-element_type=\"container\" data-e-type=\"container\">\n\t\t\t\t\t<div class=\"e-con-inner\">\n\t\t\t\t<div class=\"elementor-element elementor-element-028c2c1 elementor-widget elementor-widget-gallery\" data-id=\"028c2c1\" data-element_type=\"widget\" data-e-type=\"widget\" data-settings=\"{&quot;gallery_layout&quot;:&quot;justified&quot;,&quot;lazyload&quot;:&quot;yes&quot;,&quot;ideal_row_height&quot;:{&quot;unit&quot;:&quot;px&quot;,&quot;size&quot;:200,&quot;sizes&quot;:[]},&quot;ideal_row_height_tablet&quot;:{&quot;unit&quot;:&quot;px&quot;,&quot;size&quot;:150,&quot;sizes&quot;:[]},&quot;ideal_row_height_mobile&quot;:{&quot;unit&quot;:&quot;px&quot;,&quot;size&quot;:150,&quot;sizes&quot;:[]},&quot;gap&quot;:{&quot;unit&quot;:&quot;px&quot;,&quot;size&quot;:10,&quot;sizes&quot;:[]},&quot;gap_tablet&quot;:{&quot;unit&quot;:&quot;px&quot;,&quot;size&quot;:10,&quot;sizes&quot;:[]},&quot;gap_mobile&quot;:{&quot;unit&quot;:&quot;px&quot;,&quot;size&quot;:10,&quot;sizes&quot;:[]},&quot;link_to&quot;:&quot;file&quot;,&quot;overlay_background&quot;:&quot;yes&quot;,&quot;content_hover_animation&quot;:&quot;fade-in&quot;}\" data-widget_type=\"gallery.default\">\n\t\t\t\t<div class=\"elementor-widget-container\">\n\t\t\t\t\t\t\t<div class=\"elementor-gallery__container\">\n\t\t\t\t\t\t\t<a class=\"e-gallery-item elementor-gallery-item elementor-animated-content\" href=\"https:\/\/www.maschseefest.de\/wp-content\/uploads\/2024\/07\/Kinderwiese1.jpg\" data-elementor-open-lightbox=\"yes\" data-elementor-lightbox-slideshow=\"028c2c1\" data-elementor-lightbox-title=\"Kinderwiese1\" data-e-action-hash=\"#elementor-action%3Aaction%3Dlightbox%26settings%3DeyJpZCI6MjEyMiwidXJsIjoiaHR0cHM6XC9cL3d3dy5tYXNjaHNlZWZlc3QuZGVcL3dwLWNvbnRlbnRcL3VwbG9hZHNcLzIwMjRcLzA3XC9LaW5kZXJ3aWVzZTEuanBnIiwic2xpZGVzaG93IjoiMDI4YzJjMSJ9\">\n\t\t\t\t\t<div class=\"e-gallery-image elementor-gallery-item__image\" data-thumbnail=\"https:\/\/www.maschseefest.de\/wp-content\/uploads\/2024\/07\/Kinderwiese1-1024x768.jpg\" data-width=\"800\" data-height=\"600\" aria-label=\"\" role=\"img\" ><\/div>\n\t\t\t\t\t\t\t\t\t\t\t<div class=\"elementor-gallery-item__overlay\"><\/div>\n\t\t\t\t\t\t\t\t\t\t\t\t\t\t<\/a>\n\t\t\t\t\t\t\t<a class=\"e-gallery-item elementor-gallery-item elementor-animated-content\" href=\"https:\/\/www.maschseefest.de\/wp-content\/uploads\/2024\/08\/Kinderschminken-auf-der-Kinderwiese-MaschseefestcKevin-Muenkel-scaled.jpg\" data-elementor-open-lightbox=\"yes\" data-elementor-lightbox-slideshow=\"028c2c1\" data-elementor-lightbox-title=\"Kinderschminken auf der Kinderwiese Maschseefest\" data-e-action-hash=\"#elementor-action%3Aaction%3Dlightbox%26settings%3DeyJpZCI6NTUyNSwidXJsIjoiaHR0cHM6XC9cL3d3dy5tYXNjaHNlZWZlc3QuZGVcL3dwLWNvbnRlbnRcL3VwbG9hZHNcLzIwMjRcLzA4XC9LaW5kZXJzY2htaW5rZW4tYXVmLWRlci1LaW5kZXJ3aWVzZS1NYXNjaHNlZWZlc3RjS2V2aW4tTXVlbmtlbC1zY2FsZWQuanBnIiwic2xpZGVzaG93IjoiMDI4YzJjMSJ9\">\n\t\t\t\t\t<div class=\"e-gallery-image elementor-gallery-item__image\" data-thumbnail=\"https:\/\/www.maschseefest.de\/wp-content\/uploads\/2024\/08\/Kinderschminken-auf-der-Kinderwiese-MaschseefestcKevin-Muenkel-1024x683.jpg\" data-width=\"800\" data-height=\"534\" aria-label=\"\" role=\"img\" ><\/div>\n\t\t\t\t\t\t\t\t\t\t\t<div class=\"elementor-gallery-item__overlay\"><\/div>\n\t\t\t\t\t\t\t\t\t\t\t\t\t\t<\/a>\n\t\t\t\t\t\t\t<a class=\"e-gallery-item elementor-gallery-item elementor-animated-content\" href=\"https:\/\/www.maschseefest.de\/wp-content\/uploads\/2024\/08\/Spass-mit-Eddi-auf-der-Kinderwiese-cKevin-Muenkel-scaled.jpg\" data-elementor-open-lightbox=\"yes\" data-elementor-lightbox-slideshow=\"028c2c1\" data-elementor-lightbox-title=\"Spa\u00df mit Eddi auf der Kinderwiese\" data-e-action-hash=\"#elementor-action%3Aaction%3Dlightbox%26settings%3DeyJpZCI6NTUyNywidXJsIjoiaHR0cHM6XC9cL3d3dy5tYXNjaHNlZWZlc3QuZGVcL3dwLWNvbnRlbnRcL3VwbG9hZHNcLzIwMjRcLzA4XC9TcGFzcy1taXQtRWRkaS1hdWYtZGVyLUtpbmRlcndpZXNlLWNLZXZpbi1NdWVua2VsLXNjYWxlZC5qcGciLCJzbGlkZXNob3ciOiIwMjhjMmMxIn0%3D\">\n\t\t\t\t\t<div class=\"e-gallery-image elementor-gallery-item__image\" data-thumbnail=\"https:\/\/www.maschseefest.de\/wp-content\/uploads\/2024\/08\/Spass-mit-Eddi-auf-der-Kinderwiese-cKevin-Muenkel-1024x683.jpg\" data-width=\"800\" data-height=\"534\" aria-label=\"\" role=\"img\" ><\/div>\n\t\t\t\t\t\t\t\t\t\t\t<div class=\"elementor-gallery-item__overlay\"><\/div>\n\t\t\t\t\t\t\t\t\t\t\t\t\t\t<\/a>\n\t\t\t\t\t\t\t<a class=\"e-gallery-item elementor-gallery-item elementor-animated-content\" href=\"https:\/\/www.maschseefest.de\/wp-content\/uploads\/2024\/08\/Kinderwiese-Maschseefest-c-Kevin-Muenkel-1-scaled.jpg\" data-elementor-open-lightbox=\"yes\" data-elementor-lightbox-slideshow=\"028c2c1\" data-elementor-lightbox-title=\"Eis Essen, Kinderwiese, Maschseefest\" data-e-action-hash=\"#elementor-action%3Aaction%3Dlightbox%26settings%3DeyJpZCI6NTU4NywidXJsIjoiaHR0cHM6XC9cL3d3dy5tYXNjaHNlZWZlc3QuZGVcL3dwLWNvbnRlbnRcL3VwbG9hZHNcLzIwMjRcLzA4XC9LaW5kZXJ3aWVzZS1NYXNjaHNlZWZlc3QtYy1LZXZpbi1NdWVua2VsLTEtc2NhbGVkLmpwZyIsInNsaWRlc2hvdyI6IjAyOGMyYzEifQ%3D%3D\">\n\t\t\t\t\t<div class=\"e-gallery-image elementor-gallery-item__image\" data-thumbnail=\"https:\/\/www.maschseefest.de\/wp-content\/uploads\/2024\/08\/Kinderwiese-Maschseefest-c-Kevin-Muenkel-1-1024x683.jpg\" data-width=\"800\" data-height=\"534\" aria-label=\"Helados, pradera para ni\u00f1os, festival de Maschsee\" role=\"img\" ><\/div>\n\t\t\t\t\t\t\t\t\t\t\t<div class=\"elementor-gallery-item__overlay\"><\/div>\n\t\t\t\t\t\t\t\t\t\t\t\t\t\t<\/a>\n\t\t\t\t\t\t\t<a class=\"e-gallery-item elementor-gallery-item elementor-animated-content\" href=\"https:\/\/www.maschseefest.de\/wp-content\/uploads\/2024\/08\/Kinderwiese-Maschseefest-c-Kevin-Muenkel-2-scaled.jpg\" data-elementor-open-lightbox=\"yes\" data-elementor-lightbox-slideshow=\"028c2c1\" data-elementor-lightbox-title=\"Basteln auf der Kinderwiese, Maschseefest\" data-e-action-hash=\"#elementor-action%3Aaction%3Dlightbox%26settings%3DeyJpZCI6NTU4OCwidXJsIjoiaHR0cHM6XC9cL3d3dy5tYXNjaHNlZWZlc3QuZGVcL3dwLWNvbnRlbnRcL3VwbG9hZHNcLzIwMjRcLzA4XC9LaW5kZXJ3aWVzZS1NYXNjaHNlZWZlc3QtYy1LZXZpbi1NdWVua2VsLTItc2NhbGVkLmpwZyIsInNsaWRlc2hvdyI6IjAyOGMyYzEifQ%3D%3D\">\n\t\t\t\t\t<div class=\"e-gallery-image elementor-gallery-item__image\" data-thumbnail=\"https:\/\/www.maschseefest.de\/wp-content\/uploads\/2024\/08\/Kinderwiese-Maschseefest-c-Kevin-Muenkel-2-1024x683.jpg\" data-width=\"800\" data-height=\"534\" aria-label=\"Artesan\u00eda en el prado de los ni\u00f1os, Festival de Maschsee\" role=\"img\" ><\/div>\n\t\t\t\t\t\t\t\t\t\t\t<div class=\"elementor-gallery-item__overlay\"><\/div>\n\t\t\t\t\t\t\t\t\t\t\t\t\t\t<\/a>\n\t\t\t\t\t\t\t<a class=\"e-gallery-item elementor-gallery-item elementor-animated-content\" href=\"https:\/\/www.maschseefest.de\/wp-content\/uploads\/2024\/08\/Softeis-fuer-Kinder-cKevin-Muenkel-scaled.jpg\" data-elementor-open-lightbox=\"yes\" data-elementor-lightbox-slideshow=\"028c2c1\" data-elementor-lightbox-title=\"Softeis f\u00fcr Kinder\" data-e-action-hash=\"#elementor-action%3Aaction%3Dlightbox%26settings%3DeyJpZCI6NTUyNiwidXJsIjoiaHR0cHM6XC9cL3d3dy5tYXNjaHNlZWZlc3QuZGVcL3dwLWNvbnRlbnRcL3VwbG9hZHNcLzIwMjRcLzA4XC9Tb2Z0ZWlzLWZ1ZXItS2luZGVyLWNLZXZpbi1NdWVua2VsLXNjYWxlZC5qcGciLCJzbGlkZXNob3ciOiIwMjhjMmMxIn0%3D\">\n\t\t\t\t\t<div class=\"e-gallery-image elementor-gallery-item__image\" data-thumbnail=\"https:\/\/www.maschseefest.de\/wp-content\/uploads\/2024\/08\/Softeis-fuer-Kinder-cKevin-Muenkel-1024x683.jpg\" data-width=\"800\" data-height=\"534\" aria-label=\"\" role=\"img\" ><\/div>\n\t\t\t\t\t\t\t\t\t\t\t<div class=\"elementor-gallery-item__overlay\"><\/div>\n\t\t\t\t\t\t\t\t\t\t\t\t\t\t<\/a>\n\t\t\t\t\t\t\t<a class=\"e-gallery-item elementor-gallery-item elementor-animated-content\" href=\"https:\/\/www.maschseefest.de\/wp-content\/uploads\/2024\/08\/Kids-Area-Loewenbastion-Maschseefest-cKevin-Muenkel-scaled.jpg\" data-elementor-open-lightbox=\"yes\" data-elementor-lightbox-slideshow=\"028c2c1\" data-elementor-lightbox-title=\"Kids-Area L\u00f6wenbastion Maschseefest\" data-e-action-hash=\"#elementor-action%3Aaction%3Dlightbox%26settings%3DeyJpZCI6NTUyOCwidXJsIjoiaHR0cHM6XC9cL3d3dy5tYXNjaHNlZWZlc3QuZGVcL3dwLWNvbnRlbnRcL3VwbG9hZHNcLzIwMjRcLzA4XC9LaWRzLUFyZWEtTG9ld2VuYmFzdGlvbi1NYXNjaHNlZWZlc3QtY0tldmluLU11ZW5rZWwtc2NhbGVkLmpwZyIsInNsaWRlc2hvdyI6IjAyOGMyYzEifQ%3D%3D\">\n\t\t\t\t\t<div class=\"e-gallery-image elementor-gallery-item__image\" data-thumbnail=\"https:\/\/www.maschseefest.de\/wp-content\/uploads\/2024\/08\/Kids-Area-Loewenbastion-Maschseefest-cKevin-Muenkel-1024x683.jpg\" data-width=\"800\" data-height=\"534\" aria-label=\"Zona infantil L\u00f6wenbastion Maschseefest\" role=\"img\" ><\/div>\n\t\t\t\t\t\t\t\t\t\t\t<div class=\"elementor-gallery-item__overlay\"><\/div>\n\t\t\t\t\t\t\t\t\t\t\t\t\t\t<\/a>\n\t\t\t\t\t\t\t<a class=\"e-gallery-item elementor-gallery-item elementor-animated-content\" href=\"https:\/\/www.maschseefest.de\/wp-content\/uploads\/2024\/07\/Kinderwiese.jpg\" data-elementor-open-lightbox=\"yes\" data-elementor-lightbox-slideshow=\"028c2c1\" data-elementor-lightbox-title=\"Kinderwiese\" data-e-action-hash=\"#elementor-action%3Aaction%3Dlightbox%26settings%3DeyJpZCI6MjExMSwidXJsIjoiaHR0cHM6XC9cL3d3dy5tYXNjaHNlZWZlc3QuZGVcL3dwLWNvbnRlbnRcL3VwbG9hZHNcLzIwMjRcLzA3XC9LaW5kZXJ3aWVzZS5qcGciLCJzbGlkZXNob3ciOiIwMjhjMmMxIn0%3D\">\n\t\t\t\t\t<div class=\"e-gallery-image elementor-gallery-item__image\" data-thumbnail=\"https:\/\/www.maschseefest.de\/wp-content\/uploads\/2024\/07\/Kinderwiese-1024x768.jpg\" data-width=\"800\" data-height=\"600\" aria-label=\"\" role=\"img\" ><\/div>\n\t\t\t\t\t\t\t\t\t\t\t<div class=\"elementor-gallery-item__overlay\"><\/div>\n\t\t\t\t\t\t\t\t\t\t\t\t\t\t<\/a>\n\t\t\t\t\t\t\t<a class=\"e-gallery-item elementor-gallery-item elementor-animated-content\" href=\"https:\/\/www.maschseefest.de\/wp-content\/uploads\/2024\/08\/Kinderwiese-Maschseefest-c-Kevin-Muenkel-3-scaled.jpg\" data-elementor-open-lightbox=\"yes\" data-elementor-lightbox-slideshow=\"028c2c1\" data-elementor-lightbox-title=\"Kinderschminken auf der Kinderwiese, Maschseefest\" data-e-action-hash=\"#elementor-action%3Aaction%3Dlightbox%26settings%3DeyJpZCI6NTU4OSwidXJsIjoiaHR0cHM6XC9cL3d3dy5tYXNjaHNlZWZlc3QuZGVcL3dwLWNvbnRlbnRcL3VwbG9hZHNcLzIwMjRcLzA4XC9LaW5kZXJ3aWVzZS1NYXNjaHNlZWZlc3QtYy1LZXZpbi1NdWVua2VsLTMtc2NhbGVkLmpwZyIsInNsaWRlc2hvdyI6IjAyOGMyYzEifQ%3D%3D\">\n\t\t\t\t\t<div class=\"e-gallery-image elementor-gallery-item__image\" data-thumbnail=\"https:\/\/www.maschseefest.de\/wp-content\/uploads\/2024\/08\/Kinderwiese-Maschseefest-c-Kevin-Muenkel-3-1024x683.jpg\" data-width=\"800\" data-height=\"534\" aria-label=\"Pintura de caras en el prado infantil, Maschseefest\" role=\"img\" ><\/div>\n\t\t\t\t\t\t\t\t\t\t\t<div class=\"elementor-gallery-item__overlay\"><\/div>\n\t\t\t\t\t\t\t\t\t\t\t\t\t\t<\/a>\n\t\t\t\t\t<\/div>\n\t\t\t\t\t<\/div>\n\t\t\t\t<\/div>\n\t\t\t\t\t<\/div>\n\t\t\t\t<\/div>\n\t\t<div class=\"elementor-element elementor-element-9f8840a elementor-hidden-desktop elementor-hidden-tablet elementor-hidden-mobile e-flex e-con-boxed e-con e-parent\" data-id=\"9f8840a\" data-element_type=\"container\" data-e-type=\"container\" data-settings=\"{&quot;background_background&quot;:&quot;classic&quot;}\">\n\t\t\t\t\t<div class=\"e-con-inner\">\n\t\t<div class=\"elementor-element elementor-element-0b07abf e-con-full e-flex e-con e-child\" data-id=\"0b07abf\" data-element_type=\"container\" data-e-type=\"container\" data-settings=\"{&quot;background_background&quot;:&quot;classic&quot;}\">\n\t\t\t\t<div class=\"elementor-element elementor-element-012e810 elementor-widget elementor-widget-heading\" data-id=\"012e810\" data-element_type=\"widget\" data-e-type=\"widget\" data-widget_type=\"heading.default\">\n\t\t\t\t<div class=\"elementor-widget-container\">\n\t\t\t\t\t<h3 class=\"elementor-heading-title elementor-size-default\">Mapa general 2024<\/h3>\t\t\t\t<\/div>\n\t\t\t\t<\/div>\n\t\t\t\t<div class=\"elementor-element elementor-element-fe35303 elementor-widget elementor-widget-text-editor\" data-id=\"fe35303\" data-element_type=\"widget\" data-e-type=\"widget\" data-widget_type=\"text-editor.default\">\n\t\t\t\t<div class=\"elementor-widget-container\">\n\t\t\t\t\t\t\t\t\t<p>Nuestro mapa general le ayudar\u00e1 a orientarse en el Maschseefest 2024. Con \u00e9l podr\u00e1s encontrar r\u00e1pidamente todos los stands y ofertas, opciones de aparcamiento, paradas de autob\u00fas y otros servicios.<\/p>\t\t\t\t\t\t\t\t<\/div>\n\t\t\t\t<\/div>\n\t\t\t\t<div class=\"elementor-element elementor-element-4a10730 elementor-widget elementor-widget-global elementor-global-5114 elementor-widget-button\" data-id=\"4a10730\" data-element_type=\"widget\" data-e-type=\"widget\" data-widget_type=\"button.default\">\n\t\t\t\t<div class=\"elementor-widget-container\">\n\t\t\t\t\t\t\t\t\t<div class=\"elementor-button-wrapper\">\n\t\t\t\t\t<a class=\"elementor-button elementor-button-link elementor-size-sm\" href=\"\/wp-content\/uploads\/2024\/07\/Maschseefest-Plan-2024-Update.pdf\">\n\t\t\t\t\t\t<span class=\"elementor-button-content-wrapper\">\n\t\t\t\t\t\t<span class=\"elementor-button-icon\">\n\t\t\t\t<svg xmlns=\"http:\/\/www.w3.org\/2000\/svg\" width=\"20\" height=\"20\" viewbox=\"0 0 20 20\" fill=\"none\"><g id=\"Group 78\"><g id=\"Group 80\"><path id=\"Vector\" d=\"M19 13V17C19 17.5304 18.7893 18.0391 18.4142 18.4142C18.0391 18.7893 17.5304 19 17 19H3C2.46957 19 1.96086 18.7893 1.58579 18.4142C1.21071 18.0391 1 17.5304 1 17V13\" stroke=\"white\" stroke-width=\"2\" stroke-linecap=\"round\" stroke-linejoin=\"round\"><\/path><g id=\"Group 79\"><path id=\"Vector_2\" d=\"M5 8L10 13L15 8\" stroke=\"white\" stroke-width=\"2\" stroke-linecap=\"round\" stroke-linejoin=\"round\"><\/path><path id=\"Vector_3\" d=\"M10 13V1\" stroke=\"white\" stroke-width=\"2\" stroke-linecap=\"round\" stroke-linejoin=\"round\"><\/path><\/g><\/g><\/g><\/svg>\t\t\t<\/span>\n\t\t\t\t\t\t\t\t\t<span class=\"elementor-button-text\">Descargar ahora<\/span>\n\t\t\t\t\t<\/span>\n\t\t\t\t\t<\/a>\n\t\t\t\t<\/div>\n\t\t\t\t\t\t\t\t<\/div>\n\t\t\t\t<\/div>\n\t\t\t\t<\/div>\n\t\t<div class=\"elementor-element elementor-element-5c4aa43 e-con-full e-flex e-con e-child\" data-id=\"5c4aa43\" data-element_type=\"container\" data-e-type=\"container\" data-settings=\"{&quot;background_background&quot;:&quot;classic&quot;}\">\n\t\t\t\t<div class=\"elementor-element elementor-element-d3bd7eb elementor-widget elementor-widget-image\" data-id=\"d3bd7eb\" data-element_type=\"widget\" data-e-type=\"widget\" data-widget_type=\"image.default\">\n\t\t\t\t<div class=\"elementor-widget-container\">\n\t\t\t\t\t\t\t\t\t\t\t\t\t\t\t<img decoding=\"async\" width=\"382\" height=\"495\" src=\"https:\/\/www.maschseefest.de\/wp-content\/uploads\/2024\/07\/Anhang-2-Karte-MSF-2023-1.png\" class=\"attachment-large size-large wp-image-571\" alt=\"\" srcset=\"https:\/\/www.maschseefest.de\/wp-content\/uploads\/2024\/07\/Anhang-2-Karte-MSF-2023-1.png 382w, https:\/\/www.maschseefest.de\/wp-content\/uploads\/2024\/07\/Anhang-2-Karte-MSF-2023-1-232x300.png 232w\" sizes=\"(max-width: 382px) 100vw, 382px\" \/>\t\t\t\t\t\t\t\t\t\t\t\t\t\t\t<\/div>\n\t\t\t\t<\/div>\n\t\t\t\t<\/div>\n\t\t\t\t\t<\/div>\n\t\t\t\t<\/div>\n\t\t<div class=\"elementor-element elementor-element-02548fc elementor-hidden-desktop elementor-hidden-tablet elementor-hidden-mobile e-flex e-con-boxed e-con e-parent\" data-id=\"02548fc\" data-element_type=\"container\" data-e-type=\"container\" data-settings=\"{&quot;background_background&quot;:&quot;classic&quot;}\">\n\t\t\t\t\t<div class=\"e-con-inner\">\n\t\t<div class=\"elementor-element elementor-element-7b8cdcf e-con-full e-flex e-con e-child\" data-id=\"7b8cdcf\" data-element_type=\"container\" data-e-type=\"container\" data-settings=\"{&quot;background_background&quot;:&quot;classic&quot;}\">\n\t\t\t\t<div class=\"elementor-element elementor-element-a41a4f0 elementor-widget elementor-widget-heading\" data-id=\"a41a4f0\" data-element_type=\"widget\" data-e-type=\"widget\" data-widget_type=\"heading.default\">\n\t\t\t\t<div class=\"elementor-widget-container\">\n\t\t\t\t\t<h2 class=\"elementor-heading-title elementor-size-default\">Mapa general 2024<\/h2>\t\t\t\t<\/div>\n\t\t\t\t<\/div>\n\t\t\t\t<div class=\"elementor-element elementor-element-b51cb1c elementor-widget elementor-widget-text-editor\" data-id=\"b51cb1c\" data-element_type=\"widget\" data-e-type=\"widget\" data-widget_type=\"text-editor.default\">\n\t\t\t\t<div class=\"elementor-widget-container\">\n\t\t\t\t\t\t\t\t\t<div class=\"elementor-element elementor-element-69aa106 elementor-widget elementor-widget-text-editor\" data-id=\"69aa106\" data-element_type=\"widget\" data-widget_type=\"text-editor.default\"><div class=\"elementor-widget-container\"><p>Aqu\u00ed puedes obtener una visi\u00f3n general de los bancos y todas las ubicaciones de los escenarios, stands y m\u00e1s del Maschseefest 2024.<\/p><\/div><\/div>\t\t\t\t\t\t\t\t<\/div>\n\t\t\t\t<\/div>\n\t\t\t\t<div class=\"elementor-element elementor-element-9272058 elementor-widget elementor-widget-global elementor-global-5114 elementor-widget-button\" data-id=\"9272058\" data-element_type=\"widget\" data-e-type=\"widget\" data-widget_type=\"button.default\">\n\t\t\t\t<div class=\"elementor-widget-container\">\n\t\t\t\t\t\t\t\t\t<div class=\"elementor-button-wrapper\">\n\t\t\t\t\t<a class=\"elementor-button elementor-button-link elementor-size-sm\" href=\"\/wp-content\/uploads\/2024\/07\/Maschseefest-Plan-2024-Update.pdf\">\n\t\t\t\t\t\t<span class=\"elementor-button-content-wrapper\">\n\t\t\t\t\t\t<span class=\"elementor-button-icon\">\n\t\t\t\t<svg xmlns=\"http:\/\/www.w3.org\/2000\/svg\" width=\"20\" height=\"20\" viewbox=\"0 0 20 20\" fill=\"none\"><g id=\"Group 78\"><g id=\"Group 80\"><path id=\"Vector\" d=\"M19 13V17C19 17.5304 18.7893 18.0391 18.4142 18.4142C18.0391 18.7893 17.5304 19 17 19H3C2.46957 19 1.96086 18.7893 1.58579 18.4142C1.21071 18.0391 1 17.5304 1 17V13\" stroke=\"white\" stroke-width=\"2\" stroke-linecap=\"round\" stroke-linejoin=\"round\"><\/path><g id=\"Group 79\"><path id=\"Vector_2\" d=\"M5 8L10 13L15 8\" stroke=\"white\" stroke-width=\"2\" stroke-linecap=\"round\" stroke-linejoin=\"round\"><\/path><path id=\"Vector_3\" d=\"M10 13V1\" stroke=\"white\" stroke-width=\"2\" stroke-linecap=\"round\" stroke-linejoin=\"round\"><\/path><\/g><\/g><\/g><\/svg>\t\t\t<\/span>\n\t\t\t\t\t\t\t\t\t<span class=\"elementor-button-text\">Descargar ahora<\/span>\n\t\t\t\t\t<\/span>\n\t\t\t\t\t<\/a>\n\t\t\t\t<\/div>\n\t\t\t\t\t\t\t\t<\/div>\n\t\t\t\t<\/div>\n\t\t\t\t<\/div>\n\t\t<div class=\"elementor-element elementor-element-01dada2 e-con-full e-flex e-con e-child\" data-id=\"01dada2\" data-element_type=\"container\" data-e-type=\"container\" data-settings=\"{&quot;background_background&quot;:&quot;classic&quot;}\">\n\t\t\t\t<div class=\"elementor-element elementor-element-a6a3414 elementor-widget elementor-widget-image\" data-id=\"a6a3414\" data-element_type=\"widget\" data-e-type=\"widget\" data-widget_type=\"image.default\">\n\t\t\t\t<div class=\"elementor-widget-container\">\n\t\t\t\t\t\t\t\t\t\t\t\t\t\t\t<img decoding=\"async\" width=\"382\" height=\"495\" src=\"https:\/\/www.maschseefest.de\/wp-content\/uploads\/2024\/07\/Anhang-2-Karte-MSF-2023-1.png\" class=\"attachment-large size-large wp-image-571\" alt=\"\" srcset=\"https:\/\/www.maschseefest.de\/wp-content\/uploads\/2024\/07\/Anhang-2-Karte-MSF-2023-1.png 382w, https:\/\/www.maschseefest.de\/wp-content\/uploads\/2024\/07\/Anhang-2-Karte-MSF-2023-1-232x300.png 232w\" sizes=\"(max-width: 382px) 100vw, 382px\" \/>\t\t\t\t\t\t\t\t\t\t\t\t\t\t\t<\/div>\n\t\t\t\t<\/div>\n\t\t\t\t<\/div>\n\t\t\t\t\t<\/div>\n\t\t\t\t<\/div>\n\t\t\t\t<\/div>","protected":false},"excerpt":{"rendered":"<p>Spiel und Spa\u00df f\u00fcr kleine G\u00e4ste Das Kinderprogramm f\u00fcr das kommende Maschseefest wird zu Juli 2026 bekannt gegeben. Auch beim Maschseefest 2025 sind dienstags und donnerstags die Maschseepiraten in den See gestochen; mittwochs, donnerstags und an den Wochenenden haben verschiedene Aktionen und Attraktionen auf die Kinderwiese am Westufer gelockt und der Spielpark am Maschsee-S\u00fcdufer konnte [&hellip;]<\/p>\n","protected":false},"author":4,"featured_media":3771,"parent":0,"menu_order":0,"comment_status":"closed","ping_status":"closed","template":"","meta":{"footnotes":""},"class_list":["post-3565","page","type-page","status-publish","has-post-thumbnail","hentry"],"_links":{"self":[{"href":"https:\/\/www.maschseefest.de\/es\/wp-json\/wp\/v2\/pages\/3565","targetHints":{"allow":["GET"]}}],"collection":[{"href":"https:\/\/www.maschseefest.de\/es\/wp-json\/wp\/v2\/pages"}],"about":[{"href":"https:\/\/www.maschseefest.de\/es\/wp-json\/wp\/v2\/types\/page"}],"author":[{"embeddable":true,"href":"https:\/\/www.maschseefest.de\/es\/wp-json\/wp\/v2\/users\/4"}],"replies":[{"embeddable":true,"href":"https:\/\/www.maschseefest.de\/es\/wp-json\/wp\/v2\/comments?post=3565"}],"version-history":[{"count":118,"href":"https:\/\/www.maschseefest.de\/es\/wp-json\/wp\/v2\/pages\/3565\/revisions"}],"predecessor-version":[{"id":7527,"href":"https:\/\/www.maschseefest.de\/es\/wp-json\/wp\/v2\/pages\/3565\/revisions\/7527"}],"wp:featuredmedia":[{"embeddable":true,"href":"https:\/\/www.maschseefest.de\/es\/wp-json\/wp\/v2\/media\/3771"}],"wp:attachment":[{"href":"https:\/\/www.maschseefest.de\/es\/wp-json\/wp\/v2\/media?parent=3565"}],"curies":[{"name":"wp","href":"https:\/\/api.w.org\/{rel}","templated":true}]}}