{"id":1152,"date":"2024-07-02T16:58:41","date_gmt":"2024-07-02T14:58:41","guid":{"rendered":"http:\/\/web5.s149.goserver.host\/?page_id=1152"},"modified":"2025-06-25T12:07:39","modified_gmt":"2025-06-25T10:07:39","slug":"anreise-mit-bus-bahn","status":"publish","type":"page","link":"https:\/\/www.maschseefest.de\/fr\/an-und-abreise\/anreise-mit-bus-bahn\/","title":{"rendered":"Arriv\u00e9e en bus et en train"},"content":{"rendered":"<div data-elementor-type=\"wp-page\" data-elementor-id=\"1152\" class=\"elementor elementor-1152\" data-elementor-post-type=\"page\">\n\t\t\t\t<div class=\"elementor-element elementor-element-bb0d05b e-flex e-con-boxed e-con e-parent\" data-id=\"bb0d05b\" data-element_type=\"container\" data-e-type=\"container\">\n\t\t\t\t\t<div class=\"e-con-inner\">\n\t\t\t\t<div class=\"elementor-element elementor-element-a7cec39 elementor-widget elementor-widget-heading\" data-id=\"a7cec39\" data-element_type=\"widget\" data-e-type=\"widget\" data-widget_type=\"heading.default\">\n\t\t\t\t<div class=\"elementor-widget-container\">\n\t\t\t\t\t<h3 class=\"elementor-heading-title elementor-size-default\">Rapide - facile - s\u00fbr !<\/h3>\t\t\t\t<\/div>\n\t\t\t\t<\/div>\n\t\t\t\t<div class=\"elementor-element elementor-element-b4d0a9f elementor-widget elementor-widget-text-editor\" data-id=\"b4d0a9f\" data-element_type=\"widget\" data-e-type=\"widget\" data-widget_type=\"text-editor.default\">\n\t\t\t\t<div class=\"elementor-widget-container\">\n\t\t\t\t\t\t\t\t\t<p>Si possible, venez avec les transports en commun ! Laisser sa voiture au garage et se rendre tranquillement en transports en commun \u00e0 la f\u00eate du Maschsee ? Rien de plus simple !<\/p>\t\t\t\t\t\t\t\t<\/div>\n\t\t\t\t<\/div>\n\t\t\t\t\t<\/div>\n\t\t\t\t<\/div>\n\t\t<div class=\"elementor-element elementor-element-704923f e-flex e-con-boxed e-con e-parent\" data-id=\"704923f\" data-element_type=\"container\" data-e-type=\"container\">\n\t\t\t\t\t<div class=\"e-con-inner\">\n\t\t\t\t<div class=\"elementor-element elementor-element-d63d414 elementor-widget-divider--view-line elementor-widget elementor-widget-divider\" data-id=\"d63d414\" data-element_type=\"widget\" data-e-type=\"widget\" data-widget_type=\"divider.default\">\n\t\t\t\t<div class=\"elementor-widget-container\">\n\t\t\t\t\t\t\t<div class=\"elementor-divider\">\n\t\t\t<span class=\"elementor-divider-separator\">\n\t\t\t\t\t\t<\/span>\n\t\t<\/div>\n\t\t\t\t\t\t<\/div>\n\t\t\t\t<\/div>\n\t\t\t\t<div class=\"elementor-element elementor-element-b538fb2 elementor-widget elementor-widget-image\" data-id=\"b538fb2\" data-element_type=\"widget\" data-e-type=\"widget\" data-widget_type=\"image.default\">\n\t\t\t\t<div class=\"elementor-widget-container\">\n\t\t\t\t\t\t\t\t\t\t\t\t\t\t\t<img fetchpriority=\"high\" decoding=\"async\" width=\"800\" height=\"600\" src=\"https:\/\/www.maschseefest.de\/wp-content\/uploads\/2024\/07\/a848c43b39d60bd375b40b17c6a7234a-1024x768.jpg\" class=\"attachment-large size-large wp-image-1127\" alt=\"Mit Bus zum Maschseefest\" srcset=\"https:\/\/www.maschseefest.de\/wp-content\/uploads\/2024\/07\/a848c43b39d60bd375b40b17c6a7234a-1024x768.jpg 1024w, https:\/\/www.maschseefest.de\/wp-content\/uploads\/2024\/07\/a848c43b39d60bd375b40b17c6a7234a-300x225.jpg 300w, https:\/\/www.maschseefest.de\/wp-content\/uploads\/2024\/07\/a848c43b39d60bd375b40b17c6a7234a-768x576.jpg 768w, https:\/\/www.maschseefest.de\/wp-content\/uploads\/2024\/07\/a848c43b39d60bd375b40b17c6a7234a.jpg 1200w\" sizes=\"(max-width: 800px) 100vw, 800px\" \/>\t\t\t\t\t\t\t\t\t\t\t\t\t\t\t<\/div>\n\t\t\t\t<\/div>\n\t\t\t\t<div class=\"elementor-element elementor-element-fcf8b83 elementor-widget elementor-widget-heading\" data-id=\"fcf8b83\" data-element_type=\"widget\" data-e-type=\"widget\" data-widget_type=\"heading.default\">\n\t\t\t\t<div class=\"elementor-widget-container\">\n\t\t\t\t\t<h3 class=\"elementor-heading-title elementor-size-default\">Arriv\u00e9e en bus<\/h3>\t\t\t\t<\/div>\n\t\t\t\t<\/div>\n\t\t<div class=\"elementor-element elementor-element-e8c17ad e-con-full e-flex e-con e-child\" data-id=\"e8c17ad\" data-element_type=\"container\" data-e-type=\"container\" data-settings=\"{&quot;background_background&quot;:&quot;classic&quot;}\">\n\t\t\t\t<div class=\"elementor-element elementor-element-04699af elementor-widget elementor-widget-image\" data-id=\"04699af\" data-element_type=\"widget\" data-e-type=\"widget\" data-widget_type=\"image.default\">\n\t\t\t\t<div class=\"elementor-widget-container\">\n\t\t\t\t\t\t\t\t\t\t\t\t\t\t\t<img decoding=\"async\" width=\"612\" height=\"232\" src=\"https:\/\/www.maschseefest.de\/wp-content\/uploads\/2024\/07\/maschseefest-sponsor-uestra.png\" class=\"attachment-large size-large wp-image-3954\" alt=\"\" srcset=\"https:\/\/www.maschseefest.de\/wp-content\/uploads\/2024\/07\/maschseefest-sponsor-uestra.png 612w, https:\/\/www.maschseefest.de\/wp-content\/uploads\/2024\/07\/maschseefest-sponsor-uestra-300x114.png 300w\" sizes=\"(max-width: 612px) 100vw, 612px\" \/>\t\t\t\t\t\t\t\t\t\t\t\t\t\t\t<\/div>\n\t\t\t\t<\/div>\n\t\t\t\t<div class=\"elementor-element elementor-element-a57e75b elementor-widget elementor-widget-heading\" data-id=\"a57e75b\" data-element_type=\"widget\" data-e-type=\"widget\" data-widget_type=\"heading.default\">\n\t\t\t\t<div class=\"elementor-widget-container\">\n\t\t\t\t\t<h3 class=\"elementor-heading-title elementor-size-default\"><a href=\"https:\/\/www.uestra.de\/fahrplan\/linien-fahrplaene\/fahrplaene\/?tx_gvhroutemaps_list%5Baction%5D=detail&#038;tx_gvhroutemaps_list%5Bcontroller%5D=RouteMaps&#038;tx_gvhroutemaps_list%5BefaId%5D=gvh%3A03100%3A%20%3AH%3Aj24&#038;tx_gvhroutemaps_list%5Bversion%5D=2&#038;cHash=36b2de14fce68c43211c94b163bd204d\" target=\"_blank\" rel=\"noopener\">Horaire de la ligne 100<\/a><\/h3>\t\t\t\t<\/div>\n\t\t\t\t<\/div>\n\t\t\t\t<div class=\"elementor-element elementor-element-381e161 elementor-view-default elementor-widget elementor-widget-icon\" data-id=\"381e161\" data-element_type=\"widget\" data-e-type=\"widget\" data-widget_type=\"icon.default\">\n\t\t\t\t<div class=\"elementor-widget-container\">\n\t\t\t\t\t\t\t<div class=\"elementor-icon-wrapper\">\n\t\t\t<a class=\"elementor-icon\" href=\"https:\/\/www.uestra.de\/fahrplan\/linien-fahrplaene\/fahrplaene\/?tx_gvhroutemaps_list%5Baction%5D=detail&#038;tx_gvhroutemaps_list%5Bcontroller%5D=RouteMaps&#038;tx_gvhroutemaps_list%5BefaId%5D=gvh%3A03100%3A%20%3AH%3Aj24&#038;tx_gvhroutemaps_list%5Bversion%5D=2&#038;cHash=36b2de14fce68c43211c94b163bd204d\" target=\"_blank\" rel=\"noopener\">\n\t\t\t<svg aria-hidden=\"true\" class=\"e-font-icon-svg e-fas-chevron-right\" viewbox=\"0 0 320 512\" xmlns=\"http:\/\/www.w3.org\/2000\/svg\"><path d=\"M285.476 272.971L91.132 467.314c-9.373 9.373-24.569 9.373-33.941 0l-22.667-22.667c-9.357-9.357-9.375-24.522-.04-33.901L188.505 256 34.484 101.255c-9.335-9.379-9.317-24.544.04-33.901l22.667-22.667c9.373-9.373 24.569-9.373 33.941 0L285.475 239.03c9.373 9.372 9.373 24.568.001 33.941z\"><\/path><\/svg>\t\t\t<\/a>\n\t\t<\/div>\n\t\t\t\t\t\t<\/div>\n\t\t\t\t<\/div>\n\t\t\t\t<\/div>\n\t\t<div class=\"elementor-element elementor-element-59ecce1 e-con-full e-flex e-con e-child\" data-id=\"59ecce1\" data-element_type=\"container\" data-e-type=\"container\" data-settings=\"{&quot;background_background&quot;:&quot;classic&quot;}\">\n\t\t\t\t<div class=\"elementor-element elementor-element-493c0cd elementor-widget elementor-widget-image\" data-id=\"493c0cd\" data-element_type=\"widget\" data-e-type=\"widget\" data-widget_type=\"image.default\">\n\t\t\t\t<div class=\"elementor-widget-container\">\n\t\t\t\t\t\t\t\t\t\t\t\t\t\t\t<img decoding=\"async\" width=\"612\" height=\"232\" src=\"https:\/\/www.maschseefest.de\/wp-content\/uploads\/2024\/07\/maschseefest-sponsor-uestra.png\" class=\"attachment-large size-large wp-image-3954\" alt=\"\" srcset=\"https:\/\/www.maschseefest.de\/wp-content\/uploads\/2024\/07\/maschseefest-sponsor-uestra.png 612w, https:\/\/www.maschseefest.de\/wp-content\/uploads\/2024\/07\/maschseefest-sponsor-uestra-300x114.png 300w\" sizes=\"(max-width: 612px) 100vw, 612px\" \/>\t\t\t\t\t\t\t\t\t\t\t\t\t\t\t<\/div>\n\t\t\t\t<\/div>\n\t\t\t\t<div class=\"elementor-element elementor-element-b94eaa5 elementor-widget elementor-widget-heading\" data-id=\"b94eaa5\" data-element_type=\"widget\" data-e-type=\"widget\" data-widget_type=\"heading.default\">\n\t\t\t\t<div class=\"elementor-widget-container\">\n\t\t\t\t\t<h3 class=\"elementor-heading-title elementor-size-default\"><a href=\"https:\/\/www.uestra.de\/fahrplan\/linien-fahrplaene\/fahrplaene\/?tx_gvhroutemaps_list%5Baction%5D=detail&#038;tx_gvhroutemaps_list%5Bcontroller%5D=RouteMaps&#038;tx_gvhroutemaps_list%5BefaId%5D=gvh%3A03200%3A%20%3AH%3Aj24&#038;tx_gvhroutemaps_list%5Bversion%5D=2&#038;cHash=3aebe9645464c52d00c116e8874bd40d\" target=\"_blank\" rel=\"noopener\">Horaire ligne 200<\/a><\/h3>\t\t\t\t<\/div>\n\t\t\t\t<\/div>\n\t\t\t\t<div class=\"elementor-element elementor-element-f924c43 elementor-view-default elementor-widget elementor-widget-icon\" data-id=\"f924c43\" data-element_type=\"widget\" data-e-type=\"widget\" data-widget_type=\"icon.default\">\n\t\t\t\t<div class=\"elementor-widget-container\">\n\t\t\t\t\t\t\t<div class=\"elementor-icon-wrapper\">\n\t\t\t<a class=\"elementor-icon\" href=\"https:\/\/www.uestra.de\/fahrplan\/linien-fahrplaene\/fahrplaene\/?tx_gvhroutemaps_list%5Baction%5D=detail&#038;tx_gvhroutemaps_list%5Bcontroller%5D=RouteMaps&#038;tx_gvhroutemaps_list%5BefaId%5D=gvh%3A03200%3A%20%3AH%3Aj24&#038;tx_gvhroutemaps_list%5Bversion%5D=2&#038;cHash=3aebe9645464c52d00c116e8874bd40d\" target=\"_blank\" rel=\"noopener\">\n\t\t\t<svg aria-hidden=\"true\" class=\"e-font-icon-svg e-fas-chevron-right\" viewbox=\"0 0 320 512\" xmlns=\"http:\/\/www.w3.org\/2000\/svg\"><path d=\"M285.476 272.971L91.132 467.314c-9.373 9.373-24.569 9.373-33.941 0l-22.667-22.667c-9.357-9.357-9.375-24.522-.04-33.901L188.505 256 34.484 101.255c-9.335-9.379-9.317-24.544.04-33.901l22.667-22.667c9.373-9.373 24.569-9.373 33.941 0L285.475 239.03c9.373 9.372 9.373 24.568.001 33.941z\"><\/path><\/svg>\t\t\t<\/a>\n\t\t<\/div>\n\t\t\t\t\t\t<\/div>\n\t\t\t\t<\/div>\n\t\t\t\t<\/div>\n\t\t\t\t<div class=\"elementor-element elementor-element-9ee6280 elementor-widget elementor-widget-heading\" data-id=\"9ee6280\" data-element_type=\"widget\" data-e-type=\"widget\" data-widget_type=\"heading.default\">\n\t\t\t\t<div class=\"elementor-widget-container\">\n\t\t\t\t\t<h3 class=\"elementor-heading-title elementor-size-default\">Ligne de bus sp\u00e9ciale 267 pendant la f\u00eate du lac Maschsee et la ligne de bus 800<\/h3>\t\t\t\t<\/div>\n\t\t\t\t<\/div>\n\t\t\t\t<div class=\"elementor-element elementor-element-65ed97c elementor-widget elementor-widget-text-editor\" data-id=\"65ed97c\" data-element_type=\"widget\" data-e-type=\"widget\" data-widget_type=\"text-editor.default\">\n\t\t\t\t<div class=\"elementor-widget-container\">\n\t\t\t\t\t\t\t\t\t<p>Pendant la f\u00eate, vous pouvez prendre le bus 267 pour vous rendre facilement jusqu'au lac et d'un endroit \u00e0 l'autre.<\/p><p>Sans avoir \u00e0 chercher une place de parking et sans risquer de perdre son permis de conduire, vous pouvez prendre la ligne de bus 267 sp\u00e9cialement cr\u00e9\u00e9e pour la Maschseefest.\u00a0<\/p><p>La ligne \u00e9v\u00e9nementielle 267 circule plusieurs fois par heure vers les rives du lac pendant toute la dur\u00e9e de la Maschseefest. Les bus font la navette entre les arr\u00eats \"Kr\u00f6pcke\" et \"Maschsee\/Strandbad\". En cours de route, entre les terminus, les bus desservent les arr\u00eats \"Aegidientorplatz\", \"Rathaus\/Bleichenstra\u00dfe\", \"Maschsee\/Sprengel Museum\", \"Maschsee\/Funkhaus\", \"Maschsee\/Geibelstra\u00dfe\", \"Maschsee\/Altenbekener Damm\" et \"Maschsee\/L\u00f6wenbastion\".<\/p><h5><strong>Horaires pendant la f\u00eate du lac Maschsee<\/strong><\/h5><p><strong>Horaires au d\u00e9part de Kr\u00f6pcke (toutes les 15 minutes) :<\/strong><br \/>Lundi - jeudi : \u00e0 partir d'env. 18h00 (premi\u00e8re course) - 1h00 (derni\u00e8re course)<br \/>Vendredi \/ samedi : \u00e0 partir d'env. 14h00 (premi\u00e8re course) - 2h30 (derni\u00e8re course)<br \/>Dimanche : \u00e0 partir d'environ 11h00 (premi\u00e8re course) - 1h30 (derni\u00e8re course)<\/p><p><strong>Les arr\u00eats suivants sont desservis \u00e0 partir de Kr\u00f6pcke :<\/strong><\/p><p>Place de la porte d'Aegidi (1 min.)<br \/>H\u00f4tel de ville \/ Bleichenstra\u00dfe (4 min.)<br \/>Maschsee \/ Mus\u00e9e Sprengel (6 min.)<br \/>Maschsee \/ Maison de la radio (8 min.)<br \/>Maschsee \/ Geibelstra\u00dfe (10 min.)<br \/>Maschsee \/ Altenbekener Damm (12 min.)<br \/>Maschsee \/ L\u00f6wenbastion (14 min.)<br \/>Maschsee \/ plage (16 min.)<\/p><p><strong>D\u00e9part de la ville : Horaires au d\u00e9part de Maschsee \/ Strandbad (toutes les 15 minutes) :<\/strong><br \/>Lundi - jeudi : \u00e0 partir d'env. 18h00 (premi\u00e8re course) - 1h00 (derni\u00e8re course)<br \/>Vendredi \/ samedi : \u00e0 partir d'env. 14h00 (premi\u00e8re course) - 2h30 (derni\u00e8re course)<br \/>Dimanche : \u00e0 partir d'environ 11h00 (premi\u00e8re course) - 1h30 (derni\u00e8re course)<\/p><p>Le site <strong>sprintH Ligne de bus 800<\/strong> circule entre \"Mehrum\" et \"Kr\u00f6pcke\" et dessert les arr\u00eats \"Maschsee\/Altenbekener Damm\", \"Maschsee\/Funkhaus\" et \"Maschsee\/Sprengel Museum\" directement au bord du lac Maschsee. En plus des arr\u00eats r\u00e9guliers, l'arr\u00eat \"Maschsee\/Geibelstra\u00dfe\" de la ligne 267 est \u00e9galement desservi.<\/p>\t\t\t\t\t\t\t\t<\/div>\n\t\t\t\t<\/div>\n\t\t<div class=\"elementor-element elementor-element-3315d99 e-con-full e-flex e-con e-child\" data-id=\"3315d99\" data-element_type=\"container\" data-e-type=\"container\" data-settings=\"{&quot;background_background&quot;:&quot;classic&quot;}\">\n\t\t\t\t<div class=\"elementor-element elementor-element-ed7f0b1 elementor-widget elementor-widget-image\" data-id=\"ed7f0b1\" data-element_type=\"widget\" data-e-type=\"widget\" data-widget_type=\"image.default\">\n\t\t\t\t<div class=\"elementor-widget-container\">\n\t\t\t\t\t\t\t\t\t\t\t\t\t\t\t<img decoding=\"async\" width=\"612\" height=\"232\" src=\"https:\/\/www.maschseefest.de\/wp-content\/uploads\/2024\/07\/maschseefest-sponsor-uestra.png\" class=\"attachment-large size-large wp-image-3954\" alt=\"\" srcset=\"https:\/\/www.maschseefest.de\/wp-content\/uploads\/2024\/07\/maschseefest-sponsor-uestra.png 612w, https:\/\/www.maschseefest.de\/wp-content\/uploads\/2024\/07\/maschseefest-sponsor-uestra-300x114.png 300w\" sizes=\"(max-width: 612px) 100vw, 612px\" \/>\t\t\t\t\t\t\t\t\t\t\t\t\t\t\t<\/div>\n\t\t\t\t<\/div>\n\t\t\t\t<div class=\"elementor-element elementor-element-02b5620 elementor-widget elementor-widget-heading\" data-id=\"02b5620\" data-element_type=\"widget\" data-e-type=\"widget\" data-widget_type=\"heading.default\">\n\t\t\t\t<div class=\"elementor-widget-container\">\n\t\t\t\t\t<h3 class=\"elementor-heading-title elementor-size-default\"><a href=\"https:\/\/www.uestra.de\/fahrplan\/linien-fahrplaene\/fahrplaene\/?tx_gvhroutemaps_list%5Baction%5D=detail&#038;tx_gvhroutemaps_list%5Bcontroller%5D=RouteMaps&#038;tx_gvhroutemaps_list%5BefaId%5D=gvh%3A03267%3A%20%3AH%3Aj24&#038;tx_gvhroutemaps_list%5Bversion%5D=1&#038;cHash=a8bb2f83a2f71069f3e4b3b9c0f704ed\" target=\"_blank\" rel=\"noopener\">Horaire de la ligne de bus sp\u00e9ciale 267<\/a><\/h3>\t\t\t\t<\/div>\n\t\t\t\t<\/div>\n\t\t\t\t<div class=\"elementor-element elementor-element-8347a00 elementor-view-default elementor-widget elementor-widget-icon\" data-id=\"8347a00\" data-element_type=\"widget\" data-e-type=\"widget\" data-widget_type=\"icon.default\">\n\t\t\t\t<div class=\"elementor-widget-container\">\n\t\t\t\t\t\t\t<div class=\"elementor-icon-wrapper\">\n\t\t\t<a class=\"elementor-icon\" href=\"https:\/\/www.uestra.de\/fahrplan\/linien-fahrplaene\/fahrplaene\/?tx_gvhroutemaps_list%5Baction%5D=detail&#038;tx_gvhroutemaps_list%5Bcontroller%5D=RouteMaps&#038;tx_gvhroutemaps_list%5BefaId%5D=gvh%3A03267%3A%20%3AH%3Aj24&#038;tx_gvhroutemaps_list%5Bversion%5D=1&#038;cHash=a8bb2f83a2f71069f3e4b3b9c0f704ed\" target=\"_blank\" rel=\"noopener\">\n\t\t\t<svg aria-hidden=\"true\" class=\"e-font-icon-svg e-fas-chevron-right\" viewbox=\"0 0 320 512\" xmlns=\"http:\/\/www.w3.org\/2000\/svg\"><path d=\"M285.476 272.971L91.132 467.314c-9.373 9.373-24.569 9.373-33.941 0l-22.667-22.667c-9.357-9.357-9.375-24.522-.04-33.901L188.505 256 34.484 101.255c-9.335-9.379-9.317-24.544.04-33.901l22.667-22.667c9.373-9.373 24.569-9.373 33.941 0L285.475 239.03c9.373 9.372 9.373 24.568.001 33.941z\"><\/path><\/svg>\t\t\t<\/a>\n\t\t<\/div>\n\t\t\t\t\t\t<\/div>\n\t\t\t\t<\/div>\n\t\t\t\t<\/div>\n\t\t<div class=\"elementor-element elementor-element-6a3f148 e-con-full e-flex e-con e-child\" data-id=\"6a3f148\" data-element_type=\"container\" data-e-type=\"container\" data-settings=\"{&quot;background_background&quot;:&quot;classic&quot;}\">\n\t\t\t\t<div class=\"elementor-element elementor-element-ed55d95 elementor-widget elementor-widget-image\" data-id=\"ed55d95\" data-element_type=\"widget\" data-e-type=\"widget\" data-widget_type=\"image.default\">\n\t\t\t\t<div class=\"elementor-widget-container\">\n\t\t\t\t\t\t\t\t\t\t\t\t\t\t\t<img decoding=\"async\" width=\"612\" height=\"232\" src=\"https:\/\/www.maschseefest.de\/wp-content\/uploads\/2024\/07\/maschseefest-sponsor-uestra.png\" class=\"attachment-large size-large wp-image-3954\" alt=\"\" srcset=\"https:\/\/www.maschseefest.de\/wp-content\/uploads\/2024\/07\/maschseefest-sponsor-uestra.png 612w, https:\/\/www.maschseefest.de\/wp-content\/uploads\/2024\/07\/maschseefest-sponsor-uestra-300x114.png 300w\" sizes=\"(max-width: 612px) 100vw, 612px\" \/>\t\t\t\t\t\t\t\t\t\t\t\t\t\t\t<\/div>\n\t\t\t\t<\/div>\n\t\t\t\t<div class=\"elementor-element elementor-element-48b8072 elementor-widget elementor-widget-heading\" data-id=\"48b8072\" data-element_type=\"widget\" data-e-type=\"widget\" data-widget_type=\"heading.default\">\n\t\t\t\t<div class=\"elementor-widget-container\">\n\t\t\t\t\t<h3 class=\"elementor-heading-title elementor-size-default\"><a href=\"https:\/\/www.uestra.de\/fahrplan\/linien-fahrplaene\/fahrplaene\/?tx_gvhroutemaps_list%5Baction%5D=detail&#038;tx_gvhroutemaps_list%5Bcontroller%5D=RouteMaps&#038;tx_gvhroutemaps_list%5BefaId%5D=gvh%3A03800%3A%20%3AH%3Aj24&#038;tx_gvhroutemaps_list%5Bversion%5D=1&#038;cHash=12847de625e29c47ba832ae33a8ecc1f\" target=\"_blank\" rel=\"noopener\">Horaire ligne 800<\/a><\/h3>\t\t\t\t<\/div>\n\t\t\t\t<\/div>\n\t\t\t\t<div class=\"elementor-element elementor-element-c4ade1d elementor-view-default elementor-widget elementor-widget-icon\" data-id=\"c4ade1d\" data-element_type=\"widget\" data-e-type=\"widget\" data-widget_type=\"icon.default\">\n\t\t\t\t<div class=\"elementor-widget-container\">\n\t\t\t\t\t\t\t<div class=\"elementor-icon-wrapper\">\n\t\t\t<a class=\"elementor-icon\" href=\"https:\/\/www.uestra.de\/fahrplan\/linien-fahrplaene\/fahrplaene\/?tx_gvhroutemaps_list%5Baction%5D=detail&#038;tx_gvhroutemaps_list%5Bcontroller%5D=RouteMaps&#038;tx_gvhroutemaps_list%5BefaId%5D=gvh%3A03800%3A%20%3AH%3Aj24&#038;tx_gvhroutemaps_list%5Bversion%5D=1&#038;cHash=12847de625e29c47ba832ae33a8ecc1f\" target=\"_blank\" rel=\"noopener\">\n\t\t\t<svg aria-hidden=\"true\" class=\"e-font-icon-svg e-fas-chevron-right\" viewbox=\"0 0 320 512\" xmlns=\"http:\/\/www.w3.org\/2000\/svg\"><path d=\"M285.476 272.971L91.132 467.314c-9.373 9.373-24.569 9.373-33.941 0l-22.667-22.667c-9.357-9.357-9.375-24.522-.04-33.901L188.505 256 34.484 101.255c-9.335-9.379-9.317-24.544.04-33.901l22.667-22.667c9.373-9.373 24.569-9.373 33.941 0L285.475 239.03c9.373 9.372 9.373 24.568.001 33.941z\"><\/path><\/svg>\t\t\t<\/a>\n\t\t<\/div>\n\t\t\t\t\t\t<\/div>\n\t\t\t\t<\/div>\n\t\t\t\t<\/div>\n\t\t\t\t<div class=\"elementor-element elementor-element-9dae5eb elementor-widget-divider--view-line elementor-widget elementor-widget-divider\" data-id=\"9dae5eb\" data-element_type=\"widget\" data-e-type=\"widget\" data-widget_type=\"divider.default\">\n\t\t\t\t<div class=\"elementor-widget-container\">\n\t\t\t\t\t\t\t<div class=\"elementor-divider\">\n\t\t\t<span class=\"elementor-divider-separator\">\n\t\t\t\t\t\t<\/span>\n\t\t<\/div>\n\t\t\t\t\t\t<\/div>\n\t\t\t\t<\/div>\n\t\t\t\t\t<\/div>\n\t\t\t\t<\/div>\n\t\t<div class=\"elementor-element elementor-element-8ce1e83 e-flex e-con-boxed e-con e-parent\" data-id=\"8ce1e83\" data-element_type=\"container\" data-e-type=\"container\">\n\t\t\t\t\t<div class=\"e-con-inner\">\n\t\t\t\t<div class=\"elementor-element elementor-element-2a62856 elementor-widget elementor-widget-image\" data-id=\"2a62856\" data-element_type=\"widget\" data-e-type=\"widget\" data-widget_type=\"image.default\">\n\t\t\t\t<div class=\"elementor-widget-container\">\n\t\t\t\t\t\t\t\t\t\t\t\t\t\t\t<img decoding=\"async\" width=\"800\" height=\"470\" src=\"https:\/\/www.maschseefest.de\/wp-content\/uploads\/2024\/07\/Uestra-Teaser-e1720090354308-1024x602.jpg\" class=\"attachment-large size-large wp-image-1698\" alt=\"\u00dcstra\" srcset=\"https:\/\/www.maschseefest.de\/wp-content\/uploads\/2024\/07\/Uestra-Teaser-e1720090354308-1024x602.jpg 1024w, https:\/\/www.maschseefest.de\/wp-content\/uploads\/2024\/07\/Uestra-Teaser-e1720090354308-300x176.jpg 300w, https:\/\/www.maschseefest.de\/wp-content\/uploads\/2024\/07\/Uestra-Teaser-e1720090354308-768x452.jpg 768w, https:\/\/www.maschseefest.de\/wp-content\/uploads\/2024\/07\/Uestra-Teaser-e1720090354308-1536x903.jpg 1536w, https:\/\/www.maschseefest.de\/wp-content\/uploads\/2024\/07\/Uestra-Teaser-e1720090354308.jpg 2000w\" sizes=\"(max-width: 800px) 100vw, 800px\" \/>\t\t\t\t\t\t\t\t\t\t\t\t\t\t\t<\/div>\n\t\t\t\t<\/div>\n\t\t\t\t<div class=\"elementor-element elementor-element-eb53dac elementor-widget elementor-widget-heading\" data-id=\"eb53dac\" data-element_type=\"widget\" data-e-type=\"widget\" data-widget_type=\"heading.default\">\n\t\t\t\t<div class=\"elementor-widget-container\">\n\t\t\t\t\t<h3 class=\"elementor-heading-title elementor-size-default\">Arriv\u00e9e en train urbain<\/h3>\t\t\t\t<\/div>\n\t\t\t\t<\/div>\n\t\t\t\t<div class=\"elementor-element elementor-element-3773c3e elementor-widget elementor-widget-text-editor\" data-id=\"3773c3e\" data-element_type=\"widget\" data-e-type=\"widget\" data-widget_type=\"text-editor.default\">\n\t\t\t\t<div class=\"elementor-widget-container\">\n\t\t\t\t\t\t\t\t\t<p>Avec les<strong> Lignes 1<\/strong> (Laatzen\/Sarstedt), <strong>2<\/strong> (Rethen), et <strong>8<\/strong> (Messe\/Nord), vous pouvez aller de la gare centrale (ou Kr\u00f6pcke) jusqu'aux stations suivantes :<br \/><strong>Aegidientorplatz, Schl\u00e4gerstra\u00dfe, Geibelstra\u00dfe, Altenbekener Damm ou D\u00f6hrener Turm<\/strong>.<\/p><p>De l\u00e0, vous vous dirigez vers l'ouest jusqu'\u00e0 la rive est du lac Maschsee (dix minutes \u00e0 pied).<\/p><p>Ou vous pouvez prendre les <strong>Lignes 3, 7<\/strong> (Wettbergen), <strong>13<\/strong> (Hemmingen) et <strong>9<\/strong> (Empelde) de la gare centrale ou de Kr\u00f6pcke jusqu'\u00e0 la station :<strong> Waterloo.<\/strong><\/p><p>Se dirige vers le sud en passant par la Waterloostra\u00dfe et la Bruchmeisterallee jusqu'\u00e0 la rive nord (\u00e0 peine 10 minutes de marche).<\/p>\t\t\t\t\t\t\t\t<\/div>\n\t\t\t\t<\/div>\n\t\t<div class=\"elementor-element elementor-element-65ecb67 e-con-full e-flex e-con e-child\" data-id=\"65ecb67\" data-element_type=\"container\" data-e-type=\"container\" data-settings=\"{&quot;background_background&quot;:&quot;classic&quot;}\">\n\t\t\t\t<div class=\"elementor-element elementor-element-5c96ee0 elementor-widget elementor-widget-image\" data-id=\"5c96ee0\" data-element_type=\"widget\" data-e-type=\"widget\" data-widget_type=\"image.default\">\n\t\t\t\t<div class=\"elementor-widget-container\">\n\t\t\t\t\t\t\t\t\t\t\t\t\t\t\t<img decoding=\"async\" width=\"612\" height=\"232\" src=\"https:\/\/www.maschseefest.de\/wp-content\/uploads\/2024\/07\/maschseefest-sponsor-uestra.png\" class=\"attachment-large size-large wp-image-3954\" alt=\"\" srcset=\"https:\/\/www.maschseefest.de\/wp-content\/uploads\/2024\/07\/maschseefest-sponsor-uestra.png 612w, https:\/\/www.maschseefest.de\/wp-content\/uploads\/2024\/07\/maschseefest-sponsor-uestra-300x114.png 300w\" sizes=\"(max-width: 612px) 100vw, 612px\" \/>\t\t\t\t\t\t\t\t\t\t\t\t\t\t\t<\/div>\n\t\t\t\t<\/div>\n\t\t\t\t<div class=\"elementor-element elementor-element-fe46a57 elementor-widget elementor-widget-heading\" data-id=\"fe46a57\" data-element_type=\"widget\" data-e-type=\"widget\" data-widget_type=\"heading.default\">\n\t\t\t\t<div class=\"elementor-widget-container\">\n\t\t\t\t\t<h3 class=\"elementor-heading-title elementor-size-default\"><a href=\"https:\/\/www.uestra.de\/fahrplan\/auskunft\/\" target=\"_blank\" rel=\"noopener\">Renseignements sur les horaires de la \u00dcSTRA<\/a><\/h3>\t\t\t\t<\/div>\n\t\t\t\t<\/div>\n\t\t\t\t<div class=\"elementor-element elementor-element-9d95f63 elementor-view-default elementor-widget elementor-widget-icon\" data-id=\"9d95f63\" data-element_type=\"widget\" data-e-type=\"widget\" data-widget_type=\"icon.default\">\n\t\t\t\t<div class=\"elementor-widget-container\">\n\t\t\t\t\t\t\t<div class=\"elementor-icon-wrapper\">\n\t\t\t<a class=\"elementor-icon\" href=\"https:\/\/www.uestra.de\/fahrplan\/auskunft\/\" target=\"_blank\" rel=\"noopener\">\n\t\t\t<svg aria-hidden=\"true\" class=\"e-font-icon-svg e-fas-chevron-right\" viewbox=\"0 0 320 512\" xmlns=\"http:\/\/www.w3.org\/2000\/svg\"><path d=\"M285.476 272.971L91.132 467.314c-9.373 9.373-24.569 9.373-33.941 0l-22.667-22.667c-9.357-9.357-9.375-24.522-.04-33.901L188.505 256 34.484 101.255c-9.335-9.379-9.317-24.544.04-33.901l22.667-22.667c9.373-9.373 24.569-9.373 33.941 0L285.475 239.03c9.373 9.372 9.373 24.568.001 33.941z\"><\/path><\/svg>\t\t\t<\/a>\n\t\t<\/div>\n\t\t\t\t\t\t<\/div>\n\t\t\t\t<\/div>\n\t\t\t\t<\/div>\n\t\t\t\t<div class=\"elementor-element elementor-element-eb7ff93 elementor-widget elementor-widget-image\" data-id=\"eb7ff93\" data-element_type=\"widget\" data-e-type=\"widget\" data-widget_type=\"image.default\">\n\t\t\t\t<div class=\"elementor-widget-container\">\n\t\t\t\t\t\t\t\t\t\t\t\t\t\t\t<img loading=\"lazy\" decoding=\"async\" width=\"800\" height=\"800\" src=\"https:\/\/www.maschseefest.de\/wp-content\/uploads\/2025\/06\/Maschseefest_Anfahrtskizze_Social-Media_1400x1400px_2024-1024x1024.jpg\" class=\"attachment-large size-large wp-image-6596\" alt=\"\" srcset=\"https:\/\/www.maschseefest.de\/wp-content\/uploads\/2025\/06\/Maschseefest_Anfahrtskizze_Social-Media_1400x1400px_2024-1024x1024.jpg 1024w, https:\/\/www.maschseefest.de\/wp-content\/uploads\/2025\/06\/Maschseefest_Anfahrtskizze_Social-Media_1400x1400px_2024-300x300.jpg 300w, https:\/\/www.maschseefest.de\/wp-content\/uploads\/2025\/06\/Maschseefest_Anfahrtskizze_Social-Media_1400x1400px_2024-150x150.jpg 150w, https:\/\/www.maschseefest.de\/wp-content\/uploads\/2025\/06\/Maschseefest_Anfahrtskizze_Social-Media_1400x1400px_2024-768x768.jpg 768w, https:\/\/www.maschseefest.de\/wp-content\/uploads\/2025\/06\/Maschseefest_Anfahrtskizze_Social-Media_1400x1400px_2024-1536x1536.jpg 1536w, https:\/\/www.maschseefest.de\/wp-content\/uploads\/2025\/06\/Maschseefest_Anfahrtskizze_Social-Media_1400x1400px_2024-2048x2048.jpg 2048w, https:\/\/www.maschseefest.de\/wp-content\/uploads\/2025\/06\/Maschseefest_Anfahrtskizze_Social-Media_1400x1400px_2024-12x12.jpg 12w\" sizes=\"(max-width: 800px) 100vw, 800px\" \/>\t\t\t\t\t\t\t\t\t\t\t\t\t\t\t<\/div>\n\t\t\t\t<\/div>\n\t\t\t\t<div class=\"elementor-element elementor-element-dde6868 elementor-widget-divider--view-line elementor-widget elementor-widget-divider\" data-id=\"dde6868\" data-element_type=\"widget\" data-e-type=\"widget\" data-widget_type=\"divider.default\">\n\t\t\t\t<div class=\"elementor-widget-container\">\n\t\t\t\t\t\t\t<div class=\"elementor-divider\">\n\t\t\t<span class=\"elementor-divider-separator\">\n\t\t\t\t\t\t<\/span>\n\t\t<\/div>\n\t\t\t\t\t\t<\/div>\n\t\t\t\t<\/div>\n\t\t\t\t\t<\/div>\n\t\t\t\t<\/div>\n\t\t<div class=\"elementor-element elementor-element-7ca2c9a e-flex e-con-boxed e-con e-parent\" data-id=\"7ca2c9a\" data-element_type=\"container\" data-e-type=\"container\">\n\t\t\t\t\t<div class=\"e-con-inner\">\n\t\t\t\t<div class=\"elementor-element elementor-element-3750704 elementor-widget elementor-widget-image\" data-id=\"3750704\" data-element_type=\"widget\" data-e-type=\"widget\" data-widget_type=\"image.default\">\n\t\t\t\t<div class=\"elementor-widget-container\">\n\t\t\t\t\t\t\t\t\t\t\t\t\t\t\t<img loading=\"lazy\" decoding=\"async\" width=\"800\" height=\"557\" src=\"https:\/\/www.maschseefest.de\/wp-content\/uploads\/2024\/07\/S4_oben_rechts-1024x713.jpg\" class=\"attachment-large size-large wp-image-3335\" alt=\"\" srcset=\"https:\/\/www.maschseefest.de\/wp-content\/uploads\/2024\/07\/S4_oben_rechts-1024x713.jpg 1024w, https:\/\/www.maschseefest.de\/wp-content\/uploads\/2024\/07\/S4_oben_rechts-300x209.jpg 300w, https:\/\/www.maschseefest.de\/wp-content\/uploads\/2024\/07\/S4_oben_rechts-768x535.jpg 768w, https:\/\/www.maschseefest.de\/wp-content\/uploads\/2024\/07\/S4_oben_rechts.jpg 1240w\" sizes=\"(max-width: 800px) 100vw, 800px\" \/>\t\t\t\t\t\t\t\t\t\t\t\t\t\t\t<\/div>\n\t\t\t\t<\/div>\n\t\t\t\t<div class=\"elementor-element elementor-element-209d5e3 elementor-widget elementor-widget-heading\" data-id=\"209d5e3\" data-element_type=\"widget\" data-e-type=\"widget\" data-widget_type=\"heading.default\">\n\t\t\t\t<div class=\"elementor-widget-container\">\n\t\t\t\t\t<h3 class=\"elementor-heading-title elementor-size-default\">Informations sur les titres de transport dans la r\u00e9gion de Hanovre<\/h3>\t\t\t\t<\/div>\n\t\t\t\t<\/div>\n\t\t\t\t<div class=\"elementor-element elementor-element-0659e26 elementor-widget elementor-widget-heading\" data-id=\"0659e26\" data-element_type=\"widget\" data-e-type=\"widget\" data-widget_type=\"heading.default\">\n\t\t\t\t<div class=\"elementor-widget-container\">\n\t\t\t\t\t<h3 class=\"elementor-heading-title elementor-size-default\">Arriv\u00e9e en train<\/h3>\t\t\t\t<\/div>\n\t\t\t\t<\/div>\n\t\t\t\t<div class=\"elementor-element elementor-element-fdfe3f4 elementor-widget elementor-widget-text-editor\" data-id=\"fdfe3f4\" data-element_type=\"widget\" data-e-type=\"widget\" data-widget_type=\"text-editor.default\">\n\t\t\t\t<div class=\"elementor-widget-container\">\n\t\t\t\t\t\t\t\t\t<p>Pour les trajets \u00e0 l'int\u00e9rieur de la r\u00e9gion de Hanovre, nous recommandons le\u00a0<strong>Billets de la soci\u00e9t\u00e9 Gro\u00dfraumverkehr Hannover (GVH)<\/strong>Les billets pour les trains de banlieue sont \u00e9galement valables dans les trains DB Regio, metronom, erixx et WestfalenBahn (en 2e classe).<\/p>\t\t\t\t\t\t\t\t<\/div>\n\t\t\t\t<\/div>\n\t\t<div class=\"elementor-element elementor-element-c8193d5 e-con-full e-flex e-con e-child\" data-id=\"c8193d5\" data-element_type=\"container\" data-e-type=\"container\" data-settings=\"{&quot;background_background&quot;:&quot;classic&quot;}\">\n\t\t\t\t<div class=\"elementor-element elementor-element-93d9911 elementor-widget elementor-widget-image\" data-id=\"93d9911\" data-element_type=\"widget\" data-e-type=\"widget\" data-widget_type=\"image.default\">\n\t\t\t\t<div class=\"elementor-widget-container\">\n\t\t\t\t\t\t\t\t\t\t\t\t\t\t\t<img loading=\"lazy\" decoding=\"async\" width=\"800\" height=\"395\" src=\"https:\/\/www.maschseefest.de\/wp-content\/uploads\/2024\/07\/9da2f27df6aed1c54fd91f155ee67e84-1024x506.png\" class=\"attachment-large size-large wp-image-1153\" alt=\"\" srcset=\"https:\/\/www.maschseefest.de\/wp-content\/uploads\/2024\/07\/9da2f27df6aed1c54fd91f155ee67e84-1024x506.png 1024w, https:\/\/www.maschseefest.de\/wp-content\/uploads\/2024\/07\/9da2f27df6aed1c54fd91f155ee67e84-300x148.png 300w, https:\/\/www.maschseefest.de\/wp-content\/uploads\/2024\/07\/9da2f27df6aed1c54fd91f155ee67e84-768x379.png 768w, https:\/\/www.maschseefest.de\/wp-content\/uploads\/2024\/07\/9da2f27df6aed1c54fd91f155ee67e84.png 1280w\" sizes=\"(max-width: 800px) 100vw, 800px\" \/>\t\t\t\t\t\t\t\t\t\t\t\t\t\t\t<\/div>\n\t\t\t\t<\/div>\n\t\t\t\t<div class=\"elementor-element elementor-element-0356263 elementor-widget elementor-widget-heading\" data-id=\"0356263\" data-element_type=\"widget\" data-e-type=\"widget\" data-widget_type=\"heading.default\">\n\t\t\t\t<div class=\"elementor-widget-container\">\n\t\t\t\t\t<h3 class=\"elementor-heading-title elementor-size-default\"><a href=\"https:\/\/shop.gvh.de\/tickets\" target=\"_blank\" rel=\"noopener\">Vers la boutique de mobilit\u00e9 GVH<\/a><\/h3>\t\t\t\t<\/div>\n\t\t\t\t<\/div>\n\t\t\t\t<div class=\"elementor-element elementor-element-e7ece8a elementor-view-default elementor-widget elementor-widget-icon\" data-id=\"e7ece8a\" data-element_type=\"widget\" data-e-type=\"widget\" data-widget_type=\"icon.default\">\n\t\t\t\t<div class=\"elementor-widget-container\">\n\t\t\t\t\t\t\t<div class=\"elementor-icon-wrapper\">\n\t\t\t<a class=\"elementor-icon\" href=\"https:\/\/shop.gvh.de\/tickets\" target=\"_blank\" rel=\"noopener\">\n\t\t\t<svg aria-hidden=\"true\" class=\"e-font-icon-svg e-fas-chevron-right\" viewbox=\"0 0 320 512\" xmlns=\"http:\/\/www.w3.org\/2000\/svg\"><path d=\"M285.476 272.971L91.132 467.314c-9.373 9.373-24.569 9.373-33.941 0l-22.667-22.667c-9.357-9.357-9.375-24.522-.04-33.901L188.505 256 34.484 101.255c-9.335-9.379-9.317-24.544.04-33.901l22.667-22.667c9.373-9.373 24.569-9.373 33.941 0L285.475 239.03c9.373 9.372 9.373 24.568.001 33.941z\"><\/path><\/svg>\t\t\t<\/a>\n\t\t<\/div>\n\t\t\t\t\t\t<\/div>\n\t\t\t\t<\/div>\n\t\t\t\t<\/div>\n\t\t\t\t<div class=\"elementor-element elementor-element-042fd7a elementor-widget elementor-widget-text-editor\" data-id=\"042fd7a\" data-element_type=\"widget\" data-e-type=\"widget\" data-widget_type=\"text-editor.default\">\n\t\t\t\t<div class=\"elementor-widget-container\">\n\t\t\t\t\t\t\t\t\t<p>Pour les personnes venant des environs, il est recommand\u00e9 d'utiliser le S-Bahn Hannover. Il va directement jusqu'\u00e0 la gare centrale de Hanovre.<\/p><p>Le S-Bahn (train de banlieue) de Hanovre relie la gare centrale \u00e0 la p\u00e9riph\u00e9rie au moins toutes les heures jusqu'\u00e0 24 heures. Vendredi \u00e0 samedi et samedi \u00e0 dimanche, il existe en outre <a href=\"https:\/\/www.hannover.de\/Service\/Mobil-in-Hannover\/Nachtsternverkehr\" target=\"_blank\" rel=\"noopener\">Trafic d'\u00e9toiles de nuit<\/a>.<\/p>\t\t\t\t\t\t\t\t<\/div>\n\t\t\t\t<\/div>\n\t\t<div class=\"elementor-element elementor-element-d3a12f1 e-con-full e-flex e-con e-child\" data-id=\"d3a12f1\" data-element_type=\"container\" data-e-type=\"container\" data-settings=\"{&quot;background_background&quot;:&quot;classic&quot;}\">\n\t\t\t\t<div class=\"elementor-element elementor-element-62c0ddd elementor-widget elementor-widget-image\" data-id=\"62c0ddd\" data-element_type=\"widget\" data-e-type=\"widget\" data-widget_type=\"image.default\">\n\t\t\t\t<div class=\"elementor-widget-container\">\n\t\t\t\t\t\t\t\t\t\t\t\t\t\t\t<img loading=\"lazy\" decoding=\"async\" width=\"800\" height=\"541\" src=\"https:\/\/www.maschseefest.de\/wp-content\/uploads\/2024\/07\/DB173781-1-1024x692.png\" class=\"attachment-large size-large wp-image-3340\" alt=\"DB Logo\" srcset=\"https:\/\/www.maschseefest.de\/wp-content\/uploads\/2024\/07\/DB173781-1-1024x692.png 1024w, https:\/\/www.maschseefest.de\/wp-content\/uploads\/2024\/07\/DB173781-1-300x203.png 300w, https:\/\/www.maschseefest.de\/wp-content\/uploads\/2024\/07\/DB173781-1-768x519.png 768w, https:\/\/www.maschseefest.de\/wp-content\/uploads\/2024\/07\/DB173781-1-1536x1038.png 1536w\" sizes=\"(max-width: 800px) 100vw, 800px\" \/>\t\t\t\t\t\t\t\t\t\t\t\t\t\t\t<\/div>\n\t\t\t\t<\/div>\n\t\t\t\t<div class=\"elementor-element elementor-element-3e01444 elementor-widget elementor-widget-heading\" data-id=\"3e01444\" data-element_type=\"widget\" data-e-type=\"widget\" data-widget_type=\"heading.default\">\n\t\t\t\t<div class=\"elementor-widget-container\">\n\t\t\t\t\t<h3 class=\"elementor-heading-title elementor-size-default\"><a href=\"https:\/\/www.bahn.de\/\" target=\"_blank\" rel=\"noopener\">Vers le calcul d'itin\u00e9raires de la DB<\/a><\/h3>\t\t\t\t<\/div>\n\t\t\t\t<\/div>\n\t\t\t\t<div class=\"elementor-element elementor-element-edee5b1 elementor-view-default elementor-widget elementor-widget-icon\" data-id=\"edee5b1\" data-element_type=\"widget\" data-e-type=\"widget\" data-widget_type=\"icon.default\">\n\t\t\t\t<div class=\"elementor-widget-container\">\n\t\t\t\t\t\t\t<div class=\"elementor-icon-wrapper\">\n\t\t\t<a class=\"elementor-icon\" href=\"https:\/\/www.bahn.de\/\" target=\"_blank\" rel=\"noopener\">\n\t\t\t<svg aria-hidden=\"true\" class=\"e-font-icon-svg e-fas-chevron-right\" viewbox=\"0 0 320 512\" xmlns=\"http:\/\/www.w3.org\/2000\/svg\"><path d=\"M285.476 272.971L91.132 467.314c-9.373 9.373-24.569 9.373-33.941 0l-22.667-22.667c-9.357-9.357-9.375-24.522-.04-33.901L188.505 256 34.484 101.255c-9.335-9.379-9.317-24.544.04-33.901l22.667-22.667c9.373-9.373 24.569-9.373 33.941 0L285.475 239.03c9.373 9.372 9.373 24.568.001 33.941z\"><\/path><\/svg>\t\t\t<\/a>\n\t\t<\/div>\n\t\t\t\t\t\t<\/div>\n\t\t\t\t<\/div>\n\t\t\t\t<\/div>\n\t\t\t\t\t<\/div>\n\t\t\t\t<\/div>\n\t\t\t\t<\/div>","protected":false},"excerpt":{"rendered":"<p>Schnell &#8211; problemlos &#8211; sicher! Reist m\u00f6glichst mit \u00f6ffentlichen Verkehrsmitteln an! Das Auto stehen lassen und gem\u00fctlich mit den \u00f6ffentlichen Verkehrsmitteln zum Maschseefest? Nichts einfacher als das! Anreise mit dem Bus Fahrplan Linie 100 Fahrplan Linie 200 Sonderbuslinie 267 w\u00e4hrend des Maschseefestes und die Buslinie 800 W\u00e4hrend des Festes k\u00f6nnt ihr mit der Buslinie 267 [&hellip;]<\/p>\n","protected":false},"author":1,"featured_media":3325,"parent":1126,"menu_order":0,"comment_status":"closed","ping_status":"closed","template":"","meta":{"footnotes":""},"class_list":["post-1152","page","type-page","status-publish","has-post-thumbnail","hentry"],"_links":{"self":[{"href":"https:\/\/www.maschseefest.de\/fr\/wp-json\/wp\/v2\/pages\/1152","targetHints":{"allow":["GET"]}}],"collection":[{"href":"https:\/\/www.maschseefest.de\/fr\/wp-json\/wp\/v2\/pages"}],"about":[{"href":"https:\/\/www.maschseefest.de\/fr\/wp-json\/wp\/v2\/types\/page"}],"author":[{"embeddable":true,"href":"https:\/\/www.maschseefest.de\/fr\/wp-json\/wp\/v2\/users\/1"}],"replies":[{"embeddable":true,"href":"https:\/\/www.maschseefest.de\/fr\/wp-json\/wp\/v2\/comments?post=1152"}],"version-history":[{"count":85,"href":"https:\/\/www.maschseefest.de\/fr\/wp-json\/wp\/v2\/pages\/1152\/revisions"}],"predecessor-version":[{"id":6600,"href":"https:\/\/www.maschseefest.de\/fr\/wp-json\/wp\/v2\/pages\/1152\/revisions\/6600"}],"up":[{"embeddable":true,"href":"https:\/\/www.maschseefest.de\/fr\/wp-json\/wp\/v2\/pages\/1126"}],"wp:featuredmedia":[{"embeddable":true,"href":"https:\/\/www.maschseefest.de\/fr\/wp-json\/wp\/v2\/media\/3325"}],"wp:attachment":[{"href":"https:\/\/www.maschseefest.de\/fr\/wp-json\/wp\/v2\/media?parent=1152"}],"curies":[{"name":"wp","href":"https:\/\/api.w.org\/{rel}","templated":true}]}}