{"id":3179,"date":"2024-07-11T13:02:19","date_gmt":"2024-07-11T11:02:19","guid":{"rendered":"http:\/\/web5.s149.goserver.host\/?page_id=3179"},"modified":"2025-05-06T09:23:16","modified_gmt":"2025-05-06T07:23:16","slug":"kontakt","status":"publish","type":"page","link":"https:\/\/www.maschseefest.de\/fr\/kontakt\/","title":{"rendered":"Contact"},"content":{"rendered":"<div data-elementor-type=\"wp-page\" data-elementor-id=\"3179\" class=\"elementor elementor-3179\" data-elementor-post-type=\"page\">\n\t\t\t\t<div class=\"elementor-element elementor-element-094773a e-flex e-con-boxed e-con e-parent\" data-id=\"094773a\" data-element_type=\"container\" data-e-type=\"container\" data-settings=\"{&quot;background_background&quot;:&quot;classic&quot;}\">\n\t\t\t\t\t<div class=\"e-con-inner\">\n\t\t\t\t<div class=\"elementor-element elementor-element-9051e31 elementor-widget elementor-widget-heading\" data-id=\"9051e31\" data-element_type=\"widget\" data-e-type=\"widget\" data-widget_type=\"heading.default\">\n\t\t\t\t<div class=\"elementor-widget-container\">\n\t\t\t\t\t<h3 class=\"elementor-heading-title elementor-size-default\">Interlocuteurs pour la f\u00eate du lac Maschsee<\/h3>\t\t\t\t<\/div>\n\t\t\t\t<\/div>\n\t\t\t\t<div class=\"elementor-element elementor-element-66b8889 elementor-widget elementor-widget-text-editor\" data-id=\"66b8889\" data-element_type=\"widget\" data-e-type=\"widget\" data-widget_type=\"text-editor.default\">\n\t\t\t\t<div class=\"elementor-widget-container\">\n\t\t\t\t\t\t\t\t\t<div class=\"content-content embed-articles editor-content article-full-view-main-text ezrichtext-field\"><h2>Hannover Veranstaltungs GmbH<\/h2><p>Direction : Andr\u00e9 Lawiszus<\/p><p>Chef de projet : Naomi Peter<\/p><p>7, rue Vahrenwalder<br \/>30165 Hanovre<br \/>Courrier \u00e9lectronique : <a href=\"mailto:maschseefest@hvg-events.de\">maschseefest@hvg-events.de<\/a><\/p><p class=\"emark\">Contact pour la presse : Ela Windels<br \/>Courrier \u00e9lectronique : <a title=\"\" href=\"mailto:presse@hannover-marketing.de\">presse@hannover-marketing.de<\/a><\/p><\/div>\t\t\t\t\t\t\t\t<\/div>\n\t\t\t\t<\/div>\n\t\t\t\t\t<\/div>\n\t\t\t\t<\/div>\n\t\t<div class=\"elementor-element elementor-element-1fede01 e-con-full e-flex e-con e-parent\" data-id=\"1fede01\" data-element_type=\"container\" data-e-type=\"container\">\n\t\t<div class=\"elementor-element elementor-element-ab72cf0 e-con-full e-flex e-con e-child\" data-id=\"ab72cf0\" data-element_type=\"container\" data-e-type=\"container\" data-settings=\"{&quot;background_background&quot;:&quot;classic&quot;}\">\n\t\t\t\t<div class=\"elementor-element elementor-element-939981e elementor-widget elementor-widget-heading\" data-id=\"939981e\" data-element_type=\"widget\" data-e-type=\"widget\" data-widget_type=\"heading.default\">\n\t\t\t\t<div class=\"elementor-widget-container\">\n\t\t\t\t\t<h2 class=\"elementor-heading-title elementor-size-default\">La ligne t\u00e9l\u00e9phonique pour les citoyens<\/h2>\t\t\t\t<\/div>\n\t\t\t\t<\/div>\n\t\t\t\t<div class=\"elementor-element elementor-element-69b3118 elementor-widget elementor-widget-text-editor\" data-id=\"69b3118\" data-element_type=\"widget\" data-e-type=\"widget\" data-widget_type=\"text-editor.default\">\n\t\t\t\t<div class=\"elementor-widget-container\">\n\t\t\t\t\t\t\t\t\t<p class=\"emark\"><strong>Des informations sur la ligne t\u00e9l\u00e9phonique pour les citoyens suivront prochainement.<\/strong><\/p>\t\t\t\t\t\t\t\t<\/div>\n\t\t\t\t<\/div>\n\t\t\t\t<div class=\"elementor-element elementor-element-cecb296 elementor-widget elementor-widget-jet-listing-dynamic-link\" data-id=\"cecb296\" data-element_type=\"widget\" data-e-type=\"widget\" data-widget_type=\"jet-listing-dynamic-link.default\">\n\t\t\t\t<div class=\"elementor-widget-container\">\n\t\t\t\t\t<a href=\"\/fr\/buergertelefon\/\" class=\"jet-listing-dynamic-link__link\"><div class=\"jet-listing-dynamic-link__icon is-svg-icon\"><svg class=\"e-font-icon-svg e-fas-chevron-right\" aria-hidden=\"true\" viewbox=\"0 0 320 512\" xmlns=\"http:\/\/www.w3.org\/2000\/svg\"><path d=\"M285.476 272.971L91.132 467.314c-9.373 9.373-24.569 9.373-33.941 0l-22.667-22.667c-9.357-9.357-9.375-24.522-.04-33.901L188.505 256 34.484 101.255c-9.335-9.379-9.317-24.544.04-33.901l22.667-22.667c9.373-9.373 24.569-9.373 33.941 0L285.475 239.03c9.373 9.372 9.373 24.568.001 33.941z\"><\/path><\/svg><\/div><span class=\"jet-listing-dynamic-link__label\">Plus d'infos<\/span><\/a>\t\t\t\t<\/div>\n\t\t\t\t<\/div>\n\t\t\t\t<\/div>\n\t\t<div class=\"elementor-element elementor-element-246fab8 e-con-full e-flex e-con e-child\" data-id=\"246fab8\" data-element_type=\"container\" data-e-type=\"container\" data-settings=\"{&quot;background_background&quot;:&quot;classic&quot;}\" data-isc-images=\"2847\">\n\t\t\t\t<\/div>\n\t\t\t\t<\/div>\n\t\t\t\t<\/div>","protected":false},"excerpt":{"rendered":"<p>Interlocuteurs pour la Maschseefest Hannover Veranstaltungs GmbH Direction : Andr\u00e9 Lawiszus Chef de projet : Naomi Peter Vahrenwalder Stra\u00dfe 730165 HannoverE-Mail : maschseefest@hvg-events.de Contact presse : Ela WindelsE-Mail : presse@hannover-marketing.de Le t\u00e9l\u00e9phone pour les citoyens Des informations sur le t\u00e9l\u00e9phone pour les citoyens suivront prochainement. Plus d'informations<\/p>","protected":false},"author":4,"featured_media":2804,"parent":0,"menu_order":0,"comment_status":"closed","ping_status":"closed","template":"","meta":{"footnotes":""},"class_list":["post-3179","page","type-page","status-publish","has-post-thumbnail","hentry"],"_links":{"self":[{"href":"https:\/\/www.maschseefest.de\/fr\/wp-json\/wp\/v2\/pages\/3179","targetHints":{"allow":["GET"]}}],"collection":[{"href":"https:\/\/www.maschseefest.de\/fr\/wp-json\/wp\/v2\/pages"}],"about":[{"href":"https:\/\/www.maschseefest.de\/fr\/wp-json\/wp\/v2\/types\/page"}],"author":[{"embeddable":true,"href":"https:\/\/www.maschseefest.de\/fr\/wp-json\/wp\/v2\/users\/4"}],"replies":[{"embeddable":true,"href":"https:\/\/www.maschseefest.de\/fr\/wp-json\/wp\/v2\/comments?post=3179"}],"version-history":[{"count":57,"href":"https:\/\/www.maschseefest.de\/fr\/wp-json\/wp\/v2\/pages\/3179\/revisions"}],"predecessor-version":[{"id":6237,"href":"https:\/\/www.maschseefest.de\/fr\/wp-json\/wp\/v2\/pages\/3179\/revisions\/6237"}],"wp:featuredmedia":[{"embeddable":true,"href":"https:\/\/www.maschseefest.de\/fr\/wp-json\/wp\/v2\/media\/2804"}],"wp:attachment":[{"href":"https:\/\/www.maschseefest.de\/fr\/wp-json\/wp\/v2\/media?parent=3179"}],"curies":[{"name":"wp","href":"https:\/\/api.w.org\/{rel}","templated":true}]}}