{"id":6538,"date":"2025-06-23T16:09:07","date_gmt":"2025-06-23T14:09:07","guid":{"rendered":"https:\/\/www.maschseefest.de\/?page_id=6538"},"modified":"2025-06-23T16:18:25","modified_gmt":"2025-06-23T14:18:25","slug":"erklaerung-zur-barrierefreiheit","status":"publish","type":"page","link":"https:\/\/www.maschseefest.de\/fr\/erklaerung-zur-barrierefreiheit\/","title":{"rendered":"D\u00e9claration d'accessibilit\u00e9"},"content":{"rendered":"<div data-elementor-type=\"wp-page\" data-elementor-id=\"6538\" class=\"elementor elementor-6538\" data-elementor-post-type=\"page\">\n\t\t\t\t<div class=\"elementor-element elementor-element-59ba84a e-flex e-con-boxed e-con e-parent\" data-id=\"59ba84a\" data-element_type=\"container\" data-e-type=\"container\">\n\t\t\t\t\t<div class=\"e-con-inner\">\n\t\t\t\t<div class=\"elementor-element elementor-element-e165cc8 elementor-widget elementor-widget-text-editor\" data-id=\"e165cc8\" data-element_type=\"widget\" data-e-type=\"widget\" data-widget_type=\"text-editor.default\">\n\t\t\t\t<div class=\"elementor-widget-container\">\n\t\t\t\t\t\t\t\t\t<ol>\n<li><strong> Champ d'application<\/strong><\/li>\n<\/ol>\n<p style=\"padding-left: 40px;\">La pr\u00e9sente d\u00e9claration d'accessibilit\u00e9 s'applique au site web de la :<br>\n<strong>Hannover Veranstaltungs GmbH&nbsp;<\/strong><br>\n<a href=\"http:\/\/www.hannover-living.de\" target=\"_blank\" rel=\"noopener\">www.maschseefest.de<\/a> \/ <a href=\"http:\/\/www.hannover-tourismus.de\" target=\"_blank\" rel=\"noopener\">www.feuerwerk-hannover.de<\/a><\/p>\n<ol start=\"2\">\n<li><strong> Bases juridiques<\/strong><\/li>\n<\/ol>\n<p style=\"padding-left: 40px;\">Ce site web s'efforce de maintenir sa pr\u00e9sence sur le web en accord avec le <strong>Loi sur le renforcement de l'accessibilit\u00e9 (LRAH)<\/strong> et le <strong>Ordonnance sur les technologies de l'information sans barri\u00e8re (BITV 2.0)<\/strong> de les rendre accessibles aux personnes handicap\u00e9es.<\/p>\n<ol start=\"3\">\n<li><strong> \u00c9tat de la compatibilit\u00e9 avec les exigences<\/strong><\/li>\n<\/ol>\n<p style=\"padding-left: 40px;\">Ce site web est <strong>partiellement accessible<\/strong>. Les exigences du BITV 2.0 sont partiellement remplies.<\/p>\n<ol start=\"4\">\n<li><strong> M\u00e9thodologie de l'examen<\/strong><\/li>\n<\/ol>\n<p style=\"padding-left: 40px;\">Le contr\u00f4le de l'accessibilit\u00e9 a \u00e9t\u00e9 effectu\u00e9 dans le cadre d'une <strong>Auto-\u00e9valuation<\/strong> par le HMTG. Certains \u00e9l\u00e9ments ont \u00e9t\u00e9 contr\u00f4l\u00e9s de mani\u00e8re al\u00e9atoire \u00e0 l'aide d'outils de contr\u00f4le techniques. Un contr\u00f4le externe complet est actuellement en cours de planification.<\/p>\n<ol start=\"5\">\n<li><strong> Contenus non accessibles<\/strong><\/li>\n<\/ol>\n<p style=\"padding-left: 40px;\">Certains domaines sont actuellement <strong>pas enti\u00e8rement accessible<\/strong>:<\/p>\n<ul>\n<li style=\"list-style-type: none;\">\n<ul>\n<li><strong>Documents PDF et m\u00e9dias int\u00e9gr\u00e9s :<\/strong> Les anciens fichiers PDF ne sont parfois pas accessibles. De m\u00eame, les vid\u00e9os int\u00e9gr\u00e9es ne disposent pas toujours de sous-titres ou d'une description audio.<\/li>\n<li><strong>Textes alternatifs :<\/strong> Les images, en particulier dans les contributions plus anciennes, ne disposent pas toujours de textes alternatifs suffisants.<\/li>\n<li><strong>Contrastes &amp; navigation au clavier :<\/strong> Certains \u00e9l\u00e9ments de navigation et de design ne pr\u00e9sentent pas encore un contraste suffisant sur toute leur longueur ou ne sont pas enti\u00e8rement accessibles au clavier.<\/li>\n<\/ul>\n<\/li>\n<\/ul>\n<p style=\"padding-left: 40px;\"><strong>Mesures pr\u00e9vues :<\/strong><\/p>\n<ul>\n<li style=\"list-style-type: none;\">\n<ul>\n<li>R\u00e9vision progressive des PDF et du contenu des images.<\/li>\n<li>Optimisation des contrastes de couleurs et de la navigation.<\/li>\n<li>Int\u00e9gration d'\u00e9l\u00e9ments multim\u00e9dias accessibles.<\/li>\n<\/ul>\n<\/li>\n<\/ul>\n<p style=\"padding-left: 40px;\"><strong>&nbsp;<\/strong><\/p>\n<ol start=\"6\">\n<li><strong> Alternatives accessibles<\/strong><\/li>\n<\/ol>\n<p style=\"padding-left: 40px;\">Pour les contenus non accessibles, nous proposons sur demande <strong>autres formats accessibles<\/strong> (p. ex. des PDF accessibles ou des informations textuelles). Veuillez utiliser \u00e0 cet effet l'option de contact ci-dessous.<\/p>\n<ol start=\"7\">\n<li><strong> \u00c9tablissement de la d\u00e9claration<\/strong><\/li>\n<\/ol>\n<p style=\"padding-left: 40px;\">Cette d\u00e9claration a \u00e9t\u00e9 faite le <strong>23 juin 2025<\/strong> et derni\u00e8rement le <strong>23 juin 2025<\/strong> mis \u00e0 jour.<\/p>\n<ol start=\"8\">\n<li><strong> Feedback et contact<\/strong><\/li>\n<\/ol>\n<p style=\"padding-left: 40px;\">Si vous remarquez des lacunes dans l'accessibilit\u00e9 de notre site web ou si vous avez besoin d'informations sur des contenus non accessibles, n'h\u00e9sitez pas \u00e0 nous contacter :<\/p>\n<p style=\"padding-left: 40px;\"><strong>Hannover Veranstaltungs GmbH<\/strong><br>\n7, rue Vahrenwalder<br>\n30165 Hanovre<br>\nCourrier \u00e9lectronique : <a href=\"mailto:maschseefest@hvg-events.de\">maschseefest@hvg-events.de<\/a><br>\nT\u00e9l\u00e9phone : +49 (0)511 12345-0<\/p>\n<ol start=\"9\">\n<li><strong> Proc\u00e9dure d'ex\u00e9cution<\/strong><\/li>\n<\/ol>\n<p style=\"padding-left: 40px;\">Si vous n'obtenez pas de r\u00e9ponse satisfaisante \u00e0 une demande concernant l'accessibilit\u00e9 de ce site, n'h\u00e9sitez pas \u00e0 contacter l'organisme charg\u00e9 de faire appliquer la loi :<\/p>\n<p style=\"padding-left: 40px;\"><strong>Commissaire \u00e0 l'accessibilit\u00e9 num\u00e9rique du Land de Basse-Saxe<\/strong><br>\nMinist\u00e8re de l'Int\u00e9rieur et des Sports de Basse-Saxe<br>\n2, place Hanna-Arendt<br>\n30159 Hanovre<br>\nCourrier \u00e9lectronique : <a href=\"mailto:digitale-barrierefreiheit@mi.niedersachsen.de\">digitale-barrierefreiheit@mi.niedersachsen.de<\/a><br>\nT\u00e9l\u00e9phone : +49 (0)511 120-0<br>\nSite web : <a href=\"https:\/\/www.mi.niedersachsen.de\" target=\"_blank\" rel=\"noopener\">www.mi.niedersachsen.de<\/a><\/p>\t\t\t\t\t\t\t\t<\/div>\n\t\t\t\t<\/div>\n\t\t\t\t\t<\/div>\n\t\t\t\t<\/div>\n\t\t\t\t<\/div>","protected":false},"excerpt":{"rendered":"<p>Geltungsbereich Diese Erkl\u00e4rung zur Barrierefreiheit gilt f\u00fcr den Webauftritt der: Hannover Veranstaltungs GmbH&nbsp; www.maschseefest.de \/ www.feuerwerk-hannover.de Rechtsgrundlagen Diese Website ist bem\u00fcht, ihren Webauftritt im Einklang mit dem Barrierefreiheitsst\u00e4rkungsgesetz (BFSG) und der Barrierefreie-Informationstechnik-Verordnung (BITV 2.0) barrierefrei zug\u00e4nglich zu machen. Stand der Vereinbarkeit mit den Anforderungen Dieser Webauftritt ist teilweise barrierefrei. Die Anforderungen der BITV 2.0 werden [&hellip;]<\/p>\n","protected":false},"author":1,"featured_media":435,"parent":0,"menu_order":0,"comment_status":"closed","ping_status":"closed","template":"","meta":{"footnotes":""},"class_list":["post-6538","page","type-page","status-publish","has-post-thumbnail","hentry"],"_links":{"self":[{"href":"https:\/\/www.maschseefest.de\/fr\/wp-json\/wp\/v2\/pages\/6538","targetHints":{"allow":["GET"]}}],"collection":[{"href":"https:\/\/www.maschseefest.de\/fr\/wp-json\/wp\/v2\/pages"}],"about":[{"href":"https:\/\/www.maschseefest.de\/fr\/wp-json\/wp\/v2\/types\/page"}],"author":[{"embeddable":true,"href":"https:\/\/www.maschseefest.de\/fr\/wp-json\/wp\/v2\/users\/1"}],"replies":[{"embeddable":true,"href":"https:\/\/www.maschseefest.de\/fr\/wp-json\/wp\/v2\/comments?post=6538"}],"version-history":[{"count":9,"href":"https:\/\/www.maschseefest.de\/fr\/wp-json\/wp\/v2\/pages\/6538\/revisions"}],"predecessor-version":[{"id":6549,"href":"https:\/\/www.maschseefest.de\/fr\/wp-json\/wp\/v2\/pages\/6538\/revisions\/6549"}],"wp:featuredmedia":[{"embeddable":true,"href":"https:\/\/www.maschseefest.de\/fr\/wp-json\/wp\/v2\/media\/435"}],"wp:attachment":[{"href":"https:\/\/www.maschseefest.de\/fr\/wp-json\/wp\/v2\/media?parent=6538"}],"curies":[{"name":"wp","href":"https:\/\/api.w.org\/{rel}","templated":true}]}}