{"id":3285,"date":"2024-07-11T13:40:18","date_gmt":"2024-07-11T11:40:18","guid":{"rendered":"http:\/\/web5.s149.goserver.host\/an-und-abreise\/nunav-copy\/"},"modified":"2024-07-11T16:59:41","modified_gmt":"2024-07-11T14:59:41","slug":"fahrrad","status":"publish","type":"page","link":"https:\/\/www.maschseefest.de\/it\/an-und-abreise\/fahrrad\/","title":{"rendered":"Viaggiare in bicicletta"},"content":{"rendered":"<div data-elementor-type=\"wp-page\" data-elementor-id=\"3285\" class=\"elementor elementor-3285\" data-elementor-post-type=\"page\">\n\t\t\t\t<div class=\"elementor-element elementor-element-2bae53e e-flex e-con-boxed e-con e-parent\" data-id=\"2bae53e\" data-element_type=\"container\" data-e-type=\"container\">\n\t\t\t\t\t<div class=\"e-con-inner\">\n\t\t\t\t<div class=\"elementor-element elementor-element-19e148a elementor-widget elementor-widget-heading\" data-id=\"19e148a\" data-element_type=\"widget\" data-e-type=\"widget\" data-widget_type=\"heading.default\">\n\t\t\t\t<div class=\"elementor-widget-container\">\n\t\t\t\t\t<h3 class=\"elementor-heading-title elementor-size-default\">Il modo pi\u00f9 ecologico di viaggiare \u00e8 su due ruote<\/h3>\t\t\t\t<\/div>\n\t\t\t\t<\/div>\n\t\t\t\t<div class=\"elementor-element elementor-element-7b214a4 elementor-widget elementor-widget-heading\" data-id=\"7b214a4\" data-element_type=\"widget\" data-e-type=\"widget\" data-widget_type=\"heading.default\">\n\t\t\t\t<div class=\"elementor-widget-container\">\n\t\t\t\t\t<h3 class=\"elementor-heading-title elementor-size-default\">Consigli per viaggiare in bicicletta<\/h3>\t\t\t\t<\/div>\n\t\t\t\t<\/div>\n\t\t\t\t<div class=\"elementor-element elementor-element-b6088b3 elementor-widget elementor-widget-text-editor\" data-id=\"b6088b3\" data-element_type=\"widget\" data-e-type=\"widget\" data-widget_type=\"text-editor.default\">\n\t\t\t\t<div class=\"elementor-widget-container\">\n\t\t\t\t\t\t\t\t\t<p>Per la Maschseefest 2024 (durante i lavori di costruzione e smontaggio e per la durata della Maschseefest stessa), la pista ciclabile che conduce in citt\u00e0 sul lato est di Rudolf-von-Bennigsen-Ufer tra Altenbekener Damm e Kurt-Schwitters-Platz sar\u00e0 spostata sulla carreggiata. La pista ciclabile vera e propria direttamente sul Maschsee non sar\u00e0 accessibile durante questo periodo.<\/p><p><strong>Qui si trovano le rastrelliere per le biciclette:<br \/><\/strong>\u00a0\u00a0\u00a0 Karl-Thiele-Weg (prato per bambini)<br \/>\u00a0\u00a0\u00a0 Tra la birreria sul lago e il prato per bambini<br \/>\u00a0\u00a0\u00a0 Museo Sprengel<br \/>\u00a0\u00a0\u00a0 Altezza Geibelstra\u00dfe<br \/>\u00a0\u00a0\u00a0 Bastione del Leone<br \/>\u00a0\u00a0\u00a0 Riva sud<br \/>\u00a0\u00a0\u00a0 Sorgente del Maschsee<\/p><p><strong>Suggerimento:<\/strong> Le biciclette hanno diritto di precedenza per un chilometro e mezzo a S\u00fcdstadt. La Alte D\u00f6hrener Stra\u00dfe tra Altenbekener Damm e B\u00fcrgemeister-Fink-Stra\u00dfe \u00e8 stata designata come pista ciclabile, proprio come le vicine Meterstra\u00dfe e Maschstra\u00dfe a nord.<\/p><p><strong>Attenzione:<\/strong> \u00c8 inoltre vietato andare in bicicletta sotto l'effetto dell'alcol. In caso di dubbio, spingete la bicicletta a casa!<\/p>\t\t\t\t\t\t\t\t<\/div>\n\t\t\t\t<\/div>\n\t\t\t\t<div class=\"elementor-element elementor-element-e1b4dac elementor-widget elementor-widget-image\" data-id=\"e1b4dac\" data-element_type=\"widget\" data-e-type=\"widget\" data-widget_type=\"image.default\">\n\t\t\t\t<div class=\"elementor-widget-container\">\n\t\t\t\t\t\t\t\t\t\t\t\t\t\t\t<img fetchpriority=\"high\" decoding=\"async\" width=\"2048\" height=\"1318\" src=\"https:\/\/www.maschseefest.de\/wp-content\/uploads\/2024\/07\/Radfahren-in-Hannover_Lars-Gerhardts-89-2048x1318.jpg\" class=\"attachment-2048x2048 size-2048x2048 wp-image-1691\" alt=\"Fahrradfahrerin von hinten f\u00e4hrt auf dem Radweg am Ostufer des Maschsees\" srcset=\"https:\/\/www.maschseefest.de\/wp-content\/uploads\/2024\/07\/Radfahren-in-Hannover_Lars-Gerhardts-89-2048x1318.jpg 2048w, https:\/\/www.maschseefest.de\/wp-content\/uploads\/2024\/07\/Radfahren-in-Hannover_Lars-Gerhardts-89-300x193.jpg 300w, https:\/\/www.maschseefest.de\/wp-content\/uploads\/2024\/07\/Radfahren-in-Hannover_Lars-Gerhardts-89-1024x659.jpg 1024w, https:\/\/www.maschseefest.de\/wp-content\/uploads\/2024\/07\/Radfahren-in-Hannover_Lars-Gerhardts-89-768x494.jpg 768w, https:\/\/www.maschseefest.de\/wp-content\/uploads\/2024\/07\/Radfahren-in-Hannover_Lars-Gerhardts-89-1536x988.jpg 1536w\" sizes=\"(max-width: 2048px) 100vw, 2048px\" \/>\t\t\t\t\t\t\t\t\t\t\t\t\t\t\t<\/div>\n\t\t\t\t<\/div>\n\t\t\t\t\t<\/div>\n\t\t\t\t<\/div>\n\t\t\t\t<\/div>","protected":false},"excerpt":{"rendered":"<p>Auto stehen lassen Reist m\u00f6glichst mit \u00f6ffentlichen Verkehrsmitteln an! Reist gem\u00fctlich mit MOIA oder dem Taxi an- oder ab und genie\u00dft das Maschseefest ohne l\u00e4stige Parkplatzsuche. Mit MOIA gelangt ihr entspannt zum Fest \u2013 rund um den See gibt es mehrere Haltepunkte Anreise mit MOIA So nah ans Fest, wie es nur geht: Bucht euer [&hellip;]<\/p>\n","protected":false},"author":4,"featured_media":1693,"parent":1126,"menu_order":0,"comment_status":"closed","ping_status":"closed","template":"","meta":{"footnotes":""},"class_list":["post-3285","page","type-page","status-publish","has-post-thumbnail","hentry"],"_links":{"self":[{"href":"https:\/\/www.maschseefest.de\/it\/wp-json\/wp\/v2\/pages\/3285","targetHints":{"allow":["GET"]}}],"collection":[{"href":"https:\/\/www.maschseefest.de\/it\/wp-json\/wp\/v2\/pages"}],"about":[{"href":"https:\/\/www.maschseefest.de\/it\/wp-json\/wp\/v2\/types\/page"}],"author":[{"embeddable":true,"href":"https:\/\/www.maschseefest.de\/it\/wp-json\/wp\/v2\/users\/4"}],"replies":[{"embeddable":true,"href":"https:\/\/www.maschseefest.de\/it\/wp-json\/wp\/v2\/comments?post=3285"}],"version-history":[{"count":19,"href":"https:\/\/www.maschseefest.de\/it\/wp-json\/wp\/v2\/pages\/3285\/revisions"}],"predecessor-version":[{"id":3459,"href":"https:\/\/www.maschseefest.de\/it\/wp-json\/wp\/v2\/pages\/3285\/revisions\/3459"}],"up":[{"embeddable":true,"href":"https:\/\/www.maschseefest.de\/it\/wp-json\/wp\/v2\/pages\/1126"}],"wp:featuredmedia":[{"embeddable":true,"href":"https:\/\/www.maschseefest.de\/it\/wp-json\/wp\/v2\/media\/1693"}],"wp:attachment":[{"href":"https:\/\/www.maschseefest.de\/it\/wp-json\/wp\/v2\/media?parent=3285"}],"curies":[{"name":"wp","href":"https:\/\/api.w.org\/{rel}","templated":true}]}}