{"id":3918,"date":"2024-07-15T15:10:29","date_gmt":"2024-07-15T13:10:29","guid":{"rendered":"http:\/\/web5.s149.goserver.host\/?page_id=3918"},"modified":"2025-08-26T12:06:30","modified_gmt":"2025-08-26T10:06:30","slug":"achtsamkeit","status":"publish","type":"page","link":"https:\/\/www.maschseefest.de\/it\/achtsamkeit\/","title":{"rendered":"Misure di mindfulness"},"content":{"rendered":"<div data-elementor-type=\"wp-page\" data-elementor-id=\"3918\" class=\"elementor elementor-3918\" data-elementor-post-type=\"page\">\n\t\t\t\t<div class=\"elementor-element elementor-element-391d140 e-flex e-con-boxed e-con e-parent\" data-id=\"391d140\" data-element_type=\"container\" data-e-type=\"container\">\n\t\t\t\t\t<div class=\"e-con-inner\">\n\t\t\t\t<div class=\"elementor-element elementor-element-f0ba633 elementor-widget elementor-widget-heading\" data-id=\"f0ba633\" data-element_type=\"widget\" data-e-type=\"widget\" data-widget_type=\"heading.default\">\n\t\t\t\t<div class=\"elementor-widget-container\">\n\t\t\t\t\t<h3 class=\"elementor-heading-title elementor-size-default\">Mindfulness al Festival di Maschsee<\/h3>\t\t\t\t<\/div>\n\t\t\t\t<\/div>\n\t\t\t\t<div class=\"elementor-element elementor-element-b5f111f elementor-widget elementor-widget-text-editor\" data-id=\"b5f111f\" data-element_type=\"widget\" data-e-type=\"widget\" data-widget_type=\"text-editor.default\">\n\t\t\t\t<div class=\"elementor-widget-container\">\n\t\t\t\t\t\t\t\t\t<p>Le nostre misure di mindfulness per un'interazione sicura e rispettosa al Maschseefest 2025!<\/p><p><strong>Soggetto a modifiche per il 2026. Le misure di mindfulness sono attive solo durante il periodo dell'evento.<\/strong><\/p>\t\t\t\t\t\t\t\t<\/div>\n\t\t\t\t<\/div>\n\t\t\t\t<div class=\"elementor-element elementor-element-592ba6d elementor-widget-divider--view-line elementor-widget elementor-widget-divider\" data-id=\"592ba6d\" data-element_type=\"widget\" data-e-type=\"widget\" data-widget_type=\"divider.default\">\n\t\t\t\t<div class=\"elementor-widget-container\">\n\t\t\t\t\t\t\t<div class=\"elementor-divider\">\n\t\t\t<span class=\"elementor-divider-separator\">\n\t\t\t\t\t\t<\/span>\n\t\t<\/div>\n\t\t\t\t\t\t<\/div>\n\t\t\t\t<\/div>\n\t\t\t\t<div class=\"elementor-element elementor-element-d6e2fde elementor-widget elementor-widget-text-editor\" data-id=\"d6e2fde\" data-element_type=\"widget\" data-e-type=\"widget\" data-widget_type=\"text-editor.default\">\n\t\t\t\t<div class=\"elementor-widget-container\">\n\t\t\t\t\t\t\t\t\t<h3>Dichiarazione di missione di Hannover Verstanstaltungs GmbH (HVG)<strong><br \/><\/strong><\/h3><p>Ai nostri eventi, che si tratti del Festival di Maschsee, del Concorso Internazionale di Fuochi d'Artificio o del Glitterbox, si incontrano persone - alcune provenienti da tutto il mondo - con background culturali, modi di vita e interessi ed esigenze individuali diversi. Apprezziamo molto tutti i nostri ospiti e la diversit\u00e0 che ne deriva in ogni nostro evento.<\/p><p>Tuttavia, la realt\u00e0, anche nel variopinto mondo degli eventi e delle attivit\u00e0 ricreative, non \u00e8 sempre cos\u00ec tollerante e attenta come noi organizzatori pensiamo e viviamo secondo i nostri valori fondamentali. Di conseguenza, ci sforziamo di opporci espressamente a tutte le ingiustizie, ai confini e alle discriminazioni di qualsiasi tipo e di offrire il miglior spazio sicuro possibile durante i nostri eventi. Di norma, tuttavia, questo obiettivo pu\u00f2 essere raggiunto solo attraverso un trattamento rispettoso e disponibile di ogni persona che partecipa ai nostri eventi.<\/p><p><strong>Noi, il team HVG, diamo un caloroso benvenuto a tutti coloro che vogliono divertirsi con noi in un'atmosfera positiva e rispettosa e far parte di una cultura pacifica degli eventi!<\/strong><\/p><p>Per sostenere la nostra missione e fornire il miglior aiuto possibile in situazioni critiche, quest'anno stiamo collaborando per la prima volta con l'associazione <strong>App \"Spazi sicuri<\/strong> insieme. In una formazione ampliata, il <strong>San Giovanni<\/strong> in loco con i loro <strong>Il team PSNV<\/strong> (assistenza psicosociale d'emergenza) per adulti e bambini, che funge anche da interfaccia (operatore) per l'app. Naturalmente anche tutto il personale di sicurezza \u00e8 generalmente disponibile, ma in genere pu\u00f2 essere chiamato dalla St John Ambulance solo in seconda istanza per tutti gli argomenti che rientrano nell'ambito delle nostre \"Mindfulness Guidelines\".<\/p><p>\u00c8 importante notare che, a causa dell'ampia superficie del Maschseefest (oltre 20.000 m\u00b2) e del fatto che solo alcune parti dell'area sono coperte dal regolamento interno, non siamo in grado di coprire tutti i sentieri intorno e sul Maschsee. Una panoramica dei luoghi in cui si estendono i manifesti e l'area operativa di Johanniter si trova nelle appendici.<\/p>\t\t\t\t\t\t\t\t<\/div>\n\t\t\t\t<\/div>\n\t\t\t\t<div class=\"elementor-element elementor-element-29b3ec2 elementor-widget elementor-widget-image\" data-id=\"29b3ec2\" data-element_type=\"widget\" data-e-type=\"widget\" data-widget_type=\"image.default\">\n\t\t\t\t<div class=\"elementor-widget-container\">\n\t\t\t\t\t\t\t\t\t\t\t\t\t\t\t<img fetchpriority=\"high\" decoding=\"async\" width=\"800\" height=\"282\" src=\"https:\/\/www.maschseefest.de\/wp-content\/uploads\/2024\/07\/3-x-Logos.png\" class=\"attachment-large size-large wp-image-3492\" alt=\"\" srcset=\"https:\/\/www.maschseefest.de\/wp-content\/uploads\/2024\/07\/3-x-Logos.png 859w, https:\/\/www.maschseefest.de\/wp-content\/uploads\/2024\/07\/3-x-Logos-300x106.png 300w, https:\/\/www.maschseefest.de\/wp-content\/uploads\/2024\/07\/3-x-Logos-768x271.png 768w\" sizes=\"(max-width: 800px) 100vw, 800px\" \/>\t\t\t\t\t\t\t\t\t\t\t\t\t\t\t<\/div>\n\t\t\t\t<\/div>\n\t\t\t\t<div class=\"elementor-element elementor-element-5f060ef elementor-widget-divider--view-line elementor-widget elementor-widget-divider\" data-id=\"5f060ef\" data-element_type=\"widget\" data-e-type=\"widget\" data-widget_type=\"divider.default\">\n\t\t\t\t<div class=\"elementor-widget-container\">\n\t\t\t\t\t\t\t<div class=\"elementor-divider\">\n\t\t\t<span class=\"elementor-divider-separator\">\n\t\t\t\t\t\t<\/span>\n\t\t<\/div>\n\t\t\t\t\t\t<\/div>\n\t\t\t\t<\/div>\n\t\t\t\t<div class=\"elementor-element elementor-element-5fac176 elementor-widget elementor-widget-text-editor\" data-id=\"5fac176\" data-element_type=\"widget\" data-e-type=\"widget\" data-widget_type=\"text-editor.default\">\n\t\t\t\t<div class=\"elementor-widget-container\">\n\t\t\t\t\t\t\t\t\t<h3>App \"Spazi sicuri<\/h3><p>\"Saferspaces integra i concetti di sicurezza esistenti con un approccio che aumenta il benessere generale e promuove attivamente una coesistenza rispettosa. Basata sul principio di essere presenti quando c'\u00e8 bisogno di aiuto, l'infrastruttura viene utilizzata in vari contesti: discriminazione, violenza sessuale, incidenti generali, abuso di potere, escalation di violenza e funzione di segnalazione.\"<\/p><p>L'applicazione non solo garantisce una migliore sensazione di benessere ai visitatori, ma contribuisce anche a migliorare in modo sostenibile la situazione della sicurezza grazie al suo approccio innovativo.<\/p><h5>Come funziona l'app?<\/h5><p>Gli interessati devono scaricare l'applicazione <u>non<\/u> installare in anticipo. Attraverso il <strong>Scannerizzate il codice QR sui manifesti* e sugli adesivi* esposti <\/strong>la persona che chiede aiuto \u00e8 collegata direttamente al personale responsabile. Inoltre, la posizione viene trasmessa al team tramite il punto di identificazione gi\u00e0 memorizzato. In linea di principio, il contatto pu\u00f2 avvenire in modo completamente anonimo; tutti i dati non personali \"Quando\", \"Che tipo di incidente\" e \"Dove\" sono messi a disposizione dell'organizzatore per misurare e valutare la situazione della sicurezza. Quando l'app viene scansionata, viene riconosciuta la lingua del sistema del dispositivo mobile e il contenuto viene visualizzato in modo appropriato in tedesco o in inglese.<\/p>\t\t\t\t\t\t\t\t<\/div>\n\t\t\t\t<\/div>\n\t\t\t\t<div class=\"elementor-element elementor-element-8994ab3 elementor-widget elementor-widget-image\" data-id=\"8994ab3\" data-element_type=\"widget\" data-e-type=\"widget\" data-widget_type=\"image.default\">\n\t\t\t\t<div class=\"elementor-widget-container\">\n\t\t\t\t\t\t\t\t\t\t\t\t<figure class=\"wp-caption\">\n\t\t\t\t\t\t\t\t\t\t<img decoding=\"async\" width=\"726\" height=\"1024\" src=\"https:\/\/www.maschseefest.de\/wp-content\/uploads\/2025\/07\/Saferspaces_Maschseefest_Poster_A3_250624V-1-726x1024.jpg\" class=\"attachment-large size-large wp-image-6700\" alt=\"\" srcset=\"https:\/\/www.maschseefest.de\/wp-content\/uploads\/2025\/07\/Saferspaces_Maschseefest_Poster_A3_250624V-1-726x1024.jpg 726w, https:\/\/www.maschseefest.de\/wp-content\/uploads\/2025\/07\/Saferspaces_Maschseefest_Poster_A3_250624V-1-213x300.jpg 213w, https:\/\/www.maschseefest.de\/wp-content\/uploads\/2025\/07\/Saferspaces_Maschseefest_Poster_A3_250624V-1-768x1083.jpg 768w, https:\/\/www.maschseefest.de\/wp-content\/uploads\/2025\/07\/Saferspaces_Maschseefest_Poster_A3_250624V-1-1089x1536.jpg 1089w, https:\/\/www.maschseefest.de\/wp-content\/uploads\/2025\/07\/Saferspaces_Maschseefest_Poster_A3_250624V-1-1452x2048.jpg 1452w, https:\/\/www.maschseefest.de\/wp-content\/uploads\/2025\/07\/Saferspaces_Maschseefest_Poster_A3_250624V-1-9x12.jpg 9w, https:\/\/www.maschseefest.de\/wp-content\/uploads\/2025\/07\/Saferspaces_Maschseefest_Poster_A3_250624V-1-scaled.jpg 1815w\" sizes=\"(max-width: 726px) 100vw, 726px\" \/>\t\t\t\t\t\t\t\t\t\t\t<figcaption class=\"widget-image-caption wp-caption-text\"><\/figcaption>\n\t\t\t\t\t\t\t\t\t\t<\/figure>\n\t\t\t\t\t\t\t\t\t<\/div>\n\t\t\t\t<\/div>\n\t\t\t\t<div class=\"elementor-element elementor-element-729b8a9 elementor-widget-divider--view-line elementor-widget elementor-widget-divider\" data-id=\"729b8a9\" data-element_type=\"widget\" data-e-type=\"widget\" data-widget_type=\"divider.default\">\n\t\t\t\t<div class=\"elementor-widget-container\">\n\t\t\t\t\t\t\t<div class=\"elementor-divider\">\n\t\t\t<span class=\"elementor-divider-separator\">\n\t\t\t\t\t\t<\/span>\n\t\t<\/div>\n\t\t\t\t\t\t<\/div>\n\t\t\t\t<\/div>\n\t\t\t\t<div class=\"elementor-element elementor-element-853baef elementor-widget elementor-widget-text-editor\" data-id=\"853baef\" data-element_type=\"widget\" data-e-type=\"widget\" data-widget_type=\"text-editor.default\">\n\t\t\t\t<div class=\"elementor-widget-container\">\n\t\t\t\t\t\t\t\t\t<p>Il supporto per l'app tramite l'operatore Johanniter avviene durante gli orari ufficiali della Maschseefest:<\/p><p><strong>Luned\u00ec - Gioved\u00ec: dalle 14:00 alle 01:00<\/strong><\/p><p><strong>Venerd\u00ec - sabato: dalle 14:00 alle 02:00<\/strong><\/p><p><strong>Domenica: dalle 12:00 alle 01:00<\/strong><\/p><p>*I manifesti sono collegati alla numerazione esistente delle lanterne intorno al Maschsee e la loro identificazione si basa sulla pianificazione della citt\u00e0.<\/p><p>*Da trovare nelle cabine individuali dei servizi igienici.<\/p><p>Ulteriori informazioni sull'applicazione: <a href=\"https:\/\/www.saferspaces.io\/\" target=\"_blank\" rel=\"noopener\"><span style=\"text-decoration: underline;\"><em>https:\/\/www.saferspaces.io\/<\/em><\/span><\/a><\/p><p><img decoding=\"async\" class=\"size-full wp-image-3490 aligncenter\" src=\"https:\/\/www.maschseefest.de\/wp-content\/uploads\/2024\/07\/SaferSpaces-Logo.png\" alt=\"\" width=\"220\" height=\"220\" srcset=\"https:\/\/www.maschseefest.de\/wp-content\/uploads\/2024\/07\/SaferSpaces-Logo.png 220w, https:\/\/www.maschseefest.de\/wp-content\/uploads\/2024\/07\/SaferSpaces-Logo-150x150.png 150w\" sizes=\"(max-width: 220px) 100vw, 220px\" \/><\/p>\t\t\t\t\t\t\t\t<\/div>\n\t\t\t\t<\/div>\n\t\t\t\t<div class=\"elementor-element elementor-element-d8dd5e4 elementor-widget-divider--view-line elementor-widget elementor-widget-divider\" data-id=\"d8dd5e4\" data-element_type=\"widget\" data-e-type=\"widget\" data-widget_type=\"divider.default\">\n\t\t\t\t<div class=\"elementor-widget-container\">\n\t\t\t\t\t\t\t<div class=\"elementor-divider\">\n\t\t\t<span class=\"elementor-divider-separator\">\n\t\t\t\t\t\t<\/span>\n\t\t<\/div>\n\t\t\t\t\t\t<\/div>\n\t\t\t\t<\/div>\n\t\t\t\t<div class=\"elementor-element elementor-element-c51ecbe elementor-widget elementor-widget-text-editor\" data-id=\"c51ecbe\" data-element_type=\"widget\" data-e-type=\"widget\" data-widget_type=\"text-editor.default\">\n\t\t\t\t<div class=\"elementor-widget-container\">\n\t\t\t\t\t\t\t\t\t<h3>San Giovanni<\/h3><p>Oltre ai servizi di emergenza generali per le emergenze sanitarie, l'\u00e9quipe della St John Ambulance \u00e8 dotata di un servizio separato per le emergenze sanitarie.\u00a0<strong>Il team PSNV<\/strong>\u00a0<strong>per adulti e bambini<\/strong>\u00a0in loco. Oltre al supporto offerto dalle persone colpite che si registrano tramite l'app Saferspaces o il sito web di Saferspaces.\u00a0<strong>Linea diretta St John 0800 0192140<\/strong>\u00a0Johanniter fornir\u00e0 una sede permanente\u00a0<strong>Container come riparo nel parcheggio di Hannover 96 sulla riva occidentale<\/strong>\u00a0e un\u00a0<strong>ritiro mobile tramite bus VW<\/strong>\u00a0disponibili durante l'orario di lavoro.<\/p><p>Gli orari di funzionamento del team PSNV in loco sono i seguenti:<\/p><p><strong><u>Aiutanti del PSNV<\/u><\/strong><\/p><p>PSNV in loco \/ area di rifugio e ritiro (parcheggio Hannover 96, Robert-Enke-Stra\u00dfe 1):<\/p><p><strong>Venerd\u00ec 18:00 - 03:00<\/strong><\/p><p><strong>Sabato 18:00 - 03:00<\/strong><\/p><p><strong><u>Servizio di reperibilit\u00e0 PSNV\u00a0<\/u><\/strong><\/p><p>Il team \u00e8 a disposizione delle persone colpite anche al di fuori dell'orario di lavoro in loco:<\/p><p><strong>Luned\u00ec - gioved\u00ec 18:00 - 01:00<\/strong><\/p><p><strong>Sabato 14:00 - 18:00<\/strong><\/p><p><strong>Domenica 12:00 - 01:00<\/strong><\/p><p>Il supporto psicosociale fornito da Johanniter pu\u00f2 anche essere utilizzato, su richiesta delle persone colpite, per indirizzarle a centri di contatto come la polizia, rifugi per donne, alloggi di emergenza, ecc.<\/p><p>Come regola generale, ogni membro del Servizio di Ambulanza St John sar\u00e0 sempre disponibile al Festival di Maschsee e fornir\u00e0 assistenza!<\/p><p><span style=\"text-decoration: underline;\"><em><a href=\"https:\/\/www.maschseefest.de\/wp-content\/uploads\/2024\/07\/JUH-Karte-Maschseefest.pdf\">Mappa JUH Maschseefest<\/a><\/em><\/span><\/p><p><img loading=\"lazy\" decoding=\"async\" class=\"size-medium wp-image-3489 aligncenter\" src=\"https:\/\/www.maschseefest.de\/wp-content\/uploads\/2024\/07\/JUH_LogoClaim_Rot-Schwarz_sRGB-300x75.png\" alt=\"\" width=\"300\" height=\"75\" srcset=\"https:\/\/www.maschseefest.de\/wp-content\/uploads\/2024\/07\/JUH_LogoClaim_Rot-Schwarz_sRGB-300x75.png 300w, https:\/\/www.maschseefest.de\/wp-content\/uploads\/2024\/07\/JUH_LogoClaim_Rot-Schwarz_sRGB-1024x256.png 1024w, https:\/\/www.maschseefest.de\/wp-content\/uploads\/2024\/07\/JUH_LogoClaim_Rot-Schwarz_sRGB-768x192.png 768w, https:\/\/www.maschseefest.de\/wp-content\/uploads\/2024\/07\/JUH_LogoClaim_Rot-Schwarz_sRGB-1536x384.png 1536w, https:\/\/www.maschseefest.de\/wp-content\/uploads\/2024\/07\/JUH_LogoClaim_Rot-Schwarz_sRGB.png 2000w\" sizes=\"(max-width: 300px) 100vw, 300px\" \/><\/p>\t\t\t\t\t\t\t\t<\/div>\n\t\t\t\t<\/div>\n\t\t\t\t<div class=\"elementor-element elementor-element-544a302 elementor-widget-divider--view-line elementor-widget elementor-widget-divider\" data-id=\"544a302\" data-element_type=\"widget\" data-e-type=\"widget\" data-widget_type=\"divider.default\">\n\t\t\t\t<div class=\"elementor-widget-container\">\n\t\t\t\t\t\t\t<div class=\"elementor-divider\">\n\t\t\t<span class=\"elementor-divider-separator\">\n\t\t\t\t\t\t<\/span>\n\t\t<\/div>\n\t\t\t\t\t\t<\/div>\n\t\t\t\t<\/div>\n\t\t\t\t<div class=\"elementor-element elementor-element-7f91b1f elementor-widget elementor-widget-text-editor\" data-id=\"7f91b1f\" data-element_type=\"widget\" data-e-type=\"widget\" data-widget_type=\"text-editor.default\">\n\t\t\t\t<div class=\"elementor-widget-container\">\n\t\t\t\t\t\t\t\t\t<h3>Supporto per le pattuglie di ToSa Security<\/h3><p>ToSa Security sostiene l'organizzatore nell'attuazione del concetto. Nelle ore serali da domenica a gioved\u00ec, la squadra speciale di ToSa integrer\u00e0 gli aiutanti PSNV su chiamata con una presenza classica di pattuglie sul posto. Il venerd\u00ec e il sabato, la stessa squadra del PSNV sar\u00e0 presente in loco in numero sufficiente.<\/p><p>Il personale di ToSa prender\u00e0 contatto solo in seguito a una segnalazione tramite l'app, la hotline o un contatto diretto con la persona interessata per accompagnarla, se necessario, nell'area di sensibilizzazione protetta. ToSa non fornisce consulenza o simili. Il team \u00e8 composto da uomini e donne e prima dell'evento viene istruito insieme al team PSNV e a Saferspaces sull'interfaccia dichiarata.<\/p><p><strong>Orari di funzionamento del team ToSa:<\/strong><\/p><p><strong>Da domenica a mercoled\u00ec: 19:00 - 23:00<\/strong><\/p><p><strong>Gioved\u00ec: 19:00 - 01:00<\/strong><\/p><p><strong>Eccezione: giorno di apertura 19:00 - 01:00<\/strong><\/p>\t\t\t\t\t\t\t\t<\/div>\n\t\t\t\t<\/div>\n\t\t\t\t<div class=\"elementor-element elementor-element-7c4765a elementor-widget elementor-widget-text-editor\" data-id=\"7c4765a\" data-element_type=\"widget\" data-e-type=\"widget\" data-widget_type=\"text-editor.default\">\n\t\t\t\t<div class=\"elementor-widget-container\">\n\t\t\t\t\t\t\t\t\t<h3>Catering e Showmen<\/h3><p>Oltre ai manifesti intorno al lago e agli avvisi nei servizi igienici, \u00e8 possibile contattare i punti di ristorazione associati e gli addetti agli spettacoli in caso di necessit\u00e0. A tal fine, \u00e8 possibile contattare il personale del bar, che pu\u00f2 chiedere aiuto tramite un codice QR sullo stand.<\/p>\t\t\t\t\t\t\t\t<\/div>\n\t\t\t\t<\/div>\n\t\t\t\t\t<\/div>\n\t\t\t\t<\/div>\n\t\t\t\t<\/div>","protected":false},"excerpt":{"rendered":"<p>Achtsamkeit auf dem Maschseefest Unsere Achtsamkeits-Ma\u00dfnahmen f\u00fcr ein sicheres und respektvolles Miteinander auf dem Maschseefest 2025! \u00c4nderungen f\u00fcr 2026 vorbehalten. Die Achtsamkeitsma\u00dfnahmen sind nur w\u00e4hrend des Veranstaltungszeitraums aktiv. Leitbild der Hannover Verstanstaltungs GmbH (HVG) Bei unseren Veranstaltungen, egal ob beim Maschseefest, dem Internationalen Feuerwerkswettbewerb oder der Glitterbox, kommen Menschen \u2013 teils aus aller Welt \u2013 [&hellip;]<\/p>\n","protected":false},"author":4,"featured_media":5257,"parent":0,"menu_order":0,"comment_status":"closed","ping_status":"closed","template":"","meta":{"footnotes":""},"class_list":["post-3918","page","type-page","status-publish","has-post-thumbnail","hentry"],"_links":{"self":[{"href":"https:\/\/www.maschseefest.de\/it\/wp-json\/wp\/v2\/pages\/3918","targetHints":{"allow":["GET"]}}],"collection":[{"href":"https:\/\/www.maschseefest.de\/it\/wp-json\/wp\/v2\/pages"}],"about":[{"href":"https:\/\/www.maschseefest.de\/it\/wp-json\/wp\/v2\/types\/page"}],"author":[{"embeddable":true,"href":"https:\/\/www.maschseefest.de\/it\/wp-json\/wp\/v2\/users\/4"}],"replies":[{"embeddable":true,"href":"https:\/\/www.maschseefest.de\/it\/wp-json\/wp\/v2\/comments?post=3918"}],"version-history":[{"count":43,"href":"https:\/\/www.maschseefest.de\/it\/wp-json\/wp\/v2\/pages\/3918\/revisions"}],"predecessor-version":[{"id":7524,"href":"https:\/\/www.maschseefest.de\/it\/wp-json\/wp\/v2\/pages\/3918\/revisions\/7524"}],"wp:featuredmedia":[{"embeddable":true,"href":"https:\/\/www.maschseefest.de\/it\/wp-json\/wp\/v2\/media\/5257"}],"wp:attachment":[{"href":"https:\/\/www.maschseefest.de\/it\/wp-json\/wp\/v2\/media?parent=3918"}],"curies":[{"name":"wp","href":"https:\/\/api.w.org\/{rel}","templated":true}]}}