{"id":1152,"date":"2024-07-02T16:58:41","date_gmt":"2024-07-02T14:58:41","guid":{"rendered":"http:\/\/web5.s149.goserver.host\/?page_id=1152"},"modified":"2025-06-25T12:07:39","modified_gmt":"2025-06-25T10:07:39","slug":"anreise-mit-bus-bahn","status":"publish","type":"page","link":"https:\/\/www.maschseefest.de\/nl\/an-und-abreise\/anreise-mit-bus-bahn\/","title":{"rendered":"Reizen met bus en trein"},"content":{"rendered":"<div data-elementor-type=\"wp-page\" data-elementor-id=\"1152\" class=\"elementor elementor-1152\" data-elementor-post-type=\"page\">\n\t\t\t\t<div class=\"elementor-element elementor-element-bb0d05b e-flex e-con-boxed e-con e-parent\" data-id=\"bb0d05b\" data-element_type=\"container\" data-e-type=\"container\">\n\t\t\t\t\t<div class=\"e-con-inner\">\n\t\t\t\t<div class=\"elementor-element elementor-element-a7cec39 elementor-widget elementor-widget-heading\" data-id=\"a7cec39\" data-element_type=\"widget\" data-e-type=\"widget\" data-widget_type=\"heading.default\">\n\t\t\t\t<div class=\"elementor-widget-container\">\n\t\t\t\t\t<h3 class=\"elementor-heading-title elementor-size-default\">Snel - probleemloos - veilig!<\/h3>\t\t\t\t<\/div>\n\t\t\t\t<\/div>\n\t\t\t\t<div class=\"elementor-element elementor-element-b4d0a9f elementor-widget elementor-widget-text-editor\" data-id=\"b4d0a9f\" data-element_type=\"widget\" data-e-type=\"widget\" data-widget_type=\"text-editor.default\">\n\t\t\t\t<div class=\"elementor-widget-container\">\n\t\t\t\t\t\t\t\t\t<p>Reis indien mogelijk met het openbaar vervoer! De auto thuislaten en met het openbaar vervoer naar het Maschsee Festival? Niets is makkelijker!<\/p>\t\t\t\t\t\t\t\t<\/div>\n\t\t\t\t<\/div>\n\t\t\t\t\t<\/div>\n\t\t\t\t<\/div>\n\t\t<div class=\"elementor-element elementor-element-704923f e-flex e-con-boxed e-con e-parent\" data-id=\"704923f\" data-element_type=\"container\" data-e-type=\"container\">\n\t\t\t\t\t<div class=\"e-con-inner\">\n\t\t\t\t<div class=\"elementor-element elementor-element-d63d414 elementor-widget-divider--view-line elementor-widget elementor-widget-divider\" data-id=\"d63d414\" data-element_type=\"widget\" data-e-type=\"widget\" data-widget_type=\"divider.default\">\n\t\t\t\t<div class=\"elementor-widget-container\">\n\t\t\t\t\t\t\t<div class=\"elementor-divider\">\n\t\t\t<span class=\"elementor-divider-separator\">\n\t\t\t\t\t\t<\/span>\n\t\t<\/div>\n\t\t\t\t\t\t<\/div>\n\t\t\t\t<\/div>\n\t\t\t\t<div class=\"elementor-element elementor-element-b538fb2 elementor-widget elementor-widget-image\" data-id=\"b538fb2\" data-element_type=\"widget\" data-e-type=\"widget\" data-widget_type=\"image.default\">\n\t\t\t\t<div class=\"elementor-widget-container\">\n\t\t\t\t\t\t\t\t\t\t\t\t\t\t\t<img fetchpriority=\"high\" decoding=\"async\" width=\"800\" height=\"600\" src=\"https:\/\/www.maschseefest.de\/wp-content\/uploads\/2024\/07\/a848c43b39d60bd375b40b17c6a7234a-1024x768.jpg\" class=\"attachment-large size-large wp-image-1127\" alt=\"Mit Bus zum Maschseefest\" srcset=\"https:\/\/www.maschseefest.de\/wp-content\/uploads\/2024\/07\/a848c43b39d60bd375b40b17c6a7234a-1024x768.jpg 1024w, https:\/\/www.maschseefest.de\/wp-content\/uploads\/2024\/07\/a848c43b39d60bd375b40b17c6a7234a-300x225.jpg 300w, https:\/\/www.maschseefest.de\/wp-content\/uploads\/2024\/07\/a848c43b39d60bd375b40b17c6a7234a-768x576.jpg 768w, https:\/\/www.maschseefest.de\/wp-content\/uploads\/2024\/07\/a848c43b39d60bd375b40b17c6a7234a.jpg 1200w\" sizes=\"(max-width: 800px) 100vw, 800px\" \/>\t\t\t\t\t\t\t\t\t\t\t\t\t\t\t<\/div>\n\t\t\t\t<\/div>\n\t\t\t\t<div class=\"elementor-element elementor-element-fcf8b83 elementor-widget elementor-widget-heading\" data-id=\"fcf8b83\" data-element_type=\"widget\" data-e-type=\"widget\" data-widget_type=\"heading.default\">\n\t\t\t\t<div class=\"elementor-widget-container\">\n\t\t\t\t\t<h3 class=\"elementor-heading-title elementor-size-default\">Reizen met de bus<\/h3>\t\t\t\t<\/div>\n\t\t\t\t<\/div>\n\t\t<div class=\"elementor-element elementor-element-e8c17ad e-con-full e-flex e-con e-child\" data-id=\"e8c17ad\" data-element_type=\"container\" data-e-type=\"container\" data-settings=\"{&quot;background_background&quot;:&quot;classic&quot;}\">\n\t\t\t\t<div class=\"elementor-element elementor-element-04699af elementor-widget elementor-widget-image\" data-id=\"04699af\" data-element_type=\"widget\" data-e-type=\"widget\" data-widget_type=\"image.default\">\n\t\t\t\t<div class=\"elementor-widget-container\">\n\t\t\t\t\t\t\t\t\t\t\t\t\t\t\t<img decoding=\"async\" width=\"612\" height=\"232\" src=\"https:\/\/www.maschseefest.de\/wp-content\/uploads\/2024\/07\/maschseefest-sponsor-uestra.png\" class=\"attachment-large size-large wp-image-3954\" alt=\"\" srcset=\"https:\/\/www.maschseefest.de\/wp-content\/uploads\/2024\/07\/maschseefest-sponsor-uestra.png 612w, https:\/\/www.maschseefest.de\/wp-content\/uploads\/2024\/07\/maschseefest-sponsor-uestra-300x114.png 300w\" sizes=\"(max-width: 612px) 100vw, 612px\" \/>\t\t\t\t\t\t\t\t\t\t\t\t\t\t\t<\/div>\n\t\t\t\t<\/div>\n\t\t\t\t<div class=\"elementor-element elementor-element-a57e75b elementor-widget elementor-widget-heading\" data-id=\"a57e75b\" data-element_type=\"widget\" data-e-type=\"widget\" data-widget_type=\"heading.default\">\n\t\t\t\t<div class=\"elementor-widget-container\">\n\t\t\t\t\t<h3 class=\"elementor-heading-title elementor-size-default\"><a href=\"https:\/\/www.uestra.de\/fahrplan\/linien-fahrplaene\/fahrplaene\/?tx_gvhroutemaps_list%5Baction%5D=detail&#038;tx_gvhroutemaps_list%5Bcontroller%5D=RouteMaps&#038;tx_gvhroutemaps_list%5BefaId%5D=gvh%3A03100%3A%20%3AH%3Aj24&#038;tx_gvhroutemaps_list%5Bversion%5D=2&#038;cHash=36b2de14fce68c43211c94b163bd204d\" target=\"_blank\" rel=\"noopener\">Dienstregeling lijn 100<\/a><\/h3>\t\t\t\t<\/div>\n\t\t\t\t<\/div>\n\t\t\t\t<div class=\"elementor-element elementor-element-381e161 elementor-view-default elementor-widget elementor-widget-icon\" data-id=\"381e161\" data-element_type=\"widget\" data-e-type=\"widget\" data-widget_type=\"icon.default\">\n\t\t\t\t<div class=\"elementor-widget-container\">\n\t\t\t\t\t\t\t<div class=\"elementor-icon-wrapper\">\n\t\t\t<a class=\"elementor-icon\" href=\"https:\/\/www.uestra.de\/fahrplan\/linien-fahrplaene\/fahrplaene\/?tx_gvhroutemaps_list%5Baction%5D=detail&#038;tx_gvhroutemaps_list%5Bcontroller%5D=RouteMaps&#038;tx_gvhroutemaps_list%5BefaId%5D=gvh%3A03100%3A%20%3AH%3Aj24&#038;tx_gvhroutemaps_list%5Bversion%5D=2&#038;cHash=36b2de14fce68c43211c94b163bd204d\" target=\"_blank\" rel=\"noopener\">\n\t\t\t<svg aria-hidden=\"true\" class=\"e-font-icon-svg e-fas-chevron-right\" viewbox=\"0 0 320 512\" xmlns=\"http:\/\/www.w3.org\/2000\/svg\"><path d=\"M285.476 272.971L91.132 467.314c-9.373 9.373-24.569 9.373-33.941 0l-22.667-22.667c-9.357-9.357-9.375-24.522-.04-33.901L188.505 256 34.484 101.255c-9.335-9.379-9.317-24.544.04-33.901l22.667-22.667c9.373-9.373 24.569-9.373 33.941 0L285.475 239.03c9.373 9.372 9.373 24.568.001 33.941z\"><\/path><\/svg>\t\t\t<\/a>\n\t\t<\/div>\n\t\t\t\t\t\t<\/div>\n\t\t\t\t<\/div>\n\t\t\t\t<\/div>\n\t\t<div class=\"elementor-element elementor-element-59ecce1 e-con-full e-flex e-con e-child\" data-id=\"59ecce1\" data-element_type=\"container\" data-e-type=\"container\" data-settings=\"{&quot;background_background&quot;:&quot;classic&quot;}\">\n\t\t\t\t<div class=\"elementor-element elementor-element-493c0cd elementor-widget elementor-widget-image\" data-id=\"493c0cd\" data-element_type=\"widget\" data-e-type=\"widget\" data-widget_type=\"image.default\">\n\t\t\t\t<div class=\"elementor-widget-container\">\n\t\t\t\t\t\t\t\t\t\t\t\t\t\t\t<img decoding=\"async\" width=\"612\" height=\"232\" src=\"https:\/\/www.maschseefest.de\/wp-content\/uploads\/2024\/07\/maschseefest-sponsor-uestra.png\" class=\"attachment-large size-large wp-image-3954\" alt=\"\" srcset=\"https:\/\/www.maschseefest.de\/wp-content\/uploads\/2024\/07\/maschseefest-sponsor-uestra.png 612w, https:\/\/www.maschseefest.de\/wp-content\/uploads\/2024\/07\/maschseefest-sponsor-uestra-300x114.png 300w\" sizes=\"(max-width: 612px) 100vw, 612px\" \/>\t\t\t\t\t\t\t\t\t\t\t\t\t\t\t<\/div>\n\t\t\t\t<\/div>\n\t\t\t\t<div class=\"elementor-element elementor-element-b94eaa5 elementor-widget elementor-widget-heading\" data-id=\"b94eaa5\" data-element_type=\"widget\" data-e-type=\"widget\" data-widget_type=\"heading.default\">\n\t\t\t\t<div class=\"elementor-widget-container\">\n\t\t\t\t\t<h3 class=\"elementor-heading-title elementor-size-default\"><a href=\"https:\/\/www.uestra.de\/fahrplan\/linien-fahrplaene\/fahrplaene\/?tx_gvhroutemaps_list%5Baction%5D=detail&#038;tx_gvhroutemaps_list%5Bcontroller%5D=RouteMaps&#038;tx_gvhroutemaps_list%5BefaId%5D=gvh%3A03200%3A%20%3AH%3Aj24&#038;tx_gvhroutemaps_list%5Bversion%5D=2&#038;cHash=3aebe9645464c52d00c116e8874bd40d\" target=\"_blank\" rel=\"noopener\">Dienstregeling lijn 200<\/a><\/h3>\t\t\t\t<\/div>\n\t\t\t\t<\/div>\n\t\t\t\t<div class=\"elementor-element elementor-element-f924c43 elementor-view-default elementor-widget elementor-widget-icon\" data-id=\"f924c43\" data-element_type=\"widget\" data-e-type=\"widget\" data-widget_type=\"icon.default\">\n\t\t\t\t<div class=\"elementor-widget-container\">\n\t\t\t\t\t\t\t<div class=\"elementor-icon-wrapper\">\n\t\t\t<a class=\"elementor-icon\" href=\"https:\/\/www.uestra.de\/fahrplan\/linien-fahrplaene\/fahrplaene\/?tx_gvhroutemaps_list%5Baction%5D=detail&#038;tx_gvhroutemaps_list%5Bcontroller%5D=RouteMaps&#038;tx_gvhroutemaps_list%5BefaId%5D=gvh%3A03200%3A%20%3AH%3Aj24&#038;tx_gvhroutemaps_list%5Bversion%5D=2&#038;cHash=3aebe9645464c52d00c116e8874bd40d\" target=\"_blank\" rel=\"noopener\">\n\t\t\t<svg aria-hidden=\"true\" class=\"e-font-icon-svg e-fas-chevron-right\" viewbox=\"0 0 320 512\" xmlns=\"http:\/\/www.w3.org\/2000\/svg\"><path d=\"M285.476 272.971L91.132 467.314c-9.373 9.373-24.569 9.373-33.941 0l-22.667-22.667c-9.357-9.357-9.375-24.522-.04-33.901L188.505 256 34.484 101.255c-9.335-9.379-9.317-24.544.04-33.901l22.667-22.667c9.373-9.373 24.569-9.373 33.941 0L285.475 239.03c9.373 9.372 9.373 24.568.001 33.941z\"><\/path><\/svg>\t\t\t<\/a>\n\t\t<\/div>\n\t\t\t\t\t\t<\/div>\n\t\t\t\t<\/div>\n\t\t\t\t<\/div>\n\t\t\t\t<div class=\"elementor-element elementor-element-9ee6280 elementor-widget elementor-widget-heading\" data-id=\"9ee6280\" data-element_type=\"widget\" data-e-type=\"widget\" data-widget_type=\"heading.default\">\n\t\t\t\t<div class=\"elementor-widget-container\">\n\t\t\t\t\t<h3 class=\"elementor-heading-title elementor-size-default\">Speciale buslijn 267 tijdens het Maschsee Festival en buslijn 800<\/h3>\t\t\t\t<\/div>\n\t\t\t\t<\/div>\n\t\t\t\t<div class=\"elementor-element elementor-element-65ed97c elementor-widget elementor-widget-text-editor\" data-id=\"65ed97c\" data-element_type=\"widget\" data-e-type=\"widget\" data-widget_type=\"text-editor.default\">\n\t\t\t\t<div class=\"elementor-widget-container\">\n\t\t\t\t\t\t\t\t\t<p>Tijdens het festival kun je met buslijn 267 comfortabel naar het meer en van de ene locatie naar de andere reizen.<\/p><p>Zonder gedoe met het zoeken naar een parkeerplaats en zonder je rijbewijs op het spel te zetten, kun je buslijn 267 nemen, die speciaal voor het Maschseefest is opgezet.\u00a0<\/p><p>De evenementenlijn 267 rijdt tijdens het hele Maschseefest meerdere keren per uur naar de oever van het meer. De bussen rijden tussen de haltes \"Kr\u00f6pcke\" en \"Maschsee\/Strandbad\". Tussen de eindpunten rijden de bussen naar de haltes \"Aegidientorplatz\", \"Rathaus\/Bleichenstra\u00dfe\", \"Maschsee\/Sprengel Museum\", \"Maschsee\/Funkhaus\", \"Maschsee\/Geibelstra\u00dfe\", \"Maschsee\/Altenbekener Damm\" en \"Maschsee\/L\u00f6wenbastion\".<\/p><h5><strong>Reistijden tijdens het Maschsee Festival<\/strong><\/h5><p><strong>Reistijden vanaf Kr\u00f6pcke (elke 15 minuten):<\/strong><br \/>Maandag - donderdag: van ongeveer 18:00 (eerste reis) - 1:00 (laatste reis)<br \/>Vrijdag \/ zaterdag: van ca. 14:00 (eerste tocht) - 14:30 (laatste tocht)<br \/>Zondag: van ongeveer 11:00 uur (eerste rit) - 1:30 uur (laatste rit)<\/p><p><strong>De volgende haltes worden bediend vanaf Kr\u00f6pcke:<\/strong><\/p><p>Aegidientorplatz (1 min.)<br \/>Stadhuis \/ Bleichenstra\u00dfe (4 min.)<br \/>Maschsee \/ Sprengel Museum (6 min.)<br \/>Maschsee \/ Funkhaus (8 min.)<br \/>Maschsee \/ Geibelstra\u00dfe (10 min.)<br \/>Maschsee \/ Altenbekener Damm (12 min.)<br \/>Maschsee \/ L\u00f6wenbastion (14 min.)<br \/>Maschsee \/ Lido (16 min.)<\/p><p><strong>Vertrek: Reistijden vanaf Maschsee \/ Strandbad (elke 15 minuten):<\/strong><br \/>Maandag - donderdag: van ongeveer 18:00 (eerste reis) - 1:00 (laatste reis)<br \/>Vrijdag \/ zaterdag: van ca. 14:00 (eerste tocht) - 14:30 (laatste tocht)<br \/>Zondag: van ongeveer 11:00 uur (eerste rit) - 1:30 uur (laatste rit)<\/p><p>De <strong>sprintH Buslijn 800<\/strong> rijdt tussen \"Mehrum\" en \"Kr\u00f6pcke\" en bedient de haltes \"Maschsee\/Altenbekener Damm\", \"Maschsee\/Funkhaus\" en \"Maschsee\/Sprengel Museum\" direct aan de Maschsee. Naast de reguliere haltes wordt ook de halte \"Maschsee\/Geibelstra\u00dfe\" van lijn 267 bediend.<\/p>\t\t\t\t\t\t\t\t<\/div>\n\t\t\t\t<\/div>\n\t\t<div class=\"elementor-element elementor-element-3315d99 e-con-full e-flex e-con e-child\" data-id=\"3315d99\" data-element_type=\"container\" data-e-type=\"container\" data-settings=\"{&quot;background_background&quot;:&quot;classic&quot;}\">\n\t\t\t\t<div class=\"elementor-element elementor-element-ed7f0b1 elementor-widget elementor-widget-image\" data-id=\"ed7f0b1\" data-element_type=\"widget\" data-e-type=\"widget\" data-widget_type=\"image.default\">\n\t\t\t\t<div class=\"elementor-widget-container\">\n\t\t\t\t\t\t\t\t\t\t\t\t\t\t\t<img decoding=\"async\" width=\"612\" height=\"232\" src=\"https:\/\/www.maschseefest.de\/wp-content\/uploads\/2024\/07\/maschseefest-sponsor-uestra.png\" class=\"attachment-large size-large wp-image-3954\" alt=\"\" srcset=\"https:\/\/www.maschseefest.de\/wp-content\/uploads\/2024\/07\/maschseefest-sponsor-uestra.png 612w, https:\/\/www.maschseefest.de\/wp-content\/uploads\/2024\/07\/maschseefest-sponsor-uestra-300x114.png 300w\" sizes=\"(max-width: 612px) 100vw, 612px\" \/>\t\t\t\t\t\t\t\t\t\t\t\t\t\t\t<\/div>\n\t\t\t\t<\/div>\n\t\t\t\t<div class=\"elementor-element elementor-element-02b5620 elementor-widget elementor-widget-heading\" data-id=\"02b5620\" data-element_type=\"widget\" data-e-type=\"widget\" data-widget_type=\"heading.default\">\n\t\t\t\t<div class=\"elementor-widget-container\">\n\t\t\t\t\t<h3 class=\"elementor-heading-title elementor-size-default\"><a href=\"https:\/\/www.uestra.de\/fahrplan\/linien-fahrplaene\/fahrplaene\/?tx_gvhroutemaps_list%5Baction%5D=detail&#038;tx_gvhroutemaps_list%5Bcontroller%5D=RouteMaps&#038;tx_gvhroutemaps_list%5BefaId%5D=gvh%3A03267%3A%20%3AH%3Aj24&#038;tx_gvhroutemaps_list%5Bversion%5D=1&#038;cHash=a8bb2f83a2f71069f3e4b3b9c0f704ed\" target=\"_blank\" rel=\"noopener\">Dienstregeling speciale buslijn 267<\/a><\/h3>\t\t\t\t<\/div>\n\t\t\t\t<\/div>\n\t\t\t\t<div class=\"elementor-element elementor-element-8347a00 elementor-view-default elementor-widget elementor-widget-icon\" data-id=\"8347a00\" data-element_type=\"widget\" data-e-type=\"widget\" data-widget_type=\"icon.default\">\n\t\t\t\t<div class=\"elementor-widget-container\">\n\t\t\t\t\t\t\t<div class=\"elementor-icon-wrapper\">\n\t\t\t<a class=\"elementor-icon\" href=\"https:\/\/www.uestra.de\/fahrplan\/linien-fahrplaene\/fahrplaene\/?tx_gvhroutemaps_list%5Baction%5D=detail&#038;tx_gvhroutemaps_list%5Bcontroller%5D=RouteMaps&#038;tx_gvhroutemaps_list%5BefaId%5D=gvh%3A03267%3A%20%3AH%3Aj24&#038;tx_gvhroutemaps_list%5Bversion%5D=1&#038;cHash=a8bb2f83a2f71069f3e4b3b9c0f704ed\" target=\"_blank\" rel=\"noopener\">\n\t\t\t<svg aria-hidden=\"true\" class=\"e-font-icon-svg e-fas-chevron-right\" viewbox=\"0 0 320 512\" xmlns=\"http:\/\/www.w3.org\/2000\/svg\"><path d=\"M285.476 272.971L91.132 467.314c-9.373 9.373-24.569 9.373-33.941 0l-22.667-22.667c-9.357-9.357-9.375-24.522-.04-33.901L188.505 256 34.484 101.255c-9.335-9.379-9.317-24.544.04-33.901l22.667-22.667c9.373-9.373 24.569-9.373 33.941 0L285.475 239.03c9.373 9.372 9.373 24.568.001 33.941z\"><\/path><\/svg>\t\t\t<\/a>\n\t\t<\/div>\n\t\t\t\t\t\t<\/div>\n\t\t\t\t<\/div>\n\t\t\t\t<\/div>\n\t\t<div class=\"elementor-element elementor-element-6a3f148 e-con-full e-flex e-con e-child\" data-id=\"6a3f148\" data-element_type=\"container\" data-e-type=\"container\" data-settings=\"{&quot;background_background&quot;:&quot;classic&quot;}\">\n\t\t\t\t<div class=\"elementor-element elementor-element-ed55d95 elementor-widget elementor-widget-image\" data-id=\"ed55d95\" data-element_type=\"widget\" data-e-type=\"widget\" data-widget_type=\"image.default\">\n\t\t\t\t<div class=\"elementor-widget-container\">\n\t\t\t\t\t\t\t\t\t\t\t\t\t\t\t<img decoding=\"async\" width=\"612\" height=\"232\" src=\"https:\/\/www.maschseefest.de\/wp-content\/uploads\/2024\/07\/maschseefest-sponsor-uestra.png\" class=\"attachment-large size-large wp-image-3954\" alt=\"\" srcset=\"https:\/\/www.maschseefest.de\/wp-content\/uploads\/2024\/07\/maschseefest-sponsor-uestra.png 612w, https:\/\/www.maschseefest.de\/wp-content\/uploads\/2024\/07\/maschseefest-sponsor-uestra-300x114.png 300w\" sizes=\"(max-width: 612px) 100vw, 612px\" \/>\t\t\t\t\t\t\t\t\t\t\t\t\t\t\t<\/div>\n\t\t\t\t<\/div>\n\t\t\t\t<div class=\"elementor-element elementor-element-48b8072 elementor-widget elementor-widget-heading\" data-id=\"48b8072\" data-element_type=\"widget\" data-e-type=\"widget\" data-widget_type=\"heading.default\">\n\t\t\t\t<div class=\"elementor-widget-container\">\n\t\t\t\t\t<h3 class=\"elementor-heading-title elementor-size-default\"><a href=\"https:\/\/www.uestra.de\/fahrplan\/linien-fahrplaene\/fahrplaene\/?tx_gvhroutemaps_list%5Baction%5D=detail&#038;tx_gvhroutemaps_list%5Bcontroller%5D=RouteMaps&#038;tx_gvhroutemaps_list%5BefaId%5D=gvh%3A03800%3A%20%3AH%3Aj24&#038;tx_gvhroutemaps_list%5Bversion%5D=1&#038;cHash=12847de625e29c47ba832ae33a8ecc1f\" target=\"_blank\" rel=\"noopener\">Dienstregeling lijn 800<\/a><\/h3>\t\t\t\t<\/div>\n\t\t\t\t<\/div>\n\t\t\t\t<div class=\"elementor-element elementor-element-c4ade1d elementor-view-default elementor-widget elementor-widget-icon\" data-id=\"c4ade1d\" data-element_type=\"widget\" data-e-type=\"widget\" data-widget_type=\"icon.default\">\n\t\t\t\t<div class=\"elementor-widget-container\">\n\t\t\t\t\t\t\t<div class=\"elementor-icon-wrapper\">\n\t\t\t<a class=\"elementor-icon\" href=\"https:\/\/www.uestra.de\/fahrplan\/linien-fahrplaene\/fahrplaene\/?tx_gvhroutemaps_list%5Baction%5D=detail&#038;tx_gvhroutemaps_list%5Bcontroller%5D=RouteMaps&#038;tx_gvhroutemaps_list%5BefaId%5D=gvh%3A03800%3A%20%3AH%3Aj24&#038;tx_gvhroutemaps_list%5Bversion%5D=1&#038;cHash=12847de625e29c47ba832ae33a8ecc1f\" target=\"_blank\" rel=\"noopener\">\n\t\t\t<svg aria-hidden=\"true\" class=\"e-font-icon-svg e-fas-chevron-right\" viewbox=\"0 0 320 512\" xmlns=\"http:\/\/www.w3.org\/2000\/svg\"><path d=\"M285.476 272.971L91.132 467.314c-9.373 9.373-24.569 9.373-33.941 0l-22.667-22.667c-9.357-9.357-9.375-24.522-.04-33.901L188.505 256 34.484 101.255c-9.335-9.379-9.317-24.544.04-33.901l22.667-22.667c9.373-9.373 24.569-9.373 33.941 0L285.475 239.03c9.373 9.372 9.373 24.568.001 33.941z\"><\/path><\/svg>\t\t\t<\/a>\n\t\t<\/div>\n\t\t\t\t\t\t<\/div>\n\t\t\t\t<\/div>\n\t\t\t\t<\/div>\n\t\t\t\t<div class=\"elementor-element elementor-element-9dae5eb elementor-widget-divider--view-line elementor-widget elementor-widget-divider\" data-id=\"9dae5eb\" data-element_type=\"widget\" data-e-type=\"widget\" data-widget_type=\"divider.default\">\n\t\t\t\t<div class=\"elementor-widget-container\">\n\t\t\t\t\t\t\t<div class=\"elementor-divider\">\n\t\t\t<span class=\"elementor-divider-separator\">\n\t\t\t\t\t\t<\/span>\n\t\t<\/div>\n\t\t\t\t\t\t<\/div>\n\t\t\t\t<\/div>\n\t\t\t\t\t<\/div>\n\t\t\t\t<\/div>\n\t\t<div class=\"elementor-element elementor-element-8ce1e83 e-flex e-con-boxed e-con e-parent\" data-id=\"8ce1e83\" data-element_type=\"container\" data-e-type=\"container\">\n\t\t\t\t\t<div class=\"e-con-inner\">\n\t\t\t\t<div class=\"elementor-element elementor-element-2a62856 elementor-widget elementor-widget-image\" data-id=\"2a62856\" data-element_type=\"widget\" data-e-type=\"widget\" data-widget_type=\"image.default\">\n\t\t\t\t<div class=\"elementor-widget-container\">\n\t\t\t\t\t\t\t\t\t\t\t\t\t\t\t<img decoding=\"async\" width=\"800\" height=\"470\" src=\"https:\/\/www.maschseefest.de\/wp-content\/uploads\/2024\/07\/Uestra-Teaser-e1720090354308-1024x602.jpg\" class=\"attachment-large size-large wp-image-1698\" alt=\"\u00dcstra\" srcset=\"https:\/\/www.maschseefest.de\/wp-content\/uploads\/2024\/07\/Uestra-Teaser-e1720090354308-1024x602.jpg 1024w, https:\/\/www.maschseefest.de\/wp-content\/uploads\/2024\/07\/Uestra-Teaser-e1720090354308-300x176.jpg 300w, https:\/\/www.maschseefest.de\/wp-content\/uploads\/2024\/07\/Uestra-Teaser-e1720090354308-768x452.jpg 768w, https:\/\/www.maschseefest.de\/wp-content\/uploads\/2024\/07\/Uestra-Teaser-e1720090354308-1536x903.jpg 1536w, https:\/\/www.maschseefest.de\/wp-content\/uploads\/2024\/07\/Uestra-Teaser-e1720090354308.jpg 2000w\" sizes=\"(max-width: 800px) 100vw, 800px\" \/>\t\t\t\t\t\t\t\t\t\t\t\t\t\t\t<\/div>\n\t\t\t\t<\/div>\n\t\t\t\t<div class=\"elementor-element elementor-element-eb53dac elementor-widget elementor-widget-heading\" data-id=\"eb53dac\" data-element_type=\"widget\" data-e-type=\"widget\" data-widget_type=\"heading.default\">\n\t\t\t\t<div class=\"elementor-widget-container\">\n\t\t\t\t\t<h3 class=\"elementor-heading-title elementor-size-default\">Reizen met de lightrail<\/h3>\t\t\t\t<\/div>\n\t\t\t\t<\/div>\n\t\t\t\t<div class=\"elementor-element elementor-element-3773c3e elementor-widget elementor-widget-text-editor\" data-id=\"3773c3e\" data-element_type=\"widget\" data-e-type=\"widget\" data-widget_type=\"text-editor.default\">\n\t\t\t\t<div class=\"elementor-widget-container\">\n\t\t\t\t\t\t\t\t\t<p>Met de<strong> Lijnen 1<\/strong> (Laatzen\/Sarstedt), <strong>2<\/strong> (Rethen), en <strong>8<\/strong> (Messe\/Nord) kun je vanaf het hoofdstation (of Kr\u00f6pcke) naar de volgende stations reizen:<br \/><strong>Aegidientorplatz, Schl\u00e4gerstra\u00dfe, Geibelstra\u00dfe, Altenbekener Damm of D\u00f6hrener Turm<\/strong>.<\/p><p>Daarvandaan loop je in westelijke richting naar de oostelijke oever van de Maschsee (iets minder dan tien minuten te voet).<\/p><p>Of je kunt de <strong>Lijnen 3, 7<\/strong> (Wettbergen), <strong>13<\/strong> (Hemmingen) en <strong>9<\/strong> (Empelde) vanaf het hoofdstation of Kr\u00f6pcke naar het station:<strong> Waterloo.<\/strong><\/p><p>Loop in zuidelijke richting via de Waterloostra\u00dfe en de Bruchmeisterallee naar de noordelijke oever (iets minder dan 10 minuten te voet).<\/p>\t\t\t\t\t\t\t\t<\/div>\n\t\t\t\t<\/div>\n\t\t<div class=\"elementor-element elementor-element-65ecb67 e-con-full e-flex e-con e-child\" data-id=\"65ecb67\" data-element_type=\"container\" data-e-type=\"container\" data-settings=\"{&quot;background_background&quot;:&quot;classic&quot;}\">\n\t\t\t\t<div class=\"elementor-element elementor-element-5c96ee0 elementor-widget elementor-widget-image\" data-id=\"5c96ee0\" data-element_type=\"widget\" data-e-type=\"widget\" data-widget_type=\"image.default\">\n\t\t\t\t<div class=\"elementor-widget-container\">\n\t\t\t\t\t\t\t\t\t\t\t\t\t\t\t<img decoding=\"async\" width=\"612\" height=\"232\" src=\"https:\/\/www.maschseefest.de\/wp-content\/uploads\/2024\/07\/maschseefest-sponsor-uestra.png\" class=\"attachment-large size-large wp-image-3954\" alt=\"\" srcset=\"https:\/\/www.maschseefest.de\/wp-content\/uploads\/2024\/07\/maschseefest-sponsor-uestra.png 612w, https:\/\/www.maschseefest.de\/wp-content\/uploads\/2024\/07\/maschseefest-sponsor-uestra-300x114.png 300w\" sizes=\"(max-width: 612px) 100vw, 612px\" \/>\t\t\t\t\t\t\t\t\t\t\t\t\t\t\t<\/div>\n\t\t\t\t<\/div>\n\t\t\t\t<div class=\"elementor-element elementor-element-fe46a57 elementor-widget elementor-widget-heading\" data-id=\"fe46a57\" data-element_type=\"widget\" data-e-type=\"widget\" data-widget_type=\"heading.default\">\n\t\t\t\t<div class=\"elementor-widget-container\">\n\t\t\t\t\t<h3 class=\"elementor-heading-title elementor-size-default\"><a href=\"https:\/\/www.uestra.de\/fahrplan\/auskunft\/\" target=\"_blank\" rel=\"noopener\">Informatie over de dienstregeling van \u00dcSTRA<\/a><\/h3>\t\t\t\t<\/div>\n\t\t\t\t<\/div>\n\t\t\t\t<div class=\"elementor-element elementor-element-9d95f63 elementor-view-default elementor-widget elementor-widget-icon\" data-id=\"9d95f63\" data-element_type=\"widget\" data-e-type=\"widget\" data-widget_type=\"icon.default\">\n\t\t\t\t<div class=\"elementor-widget-container\">\n\t\t\t\t\t\t\t<div class=\"elementor-icon-wrapper\">\n\t\t\t<a class=\"elementor-icon\" href=\"https:\/\/www.uestra.de\/fahrplan\/auskunft\/\" target=\"_blank\" rel=\"noopener\">\n\t\t\t<svg aria-hidden=\"true\" class=\"e-font-icon-svg e-fas-chevron-right\" viewbox=\"0 0 320 512\" xmlns=\"http:\/\/www.w3.org\/2000\/svg\"><path d=\"M285.476 272.971L91.132 467.314c-9.373 9.373-24.569 9.373-33.941 0l-22.667-22.667c-9.357-9.357-9.375-24.522-.04-33.901L188.505 256 34.484 101.255c-9.335-9.379-9.317-24.544.04-33.901l22.667-22.667c9.373-9.373 24.569-9.373 33.941 0L285.475 239.03c9.373 9.372 9.373 24.568.001 33.941z\"><\/path><\/svg>\t\t\t<\/a>\n\t\t<\/div>\n\t\t\t\t\t\t<\/div>\n\t\t\t\t<\/div>\n\t\t\t\t<\/div>\n\t\t\t\t<div class=\"elementor-element elementor-element-eb7ff93 elementor-widget elementor-widget-image\" data-id=\"eb7ff93\" data-element_type=\"widget\" data-e-type=\"widget\" data-widget_type=\"image.default\">\n\t\t\t\t<div class=\"elementor-widget-container\">\n\t\t\t\t\t\t\t\t\t\t\t\t\t\t\t<img loading=\"lazy\" decoding=\"async\" width=\"800\" height=\"800\" src=\"https:\/\/www.maschseefest.de\/wp-content\/uploads\/2025\/06\/Maschseefest_Anfahrtskizze_Social-Media_1400x1400px_2024-1024x1024.jpg\" class=\"attachment-large size-large wp-image-6596\" alt=\"\" srcset=\"https:\/\/www.maschseefest.de\/wp-content\/uploads\/2025\/06\/Maschseefest_Anfahrtskizze_Social-Media_1400x1400px_2024-1024x1024.jpg 1024w, https:\/\/www.maschseefest.de\/wp-content\/uploads\/2025\/06\/Maschseefest_Anfahrtskizze_Social-Media_1400x1400px_2024-300x300.jpg 300w, https:\/\/www.maschseefest.de\/wp-content\/uploads\/2025\/06\/Maschseefest_Anfahrtskizze_Social-Media_1400x1400px_2024-150x150.jpg 150w, https:\/\/www.maschseefest.de\/wp-content\/uploads\/2025\/06\/Maschseefest_Anfahrtskizze_Social-Media_1400x1400px_2024-768x768.jpg 768w, https:\/\/www.maschseefest.de\/wp-content\/uploads\/2025\/06\/Maschseefest_Anfahrtskizze_Social-Media_1400x1400px_2024-1536x1536.jpg 1536w, https:\/\/www.maschseefest.de\/wp-content\/uploads\/2025\/06\/Maschseefest_Anfahrtskizze_Social-Media_1400x1400px_2024-2048x2048.jpg 2048w, https:\/\/www.maschseefest.de\/wp-content\/uploads\/2025\/06\/Maschseefest_Anfahrtskizze_Social-Media_1400x1400px_2024-12x12.jpg 12w\" sizes=\"(max-width: 800px) 100vw, 800px\" \/>\t\t\t\t\t\t\t\t\t\t\t\t\t\t\t<\/div>\n\t\t\t\t<\/div>\n\t\t\t\t<div class=\"elementor-element elementor-element-dde6868 elementor-widget-divider--view-line elementor-widget elementor-widget-divider\" data-id=\"dde6868\" data-element_type=\"widget\" data-e-type=\"widget\" data-widget_type=\"divider.default\">\n\t\t\t\t<div class=\"elementor-widget-container\">\n\t\t\t\t\t\t\t<div class=\"elementor-divider\">\n\t\t\t<span class=\"elementor-divider-separator\">\n\t\t\t\t\t\t<\/span>\n\t\t<\/div>\n\t\t\t\t\t\t<\/div>\n\t\t\t\t<\/div>\n\t\t\t\t\t<\/div>\n\t\t\t\t<\/div>\n\t\t<div class=\"elementor-element elementor-element-7ca2c9a e-flex e-con-boxed e-con e-parent\" data-id=\"7ca2c9a\" data-element_type=\"container\" data-e-type=\"container\">\n\t\t\t\t\t<div class=\"e-con-inner\">\n\t\t\t\t<div class=\"elementor-element elementor-element-3750704 elementor-widget elementor-widget-image\" data-id=\"3750704\" data-element_type=\"widget\" data-e-type=\"widget\" data-widget_type=\"image.default\">\n\t\t\t\t<div class=\"elementor-widget-container\">\n\t\t\t\t\t\t\t\t\t\t\t\t\t\t\t<img loading=\"lazy\" decoding=\"async\" width=\"800\" height=\"557\" src=\"https:\/\/www.maschseefest.de\/wp-content\/uploads\/2024\/07\/S4_oben_rechts-1024x713.jpg\" class=\"attachment-large size-large wp-image-3335\" alt=\"\" srcset=\"https:\/\/www.maschseefest.de\/wp-content\/uploads\/2024\/07\/S4_oben_rechts-1024x713.jpg 1024w, https:\/\/www.maschseefest.de\/wp-content\/uploads\/2024\/07\/S4_oben_rechts-300x209.jpg 300w, https:\/\/www.maschseefest.de\/wp-content\/uploads\/2024\/07\/S4_oben_rechts-768x535.jpg 768w, https:\/\/www.maschseefest.de\/wp-content\/uploads\/2024\/07\/S4_oben_rechts.jpg 1240w\" sizes=\"(max-width: 800px) 100vw, 800px\" \/>\t\t\t\t\t\t\t\t\t\t\t\t\t\t\t<\/div>\n\t\t\t\t<\/div>\n\t\t\t\t<div class=\"elementor-element elementor-element-209d5e3 elementor-widget elementor-widget-heading\" data-id=\"209d5e3\" data-element_type=\"widget\" data-e-type=\"widget\" data-widget_type=\"heading.default\">\n\t\t\t\t<div class=\"elementor-widget-container\">\n\t\t\t\t\t<h3 class=\"elementor-heading-title elementor-size-default\">Informatie over tickets binnen de regio Hannover<\/h3>\t\t\t\t<\/div>\n\t\t\t\t<\/div>\n\t\t\t\t<div class=\"elementor-element elementor-element-0659e26 elementor-widget elementor-widget-heading\" data-id=\"0659e26\" data-element_type=\"widget\" data-e-type=\"widget\" data-widget_type=\"heading.default\">\n\t\t\t\t<div class=\"elementor-widget-container\">\n\t\t\t\t\t<h3 class=\"elementor-heading-title elementor-size-default\">Reizen met de trein<\/h3>\t\t\t\t<\/div>\n\t\t\t\t<\/div>\n\t\t\t\t<div class=\"elementor-element elementor-element-fdfe3f4 elementor-widget elementor-widget-text-editor\" data-id=\"fdfe3f4\" data-element_type=\"widget\" data-e-type=\"widget\" data-widget_type=\"text-editor.default\">\n\t\t\t\t<div class=\"elementor-widget-container\">\n\t\t\t\t\t\t\t\t\t<p>Voor reizen van en naar de regio Hannover raden we de\u00a0<strong>Kaartjes van de vervoersautoriteit van Hannover (GVH)<\/strong>die ook geldig zijn op de S-Bahn en in treinen van DB Regio, metronom, erixx en WestfalenBahn (telkens in de 2e rijtuigklasse).<\/p>\t\t\t\t\t\t\t\t<\/div>\n\t\t\t\t<\/div>\n\t\t<div class=\"elementor-element elementor-element-c8193d5 e-con-full e-flex e-con e-child\" data-id=\"c8193d5\" data-element_type=\"container\" data-e-type=\"container\" data-settings=\"{&quot;background_background&quot;:&quot;classic&quot;}\">\n\t\t\t\t<div class=\"elementor-element elementor-element-93d9911 elementor-widget elementor-widget-image\" data-id=\"93d9911\" data-element_type=\"widget\" data-e-type=\"widget\" data-widget_type=\"image.default\">\n\t\t\t\t<div class=\"elementor-widget-container\">\n\t\t\t\t\t\t\t\t\t\t\t\t\t\t\t<img loading=\"lazy\" decoding=\"async\" width=\"800\" height=\"395\" src=\"https:\/\/www.maschseefest.de\/wp-content\/uploads\/2024\/07\/9da2f27df6aed1c54fd91f155ee67e84-1024x506.png\" class=\"attachment-large size-large wp-image-1153\" alt=\"\" srcset=\"https:\/\/www.maschseefest.de\/wp-content\/uploads\/2024\/07\/9da2f27df6aed1c54fd91f155ee67e84-1024x506.png 1024w, https:\/\/www.maschseefest.de\/wp-content\/uploads\/2024\/07\/9da2f27df6aed1c54fd91f155ee67e84-300x148.png 300w, https:\/\/www.maschseefest.de\/wp-content\/uploads\/2024\/07\/9da2f27df6aed1c54fd91f155ee67e84-768x379.png 768w, https:\/\/www.maschseefest.de\/wp-content\/uploads\/2024\/07\/9da2f27df6aed1c54fd91f155ee67e84.png 1280w\" sizes=\"(max-width: 800px) 100vw, 800px\" \/>\t\t\t\t\t\t\t\t\t\t\t\t\t\t\t<\/div>\n\t\t\t\t<\/div>\n\t\t\t\t<div class=\"elementor-element elementor-element-0356263 elementor-widget elementor-widget-heading\" data-id=\"0356263\" data-element_type=\"widget\" data-e-type=\"widget\" data-widget_type=\"heading.default\">\n\t\t\t\t<div class=\"elementor-widget-container\">\n\t\t\t\t\t<h3 class=\"elementor-heading-title elementor-size-default\"><a href=\"https:\/\/shop.gvh.de\/tickets\" target=\"_blank\" rel=\"noopener\">Naar de GVH Mobiliteitswinkel<\/a><\/h3>\t\t\t\t<\/div>\n\t\t\t\t<\/div>\n\t\t\t\t<div class=\"elementor-element elementor-element-e7ece8a elementor-view-default elementor-widget elementor-widget-icon\" data-id=\"e7ece8a\" data-element_type=\"widget\" data-e-type=\"widget\" data-widget_type=\"icon.default\">\n\t\t\t\t<div class=\"elementor-widget-container\">\n\t\t\t\t\t\t\t<div class=\"elementor-icon-wrapper\">\n\t\t\t<a class=\"elementor-icon\" href=\"https:\/\/shop.gvh.de\/tickets\" target=\"_blank\" rel=\"noopener\">\n\t\t\t<svg aria-hidden=\"true\" class=\"e-font-icon-svg e-fas-chevron-right\" viewbox=\"0 0 320 512\" xmlns=\"http:\/\/www.w3.org\/2000\/svg\"><path d=\"M285.476 272.971L91.132 467.314c-9.373 9.373-24.569 9.373-33.941 0l-22.667-22.667c-9.357-9.357-9.375-24.522-.04-33.901L188.505 256 34.484 101.255c-9.335-9.379-9.317-24.544.04-33.901l22.667-22.667c9.373-9.373 24.569-9.373 33.941 0L285.475 239.03c9.373 9.372 9.373 24.568.001 33.941z\"><\/path><\/svg>\t\t\t<\/a>\n\t\t<\/div>\n\t\t\t\t\t\t<\/div>\n\t\t\t\t<\/div>\n\t\t\t\t<\/div>\n\t\t\t\t<div class=\"elementor-element elementor-element-042fd7a elementor-widget elementor-widget-text-editor\" data-id=\"042fd7a\" data-element_type=\"widget\" data-e-type=\"widget\" data-widget_type=\"text-editor.default\">\n\t\t\t\t<div class=\"elementor-widget-container\">\n\t\t\t\t\t\t\t\t\t<p>Als je vanuit de omgeving reist, raden we je aan de Hannover S-Bahn te nemen. Deze rijdt rechtstreeks naar het centraal station van Hannover.<\/p><p>De S-Bahn Hannover verbindt het hoofdstation minstens elk uur tot middernacht met de omgeving. Van vrijdag tot zaterdag en van zaterdag tot zondag is er ook <a href=\"https:\/\/www.hannover.de\/Service\/Mobil-in-Hannover\/Nachtsternverkehr\" target=\"_blank\" rel=\"noopener\">Nachtelijk sterverkeer<\/a>.<\/p>\t\t\t\t\t\t\t\t<\/div>\n\t\t\t\t<\/div>\n\t\t<div class=\"elementor-element elementor-element-d3a12f1 e-con-full e-flex e-con e-child\" data-id=\"d3a12f1\" data-element_type=\"container\" data-e-type=\"container\" data-settings=\"{&quot;background_background&quot;:&quot;classic&quot;}\">\n\t\t\t\t<div class=\"elementor-element elementor-element-62c0ddd elementor-widget elementor-widget-image\" data-id=\"62c0ddd\" data-element_type=\"widget\" data-e-type=\"widget\" data-widget_type=\"image.default\">\n\t\t\t\t<div class=\"elementor-widget-container\">\n\t\t\t\t\t\t\t\t\t\t\t\t\t\t\t<img loading=\"lazy\" decoding=\"async\" width=\"800\" height=\"541\" src=\"https:\/\/www.maschseefest.de\/wp-content\/uploads\/2024\/07\/DB173781-1-1024x692.png\" class=\"attachment-large size-large wp-image-3340\" alt=\"DB Logo\" srcset=\"https:\/\/www.maschseefest.de\/wp-content\/uploads\/2024\/07\/DB173781-1-1024x692.png 1024w, https:\/\/www.maschseefest.de\/wp-content\/uploads\/2024\/07\/DB173781-1-300x203.png 300w, https:\/\/www.maschseefest.de\/wp-content\/uploads\/2024\/07\/DB173781-1-768x519.png 768w, https:\/\/www.maschseefest.de\/wp-content\/uploads\/2024\/07\/DB173781-1-1536x1038.png 1536w\" sizes=\"(max-width: 800px) 100vw, 800px\" \/>\t\t\t\t\t\t\t\t\t\t\t\t\t\t\t<\/div>\n\t\t\t\t<\/div>\n\t\t\t\t<div class=\"elementor-element elementor-element-3e01444 elementor-widget elementor-widget-heading\" data-id=\"3e01444\" data-element_type=\"widget\" data-e-type=\"widget\" data-widget_type=\"heading.default\">\n\t\t\t\t<div class=\"elementor-widget-container\">\n\t\t\t\t\t<h3 class=\"elementor-heading-title elementor-size-default\"><a href=\"https:\/\/www.bahn.de\/\" target=\"_blank\" rel=\"noopener\">Naar de DB-reisplanner<\/a><\/h3>\t\t\t\t<\/div>\n\t\t\t\t<\/div>\n\t\t\t\t<div class=\"elementor-element elementor-element-edee5b1 elementor-view-default elementor-widget elementor-widget-icon\" data-id=\"edee5b1\" data-element_type=\"widget\" data-e-type=\"widget\" data-widget_type=\"icon.default\">\n\t\t\t\t<div class=\"elementor-widget-container\">\n\t\t\t\t\t\t\t<div class=\"elementor-icon-wrapper\">\n\t\t\t<a class=\"elementor-icon\" href=\"https:\/\/www.bahn.de\/\" target=\"_blank\" rel=\"noopener\">\n\t\t\t<svg aria-hidden=\"true\" class=\"e-font-icon-svg e-fas-chevron-right\" viewbox=\"0 0 320 512\" xmlns=\"http:\/\/www.w3.org\/2000\/svg\"><path d=\"M285.476 272.971L91.132 467.314c-9.373 9.373-24.569 9.373-33.941 0l-22.667-22.667c-9.357-9.357-9.375-24.522-.04-33.901L188.505 256 34.484 101.255c-9.335-9.379-9.317-24.544.04-33.901l22.667-22.667c9.373-9.373 24.569-9.373 33.941 0L285.475 239.03c9.373 9.372 9.373 24.568.001 33.941z\"><\/path><\/svg>\t\t\t<\/a>\n\t\t<\/div>\n\t\t\t\t\t\t<\/div>\n\t\t\t\t<\/div>\n\t\t\t\t<\/div>\n\t\t\t\t\t<\/div>\n\t\t\t\t<\/div>\n\t\t\t\t<\/div>","protected":false},"excerpt":{"rendered":"<p>Schnell &#8211; problemlos &#8211; sicher! Reist m\u00f6glichst mit \u00f6ffentlichen Verkehrsmitteln an! Das Auto stehen lassen und gem\u00fctlich mit den \u00f6ffentlichen Verkehrsmitteln zum Maschseefest? Nichts einfacher als das! Anreise mit dem Bus Fahrplan Linie 100 Fahrplan Linie 200 Sonderbuslinie 267 w\u00e4hrend des Maschseefestes und die Buslinie 800 W\u00e4hrend des Festes k\u00f6nnt ihr mit der Buslinie 267 [&hellip;]<\/p>\n","protected":false},"author":1,"featured_media":3325,"parent":1126,"menu_order":0,"comment_status":"closed","ping_status":"closed","template":"","meta":{"footnotes":""},"class_list":["post-1152","page","type-page","status-publish","has-post-thumbnail","hentry"],"_links":{"self":[{"href":"https:\/\/www.maschseefest.de\/nl\/wp-json\/wp\/v2\/pages\/1152","targetHints":{"allow":["GET"]}}],"collection":[{"href":"https:\/\/www.maschseefest.de\/nl\/wp-json\/wp\/v2\/pages"}],"about":[{"href":"https:\/\/www.maschseefest.de\/nl\/wp-json\/wp\/v2\/types\/page"}],"author":[{"embeddable":true,"href":"https:\/\/www.maschseefest.de\/nl\/wp-json\/wp\/v2\/users\/1"}],"replies":[{"embeddable":true,"href":"https:\/\/www.maschseefest.de\/nl\/wp-json\/wp\/v2\/comments?post=1152"}],"version-history":[{"count":85,"href":"https:\/\/www.maschseefest.de\/nl\/wp-json\/wp\/v2\/pages\/1152\/revisions"}],"predecessor-version":[{"id":6600,"href":"https:\/\/www.maschseefest.de\/nl\/wp-json\/wp\/v2\/pages\/1152\/revisions\/6600"}],"up":[{"embeddable":true,"href":"https:\/\/www.maschseefest.de\/nl\/wp-json\/wp\/v2\/pages\/1126"}],"wp:featuredmedia":[{"embeddable":true,"href":"https:\/\/www.maschseefest.de\/nl\/wp-json\/wp\/v2\/media\/3325"}],"wp:attachment":[{"href":"https:\/\/www.maschseefest.de\/nl\/wp-json\/wp\/v2\/media?parent=1152"}],"curies":[{"name":"wp","href":"https:\/\/api.w.org\/{rel}","templated":true}]}}