{"id":3431,"date":"2024-07-11T16:13:31","date_gmt":"2024-07-11T14:13:31","guid":{"rendered":"http:\/\/web5.s149.goserver.host\/an-und-abreise\/maschseeflotte-copy\/"},"modified":"2025-07-03T10:53:46","modified_gmt":"2025-07-03T08:53:46","slug":"maschseepiraten","status":"publish","type":"page","link":"https:\/\/www.maschseefest.de\/pl\/kinderprogramm\/maschseepiraten\/","title":{"rendered":"Piraci z Maschsee"},"content":{"rendered":"<div data-elementor-type=\"wp-page\" data-elementor-id=\"3431\" class=\"elementor elementor-3431\" data-elementor-post-type=\"page\">\n\t\t\t\t<div class=\"elementor-element elementor-element-bd39ff6 e-flex e-con-boxed e-con e-parent\" data-id=\"bd39ff6\" data-element_type=\"container\" data-e-type=\"container\">\n\t\t\t\t\t<div class=\"e-con-inner\">\n\t\t\t\t<div class=\"elementor-element elementor-element-ed73c58 elementor-widget elementor-widget-spacer\" data-id=\"ed73c58\" data-element_type=\"widget\" data-e-type=\"widget\" data-widget_type=\"spacer.default\">\n\t\t\t\t<div class=\"elementor-widget-container\">\n\t\t\t\t\t\t\t<div class=\"elementor-spacer\">\n\t\t\t<div class=\"elementor-spacer-inner\"><\/div>\n\t\t<\/div>\n\t\t\t\t\t\t<\/div>\n\t\t\t\t<\/div>\n\t\t\t\t<div class=\"elementor-element elementor-element-f1a37b7 elementor-widget elementor-widget-heading\" data-id=\"f1a37b7\" data-element_type=\"widget\" data-e-type=\"widget\" data-widget_type=\"heading.default\">\n\t\t\t\t<div class=\"elementor-widget-container\">\n\t\t\t\t\t<h3 class=\"elementor-heading-title elementor-size-default\">Popularni piraci powracaj\u0105 na Maschsee w czwartki i wtorki<\/h3>\t\t\t\t<\/div>\n\t\t\t\t<\/div>\n\t\t\t\t<div class=\"elementor-element elementor-element-67c8763 elementor-widget elementor-widget-heading\" data-id=\"67c8763\" data-element_type=\"widget\" data-e-type=\"widget\" data-widget_type=\"heading.default\">\n\t\t\t\t<div class=\"elementor-widget-container\">\n\t\t\t\t\t<h3 class=\"elementor-heading-title elementor-size-default\">Statek ahoj<\/h3>\t\t\t\t<\/div>\n\t\t\t\t<\/div>\n\t\t\t\t<div class=\"elementor-element elementor-element-58f1acf elementor-widget elementor-widget-text-editor\" data-id=\"58f1acf\" data-element_type=\"widget\" data-e-type=\"widget\" data-widget_type=\"text-editor.default\">\n\t\t\t\t<div class=\"elementor-widget-container\">\n\t\t\t\t\t\t\t\t\t<div class=\"content-content embed-articles editor-content article-full-view-main-text ezrichtext-field\"><p class=\"emark\">Wreszcie, popularni piraci powracaj\u0105 na Maschsee w czwartki i wtorki podczas Maschsee Festival.<\/p><p class=\"emark\">Kapitan Zopf (Elisa Salamanca) z niecierpliwo\u015bci\u0105 czeka na nowe przygody z ch\u0142opcem okr\u0119towym Mathjesem (Mathias L\u00fcck) i pasa\u017cerem na gap\u0119 Clownem Fidolo (Horst Schneider) oraz na wymy\u015blanie wszelkiego rodzaju pirackich bzdur, rozwi\u0105zywanie dziwnych zagadek oceanicznych i snucie wszelkiego rodzaju marynarskich opowie\u015bci. Razem z papug\u0105 Bounty, pirackimi d\u017centelmenami i sternikiem Achimem z \u00dcSTRY wyp\u0142ywaj\u0105 w rejs, \u015bpiewaj\u0105 dziwaczne pirackie piosenki i - przy odrobinie szcz\u0119\u015bcia - znajduj\u0105 nawet klucz do skrzyni ze skarbem. Zawsze towarzyszy im torba pe\u0142na muzyki.<\/p><p class=\"emark\">Wspania\u0142a muzyczna sztuka teatralna dla dzieci w wieku od 4 do 10 lat, kt\u00f3ra jest r\u00f3wnie\u017c \u015bwietn\u0105 zabaw\u0105 dla towarzysz\u0105cych rodzic\u00f3w lub dziadk\u00f3w!<\/p><p class=\"emark\">Koszty podr\u00f3\u017cy: dzieci i doro\u015bli 7,50 - plus op\u0142ata za wcze\u015bniejsz\u0105 rezerwacj\u0119<\/p><p class=\"emark\">Bilety s\u0105 dost\u0119pne tylko online. Pozosta\u0142e bilety: w danym dniu od godz. 13:30 bezpo\u015brednio na p\u0142ycie stadionu.<\/p><\/div>\t\t\t\t\t\t\t\t<\/div>\n\t\t\t\t<\/div>\n\t\t\t\t<div class=\"elementor-element elementor-element-eb060ae elementor-hidden-desktop elementor-hidden-tablet elementor-hidden-mobile elementor-widget elementor-widget-jet-listing-dynamic-link\" data-id=\"eb060ae\" data-element_type=\"widget\" data-e-type=\"widget\" data-widget_type=\"jet-listing-dynamic-link.default\">\n\t\t\t\t<div class=\"elementor-widget-container\">\n\t\t\t\t\t<a href=\"https:\/\/ticket2go.de\/c\/4052\" class=\"jet-listing-dynamic-link__link\" target=\"_blank\" rel=\"noopener\"><div class=\"jet-listing-dynamic-link__icon is-svg-icon\"><svg class=\"e-font-icon-svg e-fas-chevron-right\" aria-hidden=\"true\" viewbox=\"0 0 320 512\" xmlns=\"http:\/\/www.w3.org\/2000\/svg\"><path d=\"M285.476 272.971L91.132 467.314c-9.373 9.373-24.569 9.373-33.941 0l-22.667-22.667c-9.357-9.357-9.375-24.522-.04-33.901L188.505 256 34.484 101.255c-9.335-9.379-9.317-24.544.04-33.901l22.667-22.667c9.373-9.373 24.569-9.373 33.941 0L285.475 239.03c9.373 9.372 9.373 24.568.001 33.941z\"><\/path><\/svg><\/div><span class=\"jet-listing-dynamic-link__label\">Kliknij tutaj, aby kupi\u0107 bilet<\/span><\/a>\t\t\t\t<\/div>\n\t\t\t\t<\/div>\n\t\t\t\t<div class=\"elementor-element elementor-element-472f5e0 elementor-widget elementor-widget-gallery\" data-id=\"472f5e0\" data-element_type=\"widget\" data-e-type=\"widget\" data-settings=\"{&quot;columns&quot;:2,&quot;lazyload&quot;:&quot;yes&quot;,&quot;gallery_layout&quot;:&quot;grid&quot;,&quot;columns_tablet&quot;:2,&quot;columns_mobile&quot;:1,&quot;gap&quot;:{&quot;unit&quot;:&quot;px&quot;,&quot;size&quot;:10,&quot;sizes&quot;:[]},&quot;gap_tablet&quot;:{&quot;unit&quot;:&quot;px&quot;,&quot;size&quot;:10,&quot;sizes&quot;:[]},&quot;gap_mobile&quot;:{&quot;unit&quot;:&quot;px&quot;,&quot;size&quot;:10,&quot;sizes&quot;:[]},&quot;link_to&quot;:&quot;file&quot;,&quot;aspect_ratio&quot;:&quot;3:2&quot;,&quot;overlay_background&quot;:&quot;yes&quot;,&quot;content_hover_animation&quot;:&quot;fade-in&quot;}\" data-widget_type=\"gallery.default\">\n\t\t\t\t<div class=\"elementor-widget-container\">\n\t\t\t\t\t\t\t<div class=\"elementor-gallery__container\">\n\t\t\t\t\t\t\t<a class=\"e-gallery-item elementor-gallery-item elementor-animated-content\" href=\"https:\/\/www.maschseefest.de\/wp-content\/uploads\/2024\/07\/1-Maschseepiraten.jpg\" data-elementor-open-lightbox=\"yes\" data-elementor-lightbox-slideshow=\"472f5e0\" data-elementor-lightbox-title=\"Maschseepiraten\" data-e-action-hash=\"#elementor-action%3Aaction%3Dlightbox%26settings%3DeyJpZCI6MzQ0MSwidXJsIjoiaHR0cHM6XC9cL3d3dy5tYXNjaHNlZWZlc3QuZGVcL3dwLWNvbnRlbnRcL3VwbG9hZHNcLzIwMjRcLzA3XC8xLU1hc2Noc2VlcGlyYXRlbi5qcGciLCJzbGlkZXNob3ciOiI0NzJmNWUwIn0%3D\">\n\t\t\t\t\t<div class=\"e-gallery-image elementor-gallery-item__image\" data-thumbnail=\"https:\/\/www.maschseefest.de\/wp-content\/uploads\/2024\/07\/1-Maschseepiraten.jpg\" data-width=\"1799\" data-height=\"899\" aria-label=\"Piraci z Maschsee\" role=\"img\" ><\/div>\n\t\t\t\t\t\t\t\t\t\t\t<div class=\"elementor-gallery-item__overlay\"><\/div>\n\t\t\t\t\t\t\t\t\t\t\t\t\t\t<\/a>\n\t\t\t\t\t\t\t<a class=\"e-gallery-item elementor-gallery-item elementor-animated-content\" href=\"https:\/\/www.maschseefest.de\/wp-content\/uploads\/2024\/07\/MaschseepiratencHVG-scaled.jpg\" data-elementor-open-lightbox=\"yes\" data-elementor-lightbox-slideshow=\"472f5e0\" data-elementor-lightbox-title=\"Maschseepiraten\" data-e-action-hash=\"#elementor-action%3Aaction%3Dlightbox%26settings%3DeyJpZCI6MzQ0MiwidXJsIjoiaHR0cHM6XC9cL3d3dy5tYXNjaHNlZWZlc3QuZGVcL3dwLWNvbnRlbnRcL3VwbG9hZHNcLzIwMjRcLzA3XC9NYXNjaHNlZXBpcmF0ZW5jSFZHLXNjYWxlZC5qcGciLCJzbGlkZXNob3ciOiI0NzJmNWUwIn0%3D\">\n\t\t\t\t\t<div class=\"e-gallery-image elementor-gallery-item__image\" data-thumbnail=\"https:\/\/www.maschseefest.de\/wp-content\/uploads\/2024\/07\/MaschseepiratencHVG-2048x1365.jpg\" data-width=\"2048\" data-height=\"1365\" aria-label=\"Piraci z Maschsee\" role=\"img\" ><\/div>\n\t\t\t\t\t\t\t\t\t\t\t<div class=\"elementor-gallery-item__overlay\"><\/div>\n\t\t\t\t\t\t\t\t\t\t\t\t\t\t<\/a>\n\t\t\t\t\t\t\t<a class=\"e-gallery-item elementor-gallery-item elementor-animated-content\" href=\"https:\/\/www.maschseefest.de\/wp-content\/uploads\/2024\/07\/2-Maschseepiraten-2.jpg\" data-elementor-open-lightbox=\"yes\" data-elementor-lightbox-slideshow=\"472f5e0\" data-elementor-lightbox-title=\"Maschseepiraten\" data-e-action-hash=\"#elementor-action%3Aaction%3Dlightbox%26settings%3DeyJpZCI6MzQ0MywidXJsIjoiaHR0cHM6XC9cL3d3dy5tYXNjaHNlZWZlc3QuZGVcL3dwLWNvbnRlbnRcL3VwbG9hZHNcLzIwMjRcLzA3XC8yLU1hc2Noc2VlcGlyYXRlbi0yLmpwZyIsInNsaWRlc2hvdyI6IjQ3MmY1ZTAifQ%3D%3D\">\n\t\t\t\t\t<div class=\"e-gallery-image elementor-gallery-item__image\" data-thumbnail=\"https:\/\/www.maschseefest.de\/wp-content\/uploads\/2024\/07\/2-Maschseepiraten-2.jpg\" data-width=\"1604\" data-height=\"1200\" aria-label=\"Piraci z Maschsee\" role=\"img\" ><\/div>\n\t\t\t\t\t\t\t\t\t\t\t<div class=\"elementor-gallery-item__overlay\"><\/div>\n\t\t\t\t\t\t\t\t\t\t\t\t\t\t<\/a>\n\t\t\t\t\t\t\t<a class=\"e-gallery-item elementor-gallery-item elementor-animated-content\" href=\"https:\/\/www.maschseefest.de\/wp-content\/uploads\/2024\/07\/Maschseepiraten-Pano.jpg\" data-elementor-open-lightbox=\"yes\" data-elementor-lightbox-slideshow=\"472f5e0\" data-elementor-lightbox-title=\"Maschseepiraten\" data-e-action-hash=\"#elementor-action%3Aaction%3Dlightbox%26settings%3DeyJpZCI6MzA3MCwidXJsIjoiaHR0cHM6XC9cL3d3dy5tYXNjaHNlZWZlc3QuZGVcL3dwLWNvbnRlbnRcL3VwbG9hZHNcLzIwMjRcLzA3XC9NYXNjaHNlZXBpcmF0ZW4tUGFuby5qcGciLCJzbGlkZXNob3ciOiI0NzJmNWUwIn0%3D\">\n\t\t\t\t\t<div class=\"e-gallery-image elementor-gallery-item__image\" data-thumbnail=\"https:\/\/www.maschseefest.de\/wp-content\/uploads\/2024\/07\/Maschseepiraten-Pano.jpg\" data-width=\"2000\" data-height=\"1000\" aria-label=\"\" role=\"img\" ><\/div>\n\t\t\t\t\t\t\t\t\t\t\t<div class=\"elementor-gallery-item__overlay\"><\/div>\n\t\t\t\t\t\t\t\t\t\t\t\t\t\t<\/a>\n\t\t\t\t\t<\/div>\n\t\t\t\t\t<\/div>\n\t\t\t\t<\/div>\n\t\t\t\t<div class=\"elementor-element elementor-element-b26db97 elementor-widget elementor-widget-spacer\" data-id=\"b26db97\" data-element_type=\"widget\" data-e-type=\"widget\" data-widget_type=\"spacer.default\">\n\t\t\t\t<div class=\"elementor-widget-container\">\n\t\t\t\t\t\t\t<div class=\"elementor-spacer\">\n\t\t\t<div class=\"elementor-spacer-inner\"><\/div>\n\t\t<\/div>\n\t\t\t\t\t\t<\/div>\n\t\t\t\t<\/div>\n\t\t\t\t<div class=\"elementor-element elementor-element-d2cbe92 elementor-widget elementor-widget-text-editor\" data-id=\"d2cbe92\" data-element_type=\"widget\" data-e-type=\"widget\" data-widget_type=\"text-editor.default\">\n\t\t\t\t<div class=\"elementor-widget-container\">\n\t\t\t\t\t\t\t\t\t<div class=\"content-content embed-articles editor-content article-full-view-main-text ezrichtext-field\"><h4 class=\"header-h1 emark standard\">Wyp\u0142yni\u0119cie Maschseepiraten z nabrze\u017ca \"Stadion\" na p\u00f3\u0142nocnym brzegu<\/h4><div class=\"table-responsive\"><table class=\"table table-bordered table-striped\"><tbody><tr><td class=\"emark\"><p class=\"emark\">31.07.<\/p><\/td><td><p class=\"emark\">14:00, 15:00, 16:00<\/p><\/td><\/tr><tr><td><p class=\"emark\">05.08.<\/p><\/td><td><p>14:00, 15:00, 16:00<\/p><\/td><\/tr><tr><td><p class=\"emark\">07.08.<\/p><\/td><td><p>14:00, 15:00, 16:00<\/p><\/td><\/tr><tr><td><p class=\"emark\">12.08.<\/p><\/td><td><p>14:00, 15:00, 16:00<\/p><\/td><\/tr><tr><td><p class=\"emark\">14.08.<\/p><\/td><td><p>14:00, 15:00, 16:00<\/p><\/td><\/tr><\/tbody><\/table><\/div><\/div>\t\t\t\t\t\t\t\t<\/div>\n\t\t\t\t<\/div>\n\t\t\t\t\t<\/div>\n\t\t\t\t<\/div>\n\t\t\t\t<\/div>","protected":false},"excerpt":{"rendered":"<p>Die beliebten Piraten sind wieder donnerstags und dienstags auf dem Maschsee unterwegs Schiff Ahoi Endlich sind die beliebten Piraten w\u00e4hrend des Maschseefests wieder donnerstags und dienstags auf dem Maschsee unterwegs. K\u00e4ptin Zopf (Elisa Salamanca) freut sich mit dem Schiffsjungen Mathjes (Mathias L\u00fcck) und dem blinden Passagier Clown Fidolo (Horst Schneider) auf neue Abenteuer und darauf, [&hellip;]<\/p>\n","protected":false},"author":4,"featured_media":3437,"parent":3565,"menu_order":0,"comment_status":"closed","ping_status":"closed","template":"","meta":{"footnotes":""},"class_list":["post-3431","page","type-page","status-publish","has-post-thumbnail","hentry"],"_links":{"self":[{"href":"https:\/\/www.maschseefest.de\/pl\/wp-json\/wp\/v2\/pages\/3431","targetHints":{"allow":["GET"]}}],"collection":[{"href":"https:\/\/www.maschseefest.de\/pl\/wp-json\/wp\/v2\/pages"}],"about":[{"href":"https:\/\/www.maschseefest.de\/pl\/wp-json\/wp\/v2\/types\/page"}],"author":[{"embeddable":true,"href":"https:\/\/www.maschseefest.de\/pl\/wp-json\/wp\/v2\/users\/4"}],"replies":[{"embeddable":true,"href":"https:\/\/www.maschseefest.de\/pl\/wp-json\/wp\/v2\/comments?post=3431"}],"version-history":[{"count":28,"href":"https:\/\/www.maschseefest.de\/pl\/wp-json\/wp\/v2\/pages\/3431\/revisions"}],"predecessor-version":[{"id":6744,"href":"https:\/\/www.maschseefest.de\/pl\/wp-json\/wp\/v2\/pages\/3431\/revisions\/6744"}],"up":[{"embeddable":true,"href":"https:\/\/www.maschseefest.de\/pl\/wp-json\/wp\/v2\/pages\/3565"}],"wp:featuredmedia":[{"embeddable":true,"href":"https:\/\/www.maschseefest.de\/pl\/wp-json\/wp\/v2\/media\/3437"}],"wp:attachment":[{"href":"https:\/\/www.maschseefest.de\/pl\/wp-json\/wp\/v2\/media?parent=3431"}],"curies":[{"name":"wp","href":"https:\/\/api.w.org\/{rel}","templated":true}]}}