{"id":3918,"date":"2024-07-15T15:10:29","date_gmt":"2024-07-15T13:10:29","guid":{"rendered":"http:\/\/web5.s149.goserver.host\/?page_id=3918"},"modified":"2025-08-26T12:06:30","modified_gmt":"2025-08-26T10:06:30","slug":"achtsamkeit","status":"publish","type":"page","link":"https:\/\/www.maschseefest.de\/pl\/achtsamkeit\/","title":{"rendered":"\u015arodki uwa\u017cno\u015bci"},"content":{"rendered":"<div data-elementor-type=\"wp-page\" data-elementor-id=\"3918\" class=\"elementor elementor-3918\" data-elementor-post-type=\"page\">\n\t\t\t\t<div class=\"elementor-element elementor-element-391d140 e-flex e-con-boxed e-con e-parent\" data-id=\"391d140\" data-element_type=\"container\" data-e-type=\"container\">\n\t\t\t\t\t<div class=\"e-con-inner\">\n\t\t\t\t<div class=\"elementor-element elementor-element-f0ba633 elementor-widget elementor-widget-heading\" data-id=\"f0ba633\" data-element_type=\"widget\" data-e-type=\"widget\" data-widget_type=\"heading.default\">\n\t\t\t\t<div class=\"elementor-widget-container\">\n\t\t\t\t\t<h3 class=\"elementor-heading-title elementor-size-default\">Uwa\u017cno\u015b\u0107 na festiwalu w Maschsee<\/h3>\t\t\t\t<\/div>\n\t\t\t\t<\/div>\n\t\t\t\t<div class=\"elementor-element elementor-element-b5f111f elementor-widget elementor-widget-text-editor\" data-id=\"b5f111f\" data-element_type=\"widget\" data-e-type=\"widget\" data-widget_type=\"text-editor.default\">\n\t\t\t\t<div class=\"elementor-widget-container\">\n\t\t\t\t\t\t\t\t\t<p>Nasze \u015brodki uwa\u017cno\u015bci dla bezpiecznej i pe\u0142nej szacunku interakcji na Maschseefest 2025!<\/p><p><strong>Mo\u017ce ulec zmianie w 2026 roku. \u015arodki uwa\u017cno\u015bci s\u0105 aktywne tylko w okresie wydarzenia.<\/strong><\/p>\t\t\t\t\t\t\t\t<\/div>\n\t\t\t\t<\/div>\n\t\t\t\t<div class=\"elementor-element elementor-element-592ba6d elementor-widget-divider--view-line elementor-widget elementor-widget-divider\" data-id=\"592ba6d\" data-element_type=\"widget\" data-e-type=\"widget\" data-widget_type=\"divider.default\">\n\t\t\t\t<div class=\"elementor-widget-container\">\n\t\t\t\t\t\t\t<div class=\"elementor-divider\">\n\t\t\t<span class=\"elementor-divider-separator\">\n\t\t\t\t\t\t<\/span>\n\t\t<\/div>\n\t\t\t\t\t\t<\/div>\n\t\t\t\t<\/div>\n\t\t\t\t<div class=\"elementor-element elementor-element-d6e2fde elementor-widget elementor-widget-text-editor\" data-id=\"d6e2fde\" data-element_type=\"widget\" data-e-type=\"widget\" data-widget_type=\"text-editor.default\">\n\t\t\t\t<div class=\"elementor-widget-container\">\n\t\t\t\t\t\t\t\t\t<h3>Misja sp\u00f3\u0142ki Hannover Verstanstaltungs GmbH (HVG)<strong><br \/><\/strong><\/h3><p>Na naszych imprezach, czy to na Festiwalu Maschsee, Mi\u0119dzynarodowym Konkursie Fajerwerk\u00f3w czy Glitterbox, spotykaj\u0105 si\u0119 ludzie - niekt\u00f3rzy z ca\u0142ego \u015bwiata - o r\u00f3\u017cnym pochodzeniu kulturowym, sposobie \u017cycia oraz indywidualnych zainteresowaniach i potrzebach. Bardzo doceniamy wszystkich naszych go\u015bci i wynikaj\u0105c\u0105 z tego r\u00f3\u017cnorodno\u015b\u0107 na ka\u017cdym z naszych wydarze\u0144.<\/p><p>Jednak rzeczywisto\u015b\u0107, nawet w kolorowym \u015bwiecie wydarze\u0144 i zaj\u0119\u0107 rekreacyjnych, nie zawsze jest tak tolerancyjna i rozwa\u017cna, jak my, organizatorzy, my\u015blimy i \u017cyjemy zgodnie z naszymi podstawowymi warto\u015bciami. W rezultacie staramy si\u0119 wyra\u017anie sprzeciwia\u0107 wszelkiej niesprawiedliwo\u015bci, przekraczaniu granic i dyskryminacji wszelkiego rodzaju oraz oferowa\u0107 najlepsz\u0105 mo\u017cliw\u0105 bezpieczn\u0105 przestrze\u0144 podczas naszych wydarze\u0144. Zasadniczo mo\u017cna to jednak osi\u0105gn\u0105\u0107 jedynie poprzez pe\u0142ne szacunku i pomocne traktowanie ka\u017cdej osoby, kt\u00f3ra uczestniczy w naszych wydarzeniach.<\/p><p><strong>My, zesp\u00f3\u0142 HVG, serdecznie witamy wszystkich, kt\u00f3rzy chc\u0105 cieszy\u0107 si\u0119 dobr\u0105 zabaw\u0105 z nami w pozytywnej i pe\u0142nej szacunku atmosferze i by\u0107 cz\u0119\u015bci\u0105 pokojowej kultury eventowej!<\/strong><\/p><p>Aby wesprze\u0107 nasz\u0105 misj\u0119 i zapewni\u0107 najlepsz\u0105 mo\u017cliw\u0105 pomoc w krytycznych sytuacjach, w tym roku po raz pierwszy wsp\u00f3\u0142pracujemy z organizacj\u0105 <strong>Aplikacja Saferspaces<\/strong> razem. W rozszerzonym sk\u0142adzie <strong>\u015awi\u0119ty Jan<\/strong> na miejscu z ich <strong>Zesp\u00f3\u0142 PSNV<\/strong> (psychospo\u0142eczna opieka w nag\u0142ych wypadkach) dla doros\u0142ych i dzieci, kt\u00f3ry s\u0142u\u017cy r\u00f3wnie\u017c jako interfejs (operator) dla aplikacji. Oczywi\u015bcie wszyscy pracownicy ochrony s\u0105 r\u00f3wnie\u017c og\u00f3lnie dost\u0119pni, ale mog\u0105 by\u0107 wezwani przez St John Ambulance tylko w drugiej instancji w odniesieniu do wszystkich temat\u00f3w wchodz\u0105cych w zakres naszych \"Wytycznych Mindfulness\".<\/p><p>Nale\u017cy pami\u0119ta\u0107, \u017ce ze wzgl\u0119du na du\u017cy obszar Maschseefest (ponad 20 000 m\u00b2) i fakt, \u017ce tylko cz\u0119\u015b\u0107 obszaru jest obj\u0119ta regulaminem, nie jeste\u015bmy w stanie obj\u0105\u0107 wszystkich \u015bcie\u017cek wok\u00f3\u0142 i na Maschsee. Przegl\u0105d miejsc, w kt\u00f3rych znajduj\u0105 si\u0119 plakaty i obszar dzia\u0142ania Johanniter, mo\u017cna znale\u017a\u0107 w za\u0142\u0105cznikach.<\/p>\t\t\t\t\t\t\t\t<\/div>\n\t\t\t\t<\/div>\n\t\t\t\t<div class=\"elementor-element elementor-element-29b3ec2 elementor-widget elementor-widget-image\" data-id=\"29b3ec2\" data-element_type=\"widget\" data-e-type=\"widget\" data-widget_type=\"image.default\">\n\t\t\t\t<div class=\"elementor-widget-container\">\n\t\t\t\t\t\t\t\t\t\t\t\t\t\t\t<img fetchpriority=\"high\" decoding=\"async\" width=\"800\" height=\"282\" src=\"https:\/\/www.maschseefest.de\/wp-content\/uploads\/2024\/07\/3-x-Logos.png\" class=\"attachment-large size-large wp-image-3492\" alt=\"\" srcset=\"https:\/\/www.maschseefest.de\/wp-content\/uploads\/2024\/07\/3-x-Logos.png 859w, https:\/\/www.maschseefest.de\/wp-content\/uploads\/2024\/07\/3-x-Logos-300x106.png 300w, https:\/\/www.maschseefest.de\/wp-content\/uploads\/2024\/07\/3-x-Logos-768x271.png 768w\" sizes=\"(max-width: 800px) 100vw, 800px\" \/>\t\t\t\t\t\t\t\t\t\t\t\t\t\t\t<\/div>\n\t\t\t\t<\/div>\n\t\t\t\t<div class=\"elementor-element elementor-element-5f060ef elementor-widget-divider--view-line elementor-widget elementor-widget-divider\" data-id=\"5f060ef\" data-element_type=\"widget\" data-e-type=\"widget\" data-widget_type=\"divider.default\">\n\t\t\t\t<div class=\"elementor-widget-container\">\n\t\t\t\t\t\t\t<div class=\"elementor-divider\">\n\t\t\t<span class=\"elementor-divider-separator\">\n\t\t\t\t\t\t<\/span>\n\t\t<\/div>\n\t\t\t\t\t\t<\/div>\n\t\t\t\t<\/div>\n\t\t\t\t<div class=\"elementor-element elementor-element-5fac176 elementor-widget elementor-widget-text-editor\" data-id=\"5fac176\" data-element_type=\"widget\" data-e-type=\"widget\" data-widget_type=\"text-editor.default\">\n\t\t\t\t<div class=\"elementor-widget-container\">\n\t\t\t\t\t\t\t\t\t<h3>Aplikacja Saferspaces<\/h3><p>\"Saferspaces uzupe\u0142nia istniej\u0105ce koncepcje bezpiecze\u0144stwa o podej\u015bcie, kt\u00f3re zwi\u0119ksza og\u00f3lne samopoczucie i aktywnie promuje pe\u0142ne szacunku wsp\u00f3\u0142istnienie. W oparciu o zasad\u0119 bycia tam, gdzie potrzebna jest pomoc, infrastruktura jest wykorzystywana w r\u00f3\u017cnych kontekstach: dyskryminacji, napa\u015bci na tle seksualnym, og\u00f3lnych incydent\u00f3w, nadu\u017cycia w\u0142adzy, eskalacji przemocy i funkcji raportowania\".<\/p><p>Aplikacja nie tylko zapewnia lepsze samopoczucie odwiedzaj\u0105cych, ale tak\u017ce przyczynia si\u0119 do trwa\u0142ej poprawy sytuacji w zakresie bezpiecze\u0144stwa dzi\u0119ki innowacyjnemu podej\u015bciu.<\/p><h5>Jak dzia\u0142a aplikacja?<\/h5><p>Osoby, kt\u00f3rych to dotyczy, musz\u0105 pobra\u0107 aplikacj\u0119 <u>nie<\/u> zainstalowa\u0107 wcze\u015bniej. Przez <strong>Zeskanuj kod QR znajduj\u0105cy si\u0119 na plakatach* i naklejkach*. <\/strong>Osoba szukaj\u0105ca pomocy jest bezpo\u015brednio po\u0142\u0105czona z odpowiedzialnym za ni\u0105 personelem. Ponadto lokalizacja jest przekazywana zespo\u0142owi za po\u015brednictwem ju\u017c zapisanego punktu identyfikacyjnego. Zasadniczo kontakt mo\u017cna nawi\u0105za\u0107 ca\u0142kowicie anonimowo; wszystkie dane nieosobowe \"Kiedy\", \"Jaki rodzaj zdarzenia\" i \"Gdzie\" s\u0105 udost\u0119pniane organizatorowi w celu pomiaru i oceny sytuacji bezpiecze\u0144stwa. Po zeskanowaniu aplikacji rozpoznawany jest j\u0119zyk systemu urz\u0105dzenia mobilnego, a tre\u015b\u0107 jest wy\u015bwietlana odpowiednio w j\u0119zyku niemieckim lub angielskim.<\/p>\t\t\t\t\t\t\t\t<\/div>\n\t\t\t\t<\/div>\n\t\t\t\t<div class=\"elementor-element elementor-element-8994ab3 elementor-widget elementor-widget-image\" data-id=\"8994ab3\" data-element_type=\"widget\" data-e-type=\"widget\" data-widget_type=\"image.default\">\n\t\t\t\t<div class=\"elementor-widget-container\">\n\t\t\t\t\t\t\t\t\t\t\t\t<figure class=\"wp-caption\">\n\t\t\t\t\t\t\t\t\t\t<img decoding=\"async\" width=\"726\" height=\"1024\" src=\"https:\/\/www.maschseefest.de\/wp-content\/uploads\/2025\/07\/Saferspaces_Maschseefest_Poster_A3_250624V-1-726x1024.jpg\" class=\"attachment-large size-large wp-image-6700\" alt=\"\" srcset=\"https:\/\/www.maschseefest.de\/wp-content\/uploads\/2025\/07\/Saferspaces_Maschseefest_Poster_A3_250624V-1-726x1024.jpg 726w, https:\/\/www.maschseefest.de\/wp-content\/uploads\/2025\/07\/Saferspaces_Maschseefest_Poster_A3_250624V-1-213x300.jpg 213w, https:\/\/www.maschseefest.de\/wp-content\/uploads\/2025\/07\/Saferspaces_Maschseefest_Poster_A3_250624V-1-768x1083.jpg 768w, https:\/\/www.maschseefest.de\/wp-content\/uploads\/2025\/07\/Saferspaces_Maschseefest_Poster_A3_250624V-1-1089x1536.jpg 1089w, https:\/\/www.maschseefest.de\/wp-content\/uploads\/2025\/07\/Saferspaces_Maschseefest_Poster_A3_250624V-1-1452x2048.jpg 1452w, https:\/\/www.maschseefest.de\/wp-content\/uploads\/2025\/07\/Saferspaces_Maschseefest_Poster_A3_250624V-1-9x12.jpg 9w, https:\/\/www.maschseefest.de\/wp-content\/uploads\/2025\/07\/Saferspaces_Maschseefest_Poster_A3_250624V-1-scaled.jpg 1815w\" sizes=\"(max-width: 726px) 100vw, 726px\" \/>\t\t\t\t\t\t\t\t\t\t\t<figcaption class=\"widget-image-caption wp-caption-text\"><\/figcaption>\n\t\t\t\t\t\t\t\t\t\t<\/figure>\n\t\t\t\t\t\t\t\t\t<\/div>\n\t\t\t\t<\/div>\n\t\t\t\t<div class=\"elementor-element elementor-element-729b8a9 elementor-widget-divider--view-line elementor-widget elementor-widget-divider\" data-id=\"729b8a9\" data-element_type=\"widget\" data-e-type=\"widget\" data-widget_type=\"divider.default\">\n\t\t\t\t<div class=\"elementor-widget-container\">\n\t\t\t\t\t\t\t<div class=\"elementor-divider\">\n\t\t\t<span class=\"elementor-divider-separator\">\n\t\t\t\t\t\t<\/span>\n\t\t<\/div>\n\t\t\t\t\t\t<\/div>\n\t\t\t\t<\/div>\n\t\t\t\t<div class=\"elementor-element elementor-element-853baef elementor-widget elementor-widget-text-editor\" data-id=\"853baef\" data-element_type=\"widget\" data-e-type=\"widget\" data-widget_type=\"text-editor.default\">\n\t\t\t\t<div class=\"elementor-widget-container\">\n\t\t\t\t\t\t\t\t\t<p>Obs\u0142uga aplikacji za po\u015brednictwem operatora Johanniter odbywa si\u0119 w oficjalnych godzinach Maschseefest:<\/p><p><strong>Poniedzia\u0142ek - czwartek: od 14:00 do 01:00<\/strong><\/p><p><strong>Pi\u0105tek - sobota: od 14:00 do 02:00<\/strong><\/p><p><strong>Niedziela: od 12:00 do 01:00<\/strong><\/p><p>*Plakaty s\u0105 powi\u0105zane z istniej\u0105c\u0105 numeracj\u0105 latarni wok\u00f3\u0142 Maschsee, a ich identyfikacja lokalizacji opiera si\u0119 na planowaniu siatki miasta.<\/p><p>*Znajduje si\u0119 w indywidualnych kabinach urz\u0105dze\u0144 sanitarnych.<\/p><p>Wi\u0119cej informacji o aplikacji: <a href=\"https:\/\/www.saferspaces.io\/\" target=\"_blank\" rel=\"noopener\"><span style=\"text-decoration: underline;\"><em>https:\/\/www.saferspaces.io\/<\/em><\/span><\/a><\/p><p><img decoding=\"async\" class=\"size-full wp-image-3490 aligncenter\" src=\"https:\/\/www.maschseefest.de\/wp-content\/uploads\/2024\/07\/SaferSpaces-Logo.png\" alt=\"\" width=\"220\" height=\"220\" srcset=\"https:\/\/www.maschseefest.de\/wp-content\/uploads\/2024\/07\/SaferSpaces-Logo.png 220w, https:\/\/www.maschseefest.de\/wp-content\/uploads\/2024\/07\/SaferSpaces-Logo-150x150.png 150w\" sizes=\"(max-width: 220px) 100vw, 220px\" \/><\/p>\t\t\t\t\t\t\t\t<\/div>\n\t\t\t\t<\/div>\n\t\t\t\t<div class=\"elementor-element elementor-element-d8dd5e4 elementor-widget-divider--view-line elementor-widget elementor-widget-divider\" data-id=\"d8dd5e4\" data-element_type=\"widget\" data-e-type=\"widget\" data-widget_type=\"divider.default\">\n\t\t\t\t<div class=\"elementor-widget-container\">\n\t\t\t\t\t\t\t<div class=\"elementor-divider\">\n\t\t\t<span class=\"elementor-divider-separator\">\n\t\t\t\t\t\t<\/span>\n\t\t<\/div>\n\t\t\t\t\t\t<\/div>\n\t\t\t\t<\/div>\n\t\t\t\t<div class=\"elementor-element elementor-element-c51ecbe elementor-widget elementor-widget-text-editor\" data-id=\"c51ecbe\" data-element_type=\"widget\" data-e-type=\"widget\" data-widget_type=\"text-editor.default\">\n\t\t\t\t<div class=\"elementor-widget-container\">\n\t\t\t\t\t\t\t\t\t<h3>\u015awi\u0119ty Jan<\/h3><p>Opr\u00f3cz og\u00f3lnych us\u0142ug ratunkowych w nag\u0142ych wypadkach zdrowotnych, zesp\u00f3\u0142 St John Ambulance jest wyposa\u017cony w oddzielny zesp\u00f3\u0142 ratunkowy.\u00a0<strong>Zesp\u00f3\u0142 PSNV<\/strong>\u00a0<strong>dla doros\u0142ych i dzieci<\/strong>\u00a0na miejscu. Opr\u00f3cz wsparcia oferowanego przez osoby poszkodowane, kt\u00f3re zarejestruj\u0105 si\u0119 za po\u015brednictwem aplikacji Saferspaces lub strony internetowej\u00a0<strong>Infolinia St John 0800 0192140<\/strong>\u00a0Organizacja St John zapewnia sta\u0142\u0105\u00a0<strong>Kontener jako schronienie na parkingu Hannover 96 na zachodnim brzegu<\/strong>\u00a0oraz\u00a0<strong>mobilne rekolekcje za po\u015brednictwem VW busa<\/strong>\u00a0dost\u0119pne w godzinach pracy.<\/p><p>Godziny pracy zespo\u0142u PSNV na miejscu s\u0105 nast\u0119puj\u0105ce:<\/p><p><strong><u>Pomocnicy PSNV<\/u><\/strong><\/p><p>PSNV na miejscu \/ schronisko i miejsce odosobnienia (parking Hannover 96, Robert-Enke-Stra\u00dfe 1):<\/p><p><strong>Pi\u0105tek 18:00 - 03:00<\/strong><\/p><p><strong>Sobota 18:00 - 03:00<\/strong><\/p><p><strong><u>Us\u0142uga PSNV na wezwanie\u00a0<\/u><\/strong><\/p><p>Zesp\u00f3\u0142 jest dost\u0119pny pod telefonem dla os\u00f3b poszkodowanych poza godzinami pracy na miejscu:<\/p><p><strong>Poniedzia\u0142ek - czwartek 18:00 - 01:00<\/strong><\/p><p><strong>Sobota 14:00 - 18:00<\/strong><\/p><p><strong>Niedziela 12:00 - 01:00<\/strong><\/p><p>Wsparcie psychospo\u0142eczne zapewniane przez przeszkolony zesp\u00f3\u0142 St John Ambulance mo\u017ce by\u0107 r\u00f3wnie\u017c wykorzystane do skierowania danej osoby (os\u00f3b) do o\u015brodk\u00f3w kontaktowych, takich jak policja, schroniska dla kobiet, schroniska itp. w przypadku nag\u0142ej potrzeby.<\/p><p>Zgodnie z og\u00f3ln\u0105 zasad\u0105, ka\u017cdy cz\u0142onek St John Ambulance Service b\u0119dzie dost\u0119pny przez ca\u0142y czas trwania Maschsee Festival i udzieli pomocy!<\/p><p><span style=\"text-decoration: underline;\"><em><a href=\"https:\/\/www.maschseefest.de\/wp-content\/uploads\/2024\/07\/JUH-Karte-Maschseefest.pdf\">JUH Map Maschseefest<\/a><\/em><\/span><\/p><p><img loading=\"lazy\" decoding=\"async\" class=\"size-medium wp-image-3489 aligncenter\" src=\"https:\/\/www.maschseefest.de\/wp-content\/uploads\/2024\/07\/JUH_LogoClaim_Rot-Schwarz_sRGB-300x75.png\" alt=\"\" width=\"300\" height=\"75\" srcset=\"https:\/\/www.maschseefest.de\/wp-content\/uploads\/2024\/07\/JUH_LogoClaim_Rot-Schwarz_sRGB-300x75.png 300w, https:\/\/www.maschseefest.de\/wp-content\/uploads\/2024\/07\/JUH_LogoClaim_Rot-Schwarz_sRGB-1024x256.png 1024w, https:\/\/www.maschseefest.de\/wp-content\/uploads\/2024\/07\/JUH_LogoClaim_Rot-Schwarz_sRGB-768x192.png 768w, https:\/\/www.maschseefest.de\/wp-content\/uploads\/2024\/07\/JUH_LogoClaim_Rot-Schwarz_sRGB-1536x384.png 1536w, https:\/\/www.maschseefest.de\/wp-content\/uploads\/2024\/07\/JUH_LogoClaim_Rot-Schwarz_sRGB.png 2000w\" sizes=\"(max-width: 300px) 100vw, 300px\" \/><\/p>\t\t\t\t\t\t\t\t<\/div>\n\t\t\t\t<\/div>\n\t\t\t\t<div class=\"elementor-element elementor-element-544a302 elementor-widget-divider--view-line elementor-widget elementor-widget-divider\" data-id=\"544a302\" data-element_type=\"widget\" data-e-type=\"widget\" data-widget_type=\"divider.default\">\n\t\t\t\t<div class=\"elementor-widget-container\">\n\t\t\t\t\t\t\t<div class=\"elementor-divider\">\n\t\t\t<span class=\"elementor-divider-separator\">\n\t\t\t\t\t\t<\/span>\n\t\t<\/div>\n\t\t\t\t\t\t<\/div>\n\t\t\t\t<\/div>\n\t\t\t\t<div class=\"elementor-element elementor-element-7f91b1f elementor-widget elementor-widget-text-editor\" data-id=\"7f91b1f\" data-element_type=\"widget\" data-e-type=\"widget\" data-widget_type=\"text-editor.default\">\n\t\t\t\t<div class=\"elementor-widget-container\">\n\t\t\t\t\t\t\t\t\t<h3>Wsparcie dla patroli ToSa Security<\/h3><p>ToSa Security wspiera organizatora we wdra\u017caniu tej koncepcji. W godzinach wieczornych od niedzieli do czwartku specjalny zesp\u00f3\u0142 ToSa uzupe\u0142ni dy\u017curnych pomocnik\u00f3w PSNV o klasyczn\u0105 obecno\u015b\u0107 patrolu na miejscu. W pi\u0105tki i soboty sam zesp\u00f3\u0142 PSNV b\u0119dzie na miejscu w wystarczaj\u0105cej liczbie.<\/p><p>Personel ToSa nawi\u0105\u017ce wst\u0119pny kontakt wy\u0142\u0105cznie po zg\u0142oszeniu za po\u015brednictwem aplikacji, infolinii lub bezpo\u015bredniego kontaktu z dan\u0105 osob\u0105, aby w razie potrzeby towarzyszy\u0107 jej w chronionym obszarze \u015bwiadomo\u015bci. ToSa nie zapewnia doradztwa ani podobnych us\u0142ug. Zesp\u00f3\u0142 sk\u0142ada si\u0119 z m\u0119\u017cczyzn i kobiet i zostanie przeszkolony wraz z zespo\u0142em PSNV i Saferspaces przed wydarzeniem w zakresie zadeklarowanego interfejsu.<\/p><p><strong>Czas pracy zespo\u0142u ToSa:<\/strong><\/p><p><strong>Od niedzieli do \u015brody: 19:00 - 23:00<\/strong><\/p><p><strong>Czwartki: 19:00 - 01:00<\/strong><\/p><p><strong>Wyj\u0105tek: dzie\u0144 otwarcia 19:00 - 01:00<\/strong><\/p>\t\t\t\t\t\t\t\t<\/div>\n\t\t\t\t<\/div>\n\t\t\t\t<div class=\"elementor-element elementor-element-7c4765a elementor-widget elementor-widget-text-editor\" data-id=\"7c4765a\" data-element_type=\"widget\" data-e-type=\"widget\" data-widget_type=\"text-editor.default\">\n\t\t\t\t<div class=\"elementor-widget-container\">\n\t\t\t\t\t\t\t\t\t<h3>Catering i prezenterzy<\/h3><p>Opr\u00f3cz plakat\u00f3w wok\u00f3\u0142 jeziora i og\u0142osze\u0144 w pomieszczeniach sanitarnych, w razie potrzeby mo\u017cna r\u00f3wnie\u017c skontaktowa\u0107 si\u0119 z powi\u0105zanymi punktami gastronomicznymi oraz wystawcami. W tym celu mo\u017cna skontaktowa\u0107 si\u0119 z personelem baru, kt\u00f3ry mo\u017ce wezwa\u0107 pomoc za pomoc\u0105 kodu QR na stoisku.<\/p>\t\t\t\t\t\t\t\t<\/div>\n\t\t\t\t<\/div>\n\t\t\t\t\t<\/div>\n\t\t\t\t<\/div>\n\t\t\t\t<\/div>","protected":false},"excerpt":{"rendered":"<p>Achtsamkeit auf dem Maschseefest Unsere Achtsamkeits-Ma\u00dfnahmen f\u00fcr ein sicheres und respektvolles Miteinander auf dem Maschseefest 2025! \u00c4nderungen f\u00fcr 2026 vorbehalten. Die Achtsamkeitsma\u00dfnahmen sind nur w\u00e4hrend des Veranstaltungszeitraums aktiv. Leitbild der Hannover Verstanstaltungs GmbH (HVG) Bei unseren Veranstaltungen, egal ob beim Maschseefest, dem Internationalen Feuerwerkswettbewerb oder der Glitterbox, kommen Menschen \u2013 teils aus aller Welt \u2013 [&hellip;]<\/p>\n","protected":false},"author":4,"featured_media":5257,"parent":0,"menu_order":0,"comment_status":"closed","ping_status":"closed","template":"","meta":{"footnotes":""},"class_list":["post-3918","page","type-page","status-publish","has-post-thumbnail","hentry"],"_links":{"self":[{"href":"https:\/\/www.maschseefest.de\/pl\/wp-json\/wp\/v2\/pages\/3918","targetHints":{"allow":["GET"]}}],"collection":[{"href":"https:\/\/www.maschseefest.de\/pl\/wp-json\/wp\/v2\/pages"}],"about":[{"href":"https:\/\/www.maschseefest.de\/pl\/wp-json\/wp\/v2\/types\/page"}],"author":[{"embeddable":true,"href":"https:\/\/www.maschseefest.de\/pl\/wp-json\/wp\/v2\/users\/4"}],"replies":[{"embeddable":true,"href":"https:\/\/www.maschseefest.de\/pl\/wp-json\/wp\/v2\/comments?post=3918"}],"version-history":[{"count":43,"href":"https:\/\/www.maschseefest.de\/pl\/wp-json\/wp\/v2\/pages\/3918\/revisions"}],"predecessor-version":[{"id":7524,"href":"https:\/\/www.maschseefest.de\/pl\/wp-json\/wp\/v2\/pages\/3918\/revisions\/7524"}],"wp:featuredmedia":[{"embeddable":true,"href":"https:\/\/www.maschseefest.de\/pl\/wp-json\/wp\/v2\/media\/5257"}],"wp:attachment":[{"href":"https:\/\/www.maschseefest.de\/pl\/wp-json\/wp\/v2\/media?parent=3918"}],"curies":[{"name":"wp","href":"https:\/\/api.w.org\/{rel}","templated":true}]}}