{"id":3424,"date":"2024-07-11T16:02:44","date_gmt":"2024-07-11T14:02:44","guid":{"rendered":"http:\/\/web5.s149.goserver.host\/an-und-abreise\/frauennachttaxi-copy\/"},"modified":"2024-08-19T13:13:37","modified_gmt":"2024-08-19T11:13:37","slug":"maschseeflotte","status":"publish","type":"page","link":"https:\/\/www.maschseefest.de\/tr\/an-und-abreise\/maschseeflotte\/","title":{"rendered":"Maschsee filosu"},"content":{"rendered":"<div data-elementor-type=\"wp-page\" data-elementor-id=\"3424\" class=\"elementor elementor-3424\" data-elementor-post-type=\"page\">\n\t\t\t\t<div class=\"elementor-element elementor-element-bd39ff6 e-flex e-con-boxed e-con e-parent\" data-id=\"bd39ff6\" data-element_type=\"container\" data-e-type=\"container\">\n\t\t\t\t\t<div class=\"e-con-inner\">\n\t\t\t\t<div class=\"elementor-element elementor-element-ed73c58 elementor-widget elementor-widget-spacer\" data-id=\"ed73c58\" data-element_type=\"widget\" data-e-type=\"widget\" data-widget_type=\"spacer.default\">\n\t\t\t\t<div class=\"elementor-widget-container\">\n\t\t\t\t\t\t\t<div class=\"elementor-spacer\">\n\t\t\t<div class=\"elementor-spacer-inner\"><\/div>\n\t\t<\/div>\n\t\t\t\t\t\t<\/div>\n\t\t\t\t<\/div>\n\t\t\t\t<div class=\"elementor-element elementor-element-f1a37b7 elementor-widget elementor-widget-heading\" data-id=\"f1a37b7\" data-element_type=\"widget\" data-e-type=\"widget\" data-widget_type=\"heading.default\">\n\t\t\t\t<div class=\"elementor-widget-container\">\n\t\t\t\t\t<h3 class=\"elementor-heading-title elementor-size-default\">Maschsee Festivali s\u0131ras\u0131nda yelken a\u00e7\u0131n ve ko\u015fu\u015fturmay\u0131 sudan izleyin<\/h3>\t\t\t\t<\/div>\n\t\t\t\t<\/div>\n\t\t\t\t<div class=\"elementor-element elementor-element-67c8763 elementor-widget elementor-widget-heading\" data-id=\"67c8763\" data-element_type=\"widget\" data-e-type=\"widget\" data-widget_type=\"heading.default\">\n\t\t\t\t<div class=\"elementor-widget-container\">\n\t\t\t\t\t<h3 class=\"elementor-heading-title elementor-size-default\">G\u00f6l\u00fcn \u00fczerinde<\/h3>\t\t\t\t<\/div>\n\t\t\t\t<\/div>\n\t\t\t\t<div class=\"elementor-element elementor-element-58f1acf elementor-widget elementor-widget-text-editor\" data-id=\"58f1acf\" data-element_type=\"widget\" data-e-type=\"widget\" data-widget_type=\"text-editor.default\">\n\t\t\t\t<div class=\"elementor-widget-container\">\n\t\t\t\t\t\t\t\t\t<div class=\"content-content embed-articles editor-content article-full-view-main-text ezrichtext-field\"><p class=\"emark\">Festival boyunca \u00dcSTRA tekneleriyle sahneden sahneye rahat\u00e7a yelken a\u00e7abilir ve g\u00f6ldeki renkli ko\u015fu\u015fturmay\u0131 izleyebilirsiniz. Hava durumuna ba\u011fl\u0131 olarak g\u00fcnde en fazla d\u00f6rt tekne \u00e7al\u0131\u015fmaktad\u0131r.<\/p><p class=\"emark standard\">En k\u00fc\u00e7\u00fck gemi <strong>Hanover<\/strong>. G\u00fczel havalarda \u00f6zellikle davetkar: \u00f6n g\u00fcverte.<\/p><p class=\"emark standard\">Kabinli gemi <strong>Almanya<\/strong> ana hat teknesidir ve t\u00fcm hava ko\u015fullar\u0131na uygundur.<\/p><p class=\"emark standard\">Parti kruvaz\u00f6r\u00fc <strong>A\u015fa\u011f\u0131 Saksonya<\/strong>Teras, kutlama yapmak i\u00e7in 50 ki\u015fiye kadar alan sunmaktad\u0131r (40 ki\u015fiye kadar a\u00e7\u0131k b\u00fcfe ile).<\/p><p class=\"emark standard\">Bu <strong>Europa-enercity<\/strong> filonun y\u0131ld\u0131z\u0131d\u0131r - 21,90 metre uzunlu\u011funda ve maksimum 46 ki\u015filik kapasiteye sahiptir. Paslanmaz \u00e7elik g\u00fcne\u015f enerjili katamaran, ultra modern g\u00fcne\u015f enerjisi tahriki sayesinde Maschsee \u00fczerinde neredeyse sessizce s\u00fcz\u00fcl\u00fcyor.<\/p><p>Filo ve yolculuk s\u00fcreleri hakk\u0131nda daha fazla bilgiye buradan ula\u015fabilirsiniz: <a href=\"https:\/\/www.uestra.de\/service\/uestra-entdecken\/maschseeflotte\/\" target=\"_blank\" rel=\"noopener\"><em><strong>\u00dcSTRA | Maschsee filosu<\/strong><\/em><\/a><\/p><\/div>\t\t\t\t\t\t\t\t<\/div>\n\t\t\t\t<\/div>\n\t\t\t\t<div class=\"elementor-element elementor-element-4565562 elementor-widget elementor-widget-gallery\" data-id=\"4565562\" data-element_type=\"widget\" data-e-type=\"widget\" data-settings=\"{&quot;columns&quot;:2,&quot;lazyload&quot;:&quot;yes&quot;,&quot;gallery_layout&quot;:&quot;grid&quot;,&quot;columns_tablet&quot;:2,&quot;columns_mobile&quot;:1,&quot;gap&quot;:{&quot;unit&quot;:&quot;px&quot;,&quot;size&quot;:10,&quot;sizes&quot;:[]},&quot;gap_tablet&quot;:{&quot;unit&quot;:&quot;px&quot;,&quot;size&quot;:10,&quot;sizes&quot;:[]},&quot;gap_mobile&quot;:{&quot;unit&quot;:&quot;px&quot;,&quot;size&quot;:10,&quot;sizes&quot;:[]},&quot;link_to&quot;:&quot;file&quot;,&quot;aspect_ratio&quot;:&quot;3:2&quot;,&quot;overlay_background&quot;:&quot;yes&quot;,&quot;content_hover_animation&quot;:&quot;fade-in&quot;}\" data-widget_type=\"gallery.default\">\n\t\t\t\t<div class=\"elementor-widget-container\">\n\t\t\t\t\t\t\t<div class=\"elementor-gallery__container\">\n\t\t\t\t\t\t\t<a class=\"e-gallery-item elementor-gallery-item elementor-animated-content\" href=\"https:\/\/www.maschseefest.de\/wp-content\/uploads\/2024\/07\/20230728_MSF_2428.jpg\" data-elementor-open-lightbox=\"yes\" data-elementor-lightbox-slideshow=\"4565562\" data-elementor-lightbox-title=\"Maschseefest Maschseeeflotte\" data-e-action-hash=\"#elementor-action%3Aaction%3Dlightbox%26settings%3DeyJpZCI6Mjg3MSwidXJsIjoiaHR0cHM6XC9cL3d3dy5tYXNjaHNlZWZlc3QuZGVcL3dwLWNvbnRlbnRcL3VwbG9hZHNcLzIwMjRcLzA3XC8yMDIzMDcyOF9NU0ZfMjQyOC5qcGciLCJzbGlkZXNob3ciOiI0NTY1NTYyIn0%3D\">\n\t\t\t\t\t<div class=\"e-gallery-image elementor-gallery-item__image\" data-thumbnail=\"https:\/\/www.maschseefest.de\/wp-content\/uploads\/2024\/07\/20230728_MSF_2428-1024x683.jpg\" data-width=\"800\" data-height=\"534\" aria-label=\"\" role=\"img\" ><\/div>\n\t\t\t\t\t\t\t\t\t\t\t<div class=\"elementor-gallery-item__overlay\"><\/div>\n\t\t\t\t\t\t\t\t\t\t\t\t\t\t<\/a>\n\t\t\t\t\t\t\t<a class=\"e-gallery-item elementor-gallery-item elementor-animated-content\" href=\"https:\/\/www.maschseefest.de\/wp-content\/uploads\/2024\/08\/Maschseefest-c-Kevin-Muenkel-4-min-scaled.jpg\" data-elementor-open-lightbox=\"yes\" data-elementor-lightbox-slideshow=\"4565562\" data-elementor-lightbox-title=\"Maschseefest, Maschseeflotte\" data-e-action-hash=\"#elementor-action%3Aaction%3Dlightbox%26settings%3DeyJpZCI6NTQxNCwidXJsIjoiaHR0cHM6XC9cL3d3dy5tYXNjaHNlZWZlc3QuZGVcL3dwLWNvbnRlbnRcL3VwbG9hZHNcLzIwMjRcLzA4XC9NYXNjaHNlZWZlc3QtYy1LZXZpbi1NdWVua2VsLTQtbWluLXNjYWxlZC5qcGciLCJzbGlkZXNob3ciOiI0NTY1NTYyIn0%3D\">\n\t\t\t\t\t<div class=\"e-gallery-image elementor-gallery-item__image\" data-thumbnail=\"https:\/\/www.maschseefest.de\/wp-content\/uploads\/2024\/08\/Maschseefest-c-Kevin-Muenkel-4-min-1024x683.jpg\" data-width=\"800\" data-height=\"534\" aria-label=\"\" role=\"img\" ><\/div>\n\t\t\t\t\t\t\t\t\t\t\t<div class=\"elementor-gallery-item__overlay\"><\/div>\n\t\t\t\t\t\t\t\t\t\t\t\t\t\t<\/a>\n\t\t\t\t\t<\/div>\n\t\t\t\t\t<\/div>\n\t\t\t\t<\/div>\n\t\t\t\t<div class=\"elementor-element elementor-element-777f7dd elementor-hidden-desktop elementor-hidden-tablet elementor-hidden-mobile elementor-widget elementor-widget-text-editor\" data-id=\"777f7dd\" data-element_type=\"widget\" data-e-type=\"widget\" data-widget_type=\"text-editor.default\">\n\t\t\t\t<div class=\"elementor-widget-container\">\n\t\t\t\t\t\t\t\t\t<h4>Zaman \u00c7izelgesi<\/h4><table class=\"table\"><tbody><tr><td><strong>Demirleme<\/strong><\/td><td><strong>Dakikas\u0131na kadar kalk\u0131\u015f saati<\/strong><\/td><\/tr><tr><td>Kuzey bankas\u0131 \/ me\u015fale ta\u015f\u0131y\u0131c\u0131s\u0131<\/td><td>\u201900<\/td><\/tr><tr><td>Ostanleger\/Altenbekener Damm<\/td><td>\u201908<\/td><\/tr><tr><td>Lido\/G\u00fcney Sahil<\/td><td>\u201918<\/td><\/tr><tr><td>Kaynak<\/td><td>\u201924<\/td><\/tr><tr><td>Bat\u0131 iskelesi\/feribot evi<\/td><td>\u201936<\/td><\/tr><tr><td>Stadyum<\/td><td>\u201944<\/td><\/tr><\/tbody><\/table><div class=\"colored-area colored-area-default\"><div class=\"colored-area-content\"><section><div class=\"text-image\"><h4>Maschseefest s\u0131ras\u0131nda son turlar 31.7. - 18.8.2024<\/h4><table class=\"table\"><tbody><tr><td>Pazartesi<\/td><td>8 - 9 pm<\/td><\/tr><tr><td>Sal\u0131<\/td><td>8 - 9 pm<\/td><\/tr><tr><td>\u00c7ar\u015famba<\/td><td>22 -23 h<\/td><\/tr><tr><td>Per\u015fembe<\/td><td>8 - 9 pm<\/td><\/tr><tr><td>Cuma<\/td><td>23 -00 h<\/td><\/tr><tr><td>Cumartesi<\/td><td>23 - 00 h<\/td><\/tr><tr><td>Pazar<\/td><td>22 -23 h<\/td><\/tr><\/tbody><\/table><\/div><\/section><\/div><\/div>\t\t\t\t\t\t\t\t<\/div>\n\t\t\t\t<\/div>\n\t\t\t\t<div class=\"elementor-element elementor-element-b26db97 elementor-widget elementor-widget-spacer\" data-id=\"b26db97\" data-element_type=\"widget\" data-e-type=\"widget\" data-widget_type=\"spacer.default\">\n\t\t\t\t<div class=\"elementor-widget-container\">\n\t\t\t\t\t\t\t<div class=\"elementor-spacer\">\n\t\t\t<div class=\"elementor-spacer-inner\"><\/div>\n\t\t<\/div>\n\t\t\t\t\t\t<\/div>\n\t\t\t\t<\/div>\n\t\t\t\t\t<\/div>\n\t\t\t\t<\/div>\n\t\t<div class=\"elementor-element elementor-element-e8ea64f e-con-full e-flex e-con e-parent\" data-id=\"e8ea64f\" data-element_type=\"container\" data-e-type=\"container\">\n\t\t<div class=\"elementor-element elementor-element-c610d6c e-con-full e-flex e-con e-child\" data-id=\"c610d6c\" data-element_type=\"container\" data-e-type=\"container\" data-settings=\"{&quot;background_background&quot;:&quot;classic&quot;}\">\n\t\t\t\t<div class=\"elementor-element elementor-element-7b063aa elementor-widget elementor-widget-heading\" data-id=\"7b063aa\" data-element_type=\"widget\" data-e-type=\"widget\" data-widget_type=\"heading.default\">\n\t\t\t\t<div class=\"elementor-widget-container\">\n\t\t\t\t\t<h2 class=\"elementor-heading-title elementor-size-default\">Maschsee korsanlar\u0131<\/h2>\t\t\t\t<\/div>\n\t\t\t\t<\/div>\n\t\t\t\t<div class=\"elementor-element elementor-element-5502a4d elementor-widget elementor-widget-jet-listing-dynamic-link\" data-id=\"5502a4d\" data-element_type=\"widget\" data-e-type=\"widget\" data-widget_type=\"jet-listing-dynamic-link.default\">\n\t\t\t\t<div class=\"elementor-widget-container\">\n\t\t\t\t\t<a href=\"\/tr\/kinderprogramm\/maschseepiraten\/\" class=\"jet-listing-dynamic-link__link\"><div class=\"jet-listing-dynamic-link__icon is-svg-icon\"><svg class=\"e-font-icon-svg e-fas-chevron-right\" aria-hidden=\"true\" viewbox=\"0 0 320 512\" xmlns=\"http:\/\/www.w3.org\/2000\/svg\"><path d=\"M285.476 272.971L91.132 467.314c-9.373 9.373-24.569 9.373-33.941 0l-22.667-22.667c-9.357-9.357-9.375-24.522-.04-33.901L188.505 256 34.484 101.255c-9.335-9.379-9.317-24.544.04-33.901l22.667-22.667c9.373-9.373 24.569-9.373 33.941 0L285.475 239.03c9.373 9.372 9.373 24.568.001 33.941z\"><\/path><\/svg><\/div><span class=\"jet-listing-dynamic-link__label\">Daha fazla bilgi<\/span><\/a>\t\t\t\t<\/div>\n\t\t\t\t<\/div>\n\t\t\t\t<div class=\"elementor-element elementor-element-9e404e5 elementor-widget elementor-widget-text-editor\" data-id=\"9e404e5\" data-element_type=\"widget\" data-e-type=\"widget\" data-widget_type=\"text-editor.default\">\n\t\t\t\t<div class=\"elementor-widget-container\">\n\t\t\t\t\t\t\t\t\t<div class=\"content-detail__summary ezrichtext-field\"><p class=\"emark\">Maschseepiraten ile gemi ahoy! Pop\u00fcler korsanlar, Maschsee Festivali boyunca Per\u015fembe ve Sal\u0131 g\u00fcnleri Maschsee'ye geri d\u00f6n\u00fcyor. <\/p><\/div>\t\t\t\t\t\t\t\t<\/div>\n\t\t\t\t<\/div>\n\t\t\t\t<\/div>\n\t\t<div class=\"elementor-element elementor-element-9116140 e-con-full e-flex e-con e-child\" data-id=\"9116140\" data-element_type=\"container\" data-e-type=\"container\" data-settings=\"{&quot;background_background&quot;:&quot;classic&quot;}\" data-isc-images=\"3070\">\n\t\t\t\t<\/div>\n\t\t\t\t<\/div>\n\t\t\t\t<\/div>","protected":false},"excerpt":{"rendered":"<p>W\u00e4hrend des Maschseefestes in See stechen und das Treiben vom Wasser aus beobachten Auf dem See W\u00e4hrend des Festes k\u00f6nnt ihr mit den Schiffen der \u00dcSTRA bequem von B\u00fchne zu B\u00fchne schippern und das bunte Treiben am See beobachten. Je nach Wetterlage verkehren bis zu vier Schiffe t\u00e4glich. Kleinstes Schiff ist die Hannover. Besonders einladend [&hellip;]<\/p>\n","protected":false},"author":4,"featured_media":3859,"parent":1126,"menu_order":0,"comment_status":"closed","ping_status":"closed","template":"","meta":{"footnotes":""},"class_list":["post-3424","page","type-page","status-publish","has-post-thumbnail","hentry"],"_links":{"self":[{"href":"https:\/\/www.maschseefest.de\/tr\/wp-json\/wp\/v2\/pages\/3424","targetHints":{"allow":["GET"]}}],"collection":[{"href":"https:\/\/www.maschseefest.de\/tr\/wp-json\/wp\/v2\/pages"}],"about":[{"href":"https:\/\/www.maschseefest.de\/tr\/wp-json\/wp\/v2\/types\/page"}],"author":[{"embeddable":true,"href":"https:\/\/www.maschseefest.de\/tr\/wp-json\/wp\/v2\/users\/4"}],"replies":[{"embeddable":true,"href":"https:\/\/www.maschseefest.de\/tr\/wp-json\/wp\/v2\/comments?post=3424"}],"version-history":[{"count":43,"href":"https:\/\/www.maschseefest.de\/tr\/wp-json\/wp\/v2\/pages\/3424\/revisions"}],"predecessor-version":[{"id":5753,"href":"https:\/\/www.maschseefest.de\/tr\/wp-json\/wp\/v2\/pages\/3424\/revisions\/5753"}],"up":[{"embeddable":true,"href":"https:\/\/www.maschseefest.de\/tr\/wp-json\/wp\/v2\/pages\/1126"}],"wp:featuredmedia":[{"embeddable":true,"href":"https:\/\/www.maschseefest.de\/tr\/wp-json\/wp\/v2\/media\/3859"}],"wp:attachment":[{"href":"https:\/\/www.maschseefest.de\/tr\/wp-json\/wp\/v2\/media?parent=3424"}],"curies":[{"name":"wp","href":"https:\/\/api.w.org\/{rel}","templated":true}]}}